{"id":298,"date":"2023-01-15T21:14:14","date_gmt":"2023-01-15T21:14:14","guid":{"rendered":"https:\/\/arkiteka.se\/?page_id=298"},"modified":"2024-03-22T09:51:20","modified_gmt":"2024-03-22T09:51:20","slug":"urban-landskapsdesign","status":"publish","type":"page","link":"https:\/\/arkiteka.se\/en\/urban-landskapsdesign\/","title":{"rendered":"Urbana landskap"},"content":{"rendered":"<div data-elementor-type=\"wp-page\" data-elementor-id=\"298\" class=\"elementor elementor-298\" data-elementor-post-type=\"page\">\n\t\t\t\t\t\t<section class=\"elementor-section elementor-top-section elementor-element elementor-element-e742924 elementor-section-full_width elementor-section-content-top elementor-section-height-default elementor-section-height-default\" data-id=\"e742924\" data-element_type=\"section\" data-settings=\"{&quot;background_background&quot;:&quot;classic&quot;,&quot;sticky&quot;:&quot;top&quot;,&quot;sticky_on&quot;:[&quot;desktop&quot;,&quot;tablet&quot;,&quot;mobile&quot;],&quot;sticky_offset&quot;:0,&quot;sticky_effects_offset&quot;:0}\">\n\t\t\t\t\t\t<div class=\"elementor-container elementor-column-gap-extended\">\n\t\t\t\t\t<div class=\"elementor-column elementor-col-100 elementor-top-column elementor-element elementor-element-6d1cd23\" data-id=\"6d1cd23\" data-element_type=\"column\">\n\t\t\t<div class=\"elementor-widget-wrap elementor-element-populated\">\n\t\t\t\t\t\t<section class=\"elementor-section elementor-inner-section elementor-element elementor-element-6da219e elementor-section-content-middle elementor-section-boxed elementor-section-height-default elementor-section-height-default\" data-id=\"6da219e\" data-element_type=\"section\">\n\t\t\t\t\t\t<div class=\"elementor-container elementor-column-gap-no\">\n\t\t\t\t\t<div class=\"elementor-column elementor-col-50 elementor-inner-column elementor-element elementor-element-3ec28fc\" data-id=\"3ec28fc\" data-element_type=\"column\">\n\t\t\t<div class=\"elementor-widget-wrap elementor-element-populated\">\n\t\t\t\t\t\t<div class=\"elementor-element elementor-element-0e3c960 elementor-widget-mobile__width-inherit elementor-widget elementor-widget-global elementor-global-2047 elementor-widget-image\" data-id=\"0e3c960\" data-element_type=\"widget\" data-widget_type=\"image.default\">\n\t\t\t\t<div class=\"elementor-widget-container\">\n\t\t\t<style>\/*! elementor - v3.21.0 - 15-04-2024 *\/\n.elementor-widget-image{text-align:center}.elementor-widget-image a{display:inline-block}.elementor-widget-image a img[src$=\".svg\"]{width:48px}.elementor-widget-image img{vertical-align:middle;display:inline-block}<\/style>\t\t\t\t\t\t\t\t\t\t\t<a href=\"https:\/\/arkiteka.se\/en\">\n\t\t\t\t\t\t\t<img fetchpriority=\"high\" decoding=\"async\" width=\"600\" height=\"100\" src=\"https:\/\/arkiteka.se\/wp-content\/uploads\/2023\/04\/arkiteka-1-e1680536456634.png\" class=\"attachment-full size-full wp-image-1831\" alt=\"\" srcset=\"https:\/\/arkiteka.se\/wp-content\/uploads\/2023\/04\/arkiteka-1-e1680536456634.png 600w, https:\/\/arkiteka.se\/wp-content\/uploads\/2023\/04\/arkiteka-1-e1680536456634-300x50.png 300w, https:\/\/arkiteka.se\/wp-content\/uploads\/2023\/04\/arkiteka-1-e1680536456634-18x3.png 18w\" sizes=\"(max-width: 600px) 100vw, 600px\" \/>\t\t\t\t\t\t\t\t<\/a>\n\t\t\t\t\t\t\t\t\t\t\t\t\t<\/div>\n\t\t\t\t<\/div>\n\t\t\t\t\t<\/div>\n\t\t<\/div>\n\t\t\t\t<div class=\"elementor-column elementor-col-50 elementor-inner-column elementor-element elementor-element-8567aa3\" data-id=\"8567aa3\" data-element_type=\"column\">\n\t\t\t<div class=\"elementor-widget-wrap elementor-element-populated\">\n\t\t\t\t\t\t<div class=\"elementor-element elementor-element-c9c6f40 elementor-widget-mobile__width-initial elementor-widget elementor-widget-global elementor-global-1941 elementor-widget-full-screen-menu-for-elementor\" data-id=\"c9c6f40\" data-element_type=\"widget\" data-widget_type=\"full-screen-menu-for-elementor.default\">\n\t\t\t\t<div class=\"elementor-widget-container\">\n\t\t\t\t\t<div class=\"fsmfe-wrapper\">\n\t\t\t<input type=\"checkbox\" id=\"menu-toggle-69f2f25395051\" class=\"menu-toggle\">\n\t\t\t<label for=\"menu-toggle-69f2f25395051\" class=\"icon-bars\">\n\t\t\t\t<span class=\"icon-bar bar-top\"><\/span>\n\t\t\t\t<span class=\"icon-bar bar-middle\"><\/span>\n\t\t\t\t<span class=\"icon-bar bar-bottom\"><\/span>\n\t\t\t<\/label>\n\t\t\t<div class=\"menu-overlay\">\n\t\t\t\t<div class=\"content-type-menu\">\n\t\t\t\t\t<ul id=\"menu-meny\" class=\"content-type-menu\"><li id=\"menu-item-1987\" class=\"menu-item menu-item-type-custom menu-item-object-custom menu-item-has-children menu-item-1987\"><a href=\"https:\/\/arkiteka.se\/en\/\">Projekt<\/a>\n<ul class=\"sub-menu\">\n\t<li id=\"menu-item-986\" class=\"menu-item menu-item-type-post_type menu-item-object-page menu-item-986\"><a href=\"https:\/\/arkiteka.se\/en\/offentlig-arkitektur\/\">Offentlig arkitektur<\/a><\/li>\n\t<li id=\"menu-item-987\" class=\"menu-item menu-item-type-post_type menu-item-object-page menu-item-987\"><a href=\"https:\/\/arkiteka.se\/en\/hus-och-landskap\/\">Hus och landskap<\/a><\/li>\n\t<li id=\"menu-item-988\" class=\"menu-item menu-item-type-post_type menu-item-object-page menu-item-988\"><a href=\"https:\/\/arkiteka.se\/en\/urban-landskapsdesign\/\">Urbana landskap<\/a><\/li>\n\t<li id=\"menu-item-990\" class=\"menu-item menu-item-type-post_type menu-item-object-page menu-item-990\"><a href=\"https:\/\/arkiteka.se\/en\/leklandskap\/\">Leklandskap<\/a><\/li>\n\t<li id=\"menu-item-991\" class=\"menu-item menu-item-type-post_type menu-item-object-page menu-item-991\"><a href=\"https:\/\/arkiteka.se\/en\/urban-mobeldesign\/\">Urban m\u00f6beldesign<\/a><\/li>\n\t<li id=\"menu-item-992\" class=\"menu-item menu-item-type-post_type menu-item-object-page menu-item-992\"><a href=\"https:\/\/arkiteka.se\/en\/asfaltmalning\/\">Dekorativ asfaltm\u00e5lning<\/a><\/li>\n\t<li id=\"menu-item-989\" class=\"menu-item menu-item-type-post_type menu-item-object-page menu-item-989\"><a href=\"https:\/\/arkiteka.se\/en\/aa-lab\/\">AA LAB<\/a><\/li>\n<\/ul>\n<\/li>\n<li id=\"menu-item-998\" class=\"menu-item menu-item-type-post_type menu-item-object-page menu-item-998\"><a href=\"https:\/\/arkiteka.se\/en\/om-oss\/\">Om oss<\/a><\/li>\n<li id=\"menu-item-997\" class=\"menu-item menu-item-type-post_type menu-item-object-page menu-item-has-children menu-item-997\"><a href=\"https:\/\/arkiteka.se\/en\/om-oss-2\/\">Kontakt<\/a>\n<ul class=\"sub-menu\">\n\t<li id=\"menu-item-1096\" class=\"menu-item menu-item-type-post_type menu-item-object-page menu-item-1096\"><a href=\"https:\/\/arkiteka.se\/en\/om-oss-2\/\">Kontaktform<\/a><\/li>\n\t<li id=\"menu-item-999\" class=\"menu-item menu-item-type-custom menu-item-object-custom menu-item-999\"><a href=\"mailto:info@arkiteka.se\">info@arkiteka.se<\/a><\/li>\n\t<li id=\"menu-item-1000\" class=\"menu-item menu-item-type-custom menu-item-object-custom menu-item-1000\"><a>+46 72 914 8530<\/a><\/li>\n\t<li id=\"menu-item-1095\" class=\"menu-item menu-item-type-custom menu-item-object-custom menu-item-1095\"><a href=\"https:\/\/www.linkedin.com\/in\/ilya-kruglyak\/\">LinkedIn<\/a><\/li>\n<\/ul>\n<\/li>\n<\/ul>\t\t\t\t<\/div>\n\t\t\t<\/div>\n\t\t<\/div>\n\t\t\t\t<\/div>\n\t\t\t\t<\/div>\n\t\t\t\t\t<\/div>\n\t\t<\/div>\n\t\t\t\t\t<\/div>\n\t\t<\/section>\n\t\t\t\t<div class=\"elementor-element elementor-element-14224e2 elementor-nav-menu__align-left elementor-hidden-tablet elementor-hidden-mobile elementor-widget__width-auto elementor-nav-menu--dropdown-tablet elementor-nav-menu__text-align-aside elementor-nav-menu--toggle elementor-nav-menu--burger elementor-widget elementor-widget-nav-menu\" data-id=\"14224e2\" data-element_type=\"widget\" data-settings=\"{&quot;layout&quot;:&quot;horizontal&quot;,&quot;submenu_icon&quot;:{&quot;value&quot;:&quot;&lt;i class=\\&quot;fas fa-caret-down\\&quot;&gt;&lt;\\\/i&gt;&quot;,&quot;library&quot;:&quot;fa-solid&quot;},&quot;toggle&quot;:&quot;burger&quot;}\" data-widget_type=\"nav-menu.default\">\n\t\t\t\t<div class=\"elementor-widget-container\">\n\t\t\t<link rel=\"stylesheet\" href=\"https:\/\/arkiteka.se\/wp-content\/plugins\/elementor-pro\/assets\/css\/widget-nav-menu.min.css\">\t\t\t<nav class=\"elementor-nav-menu--main elementor-nav-menu__container elementor-nav-menu--layout-horizontal e--pointer-none\">\n\t\t\t\t<ul id=\"menu-1-14224e2\" class=\"elementor-nav-menu\"><li class=\"menu-item menu-item-type-post_type menu-item-object-page menu-item-310\"><a href=\"https:\/\/arkiteka.se\/en\/offentlig-arkitektur\/\" class=\"elementor-item\">Offentlig arkitektur<\/a><\/li>\n<li class=\"menu-item menu-item-type-post_type menu-item-object-page menu-item-311\"><a href=\"https:\/\/arkiteka.se\/en\/hus-och-landskap\/\" class=\"elementor-item\">Hus och landskap<\/a><\/li>\n<li class=\"menu-item menu-item-type-post_type menu-item-object-page menu-item-312\"><a href=\"https:\/\/arkiteka.se\/en\/urban-landskapsdesign\/\" class=\"elementor-item\">Urbana landskap<\/a><\/li>\n<li class=\"menu-item menu-item-type-post_type menu-item-object-page menu-item-314\"><a href=\"https:\/\/arkiteka.se\/en\/leklandskap\/\" class=\"elementor-item\">Leklandskap<\/a><\/li>\n<li class=\"menu-item menu-item-type-post_type menu-item-object-page menu-item-315\"><a href=\"https:\/\/arkiteka.se\/en\/urban-mobeldesign\/\" class=\"elementor-item\">Urban m\u00f6beldesign<\/a><\/li>\n<li class=\"menu-item menu-item-type-post_type menu-item-object-page menu-item-317\"><a href=\"https:\/\/arkiteka.se\/en\/asfaltmalning\/\" class=\"elementor-item\">Dekorativ asfaltm\u00e5lning<\/a><\/li>\n<li class=\"menu-item menu-item-type-post_type menu-item-object-page menu-item-313\"><a href=\"https:\/\/arkiteka.se\/en\/aa-lab\/\" class=\"elementor-item\">AA LAB<\/a><\/li>\n<\/ul>\t\t\t<\/nav>\n\t\t\t\t\t<div class=\"elementor-menu-toggle\" role=\"button\" tabindex=\"0\" aria-label=\"Menu Toggle\" aria-expanded=\"false\">\n\t\t\t<i aria-hidden=\"true\" role=\"presentation\" class=\"elementor-menu-toggle__icon--open eicon-menu-bar\"><\/i><i aria-hidden=\"true\" role=\"presentation\" class=\"elementor-menu-toggle__icon--close eicon-close\"><\/i>\t\t\t<span class=\"elementor-screen-only\">Menu<\/span>\n\t\t<\/div>\n\t\t\t\t\t<nav class=\"elementor-nav-menu--dropdown elementor-nav-menu__container\" aria-hidden=\"true\">\n\t\t\t\t<ul id=\"menu-2-14224e2\" class=\"elementor-nav-menu\"><li class=\"menu-item menu-item-type-post_type menu-item-object-page menu-item-310\"><a href=\"https:\/\/arkiteka.se\/en\/offentlig-arkitektur\/\" class=\"elementor-item\" tabindex=\"-1\">Offentlig arkitektur<\/a><\/li>\n<li class=\"menu-item menu-item-type-post_type menu-item-object-page menu-item-311\"><a href=\"https:\/\/arkiteka.se\/en\/hus-och-landskap\/\" class=\"elementor-item\" tabindex=\"-1\">Hus och landskap<\/a><\/li>\n<li class=\"menu-item menu-item-type-post_type menu-item-object-page menu-item-312\"><a href=\"https:\/\/arkiteka.se\/en\/urban-landskapsdesign\/\" class=\"elementor-item\" tabindex=\"-1\">Urbana landskap<\/a><\/li>\n<li class=\"menu-item menu-item-type-post_type menu-item-object-page menu-item-314\"><a href=\"https:\/\/arkiteka.se\/en\/leklandskap\/\" class=\"elementor-item\" tabindex=\"-1\">Leklandskap<\/a><\/li>\n<li class=\"menu-item menu-item-type-post_type menu-item-object-page menu-item-315\"><a href=\"https:\/\/arkiteka.se\/en\/urban-mobeldesign\/\" class=\"elementor-item\" tabindex=\"-1\">Urban m\u00f6beldesign<\/a><\/li>\n<li class=\"menu-item menu-item-type-post_type menu-item-object-page menu-item-317\"><a href=\"https:\/\/arkiteka.se\/en\/asfaltmalning\/\" class=\"elementor-item\" tabindex=\"-1\">Dekorativ asfaltm\u00e5lning<\/a><\/li>\n<li class=\"menu-item menu-item-type-post_type menu-item-object-page menu-item-313\"><a href=\"https:\/\/arkiteka.se\/en\/aa-lab\/\" class=\"elementor-item\" tabindex=\"-1\">AA LAB<\/a><\/li>\n<\/ul>\t\t\t<\/nav>\n\t\t\t\t<\/div>\n\t\t\t\t<\/div>\n\t\t\t\t\t<\/div>\n\t\t<\/div>\n\t\t\t\t\t<\/div>\n\t\t<\/section>\n\t\t\t\t<section class=\"elementor-section elementor-top-section elementor-element elementor-element-f7d8077 elementor-section-content-top elementor-section-stretched elementor-section-boxed elementor-section-height-default elementor-section-height-default\" data-id=\"f7d8077\" data-element_type=\"section\" data-settings=\"{&quot;stretch_section&quot;:&quot;section-stretched&quot;}\">\n\t\t\t\t\t\t<div class=\"elementor-container elementor-column-gap-no\">\n\t\t\t\t\t<div class=\"elementor-column elementor-col-100 elementor-top-column elementor-element elementor-element-fa8daee\" data-id=\"fa8daee\" data-element_type=\"column\">\n\t\t\t<div class=\"elementor-widget-wrap elementor-element-populated\">\n\t\t\t\t\t\t<div class=\"elementor-element elementor-element-4f451ce elementor-widget elementor-widget-image\" data-id=\"4f451ce\" data-element_type=\"widget\" data-widget_type=\"image.default\">\n\t\t\t\t<div class=\"elementor-widget-container\">\n\t\t\t\t\t\t\t\t\t\t\t\t\t<img decoding=\"async\" width=\"1920\" height=\"1080\" src=\"https:\/\/arkiteka.se\/wp-content\/uploads\/2023\/03\/urban-landskapsdesign-valand.webp\" class=\"attachment-full size-full wp-image-1214\" alt=\"\" srcset=\"https:\/\/arkiteka.se\/wp-content\/uploads\/2023\/03\/urban-landskapsdesign-valand.webp 1920w, https:\/\/arkiteka.se\/wp-content\/uploads\/2023\/03\/urban-landskapsdesign-valand-300x169.webp 300w, https:\/\/arkiteka.se\/wp-content\/uploads\/2023\/03\/urban-landskapsdesign-valand-1024x576.webp 1024w, https:\/\/arkiteka.se\/wp-content\/uploads\/2023\/03\/urban-landskapsdesign-valand-768x432.webp 768w, https:\/\/arkiteka.se\/wp-content\/uploads\/2023\/03\/urban-landskapsdesign-valand-1536x864.webp 1536w\" sizes=\"(max-width: 1920px) 100vw, 1920px\" \/>\t\t\t\t\t\t\t\t\t\t\t\t\t<\/div>\n\t\t\t\t<\/div>\n\t\t\t\t<section class=\"elementor-section elementor-inner-section elementor-element elementor-element-c40ed68 elementor-section-content-top elementor-section-boxed elementor-section-height-default elementor-section-height-default\" data-id=\"c40ed68\" data-element_type=\"section\">\n\t\t\t\t\t\t<div class=\"elementor-container elementor-column-gap-no\">\n\t\t\t\t\t<div class=\"elementor-column elementor-col-33 elementor-inner-column elementor-element elementor-element-816f645\" data-id=\"816f645\" data-element_type=\"column\">\n\t\t\t<div class=\"elementor-widget-wrap elementor-element-populated\">\n\t\t\t\t\t\t<div class=\"elementor-element elementor-element-b97532c elementor-widget__width-initial elementor-widget-mobile__width-initial elementor-blockquote--skin-border elementor-blockquote--button-color-official elementor-widget elementor-widget-blockquote\" data-id=\"b97532c\" data-element_type=\"widget\" data-widget_type=\"blockquote.default\">\n\t\t\t\t<div class=\"elementor-widget-container\">\n\t\t\t<style>\/*! elementor-pro - v3.15.0 - 09-08-2023 *\/\n@charset \"UTF-8\";.entry-content blockquote.elementor-blockquote:not(.alignright):not(.alignleft),.entry-summary blockquote.elementor-blockquote{margin-right:0;margin-left:0}.elementor-widget-blockquote blockquote{margin:0;padding:0;outline:0;font-size:100%;vertical-align:baseline;background:transparent;quotes:none;border:0;font-style:normal;color:#3f444b}.elementor-widget-blockquote blockquote .e-q-footer:after,.elementor-widget-blockquote blockquote .e-q-footer:before,.elementor-widget-blockquote blockquote:after,.elementor-widget-blockquote blockquote:before,.elementor-widget-blockquote blockquote cite:after,.elementor-widget-blockquote blockquote cite:before{content:none}.elementor-blockquote{transition:.3s}.elementor-blockquote__author,.elementor-blockquote__content{margin-bottom:0;font-style:normal}.elementor-blockquote__author{font-weight:700}.elementor-blockquote .e-q-footer{margin-top:12px;display:flex;justify-content:space-between}.elementor-blockquote__tweet-button{display:flex;transition:.3s;color:#1da1f2;align-self:flex-end;line-height:1;position:relative;width:-moz-max-content;width:max-content}.elementor-blockquote__tweet-button:hover{color:#0967a0}.elementor-blockquote__tweet-button span{font-weight:600}.elementor-blockquote__tweet-button i,.elementor-blockquote__tweet-button span{vertical-align:middle}.elementor-blockquote__tweet-button i+span,.elementor-blockquote__tweet-button svg+span{margin-left:.5em}.elementor-blockquote__tweet-button svg{fill:#1da1f2;height:1em;width:1em}.elementor-blockquote__tweet-label{white-space:pre-wrap}.elementor-blockquote--button-skin-bubble .elementor-blockquote__tweet-button,.elementor-blockquote--button-skin-classic .elementor-blockquote__tweet-button{padding:.7em 1.2em;border-radius:100em;background-color:#1da1f2;color:#fff;font-size:15px}.elementor-blockquote--button-skin-bubble .elementor-blockquote__tweet-button:hover,.elementor-blockquote--button-skin-classic .elementor-blockquote__tweet-button:hover{background-color:#0967a0;color:#fff}.elementor-blockquote--button-skin-bubble .elementor-blockquote__tweet-button:hover:before,.elementor-blockquote--button-skin-classic .elementor-blockquote__tweet-button:hover:before{border-right-color:#0967a0}.elementor-blockquote--button-skin-bubble .elementor-blockquote__tweet-button svg,.elementor-blockquote--button-skin-classic .elementor-blockquote__tweet-button svg{fill:#fff;height:1em;width:1em}.elementor-blockquote--button-skin-bubble.elementor-blockquote--button-view-icon .elementor-blockquote__tweet-button,.elementor-blockquote--button-skin-classic.elementor-blockquote--button-view-icon .elementor-blockquote__tweet-button{padding:0;width:2em;height:2em}.elementor-blockquote--button-skin-bubble.elementor-blockquote--button-view-icon .elementor-blockquote__tweet-button i,.elementor-blockquote--button-skin-classic.elementor-blockquote--button-view-icon .elementor-blockquote__tweet-button i{position:absolute;left:50%;top:50%;transform:translate(-50%,-50%)}.elementor-blockquote--button-skin-bubble .elementor-blockquote__tweet-button:before{content:\"\";border:.5em solid transparent;border-right-color:#1da1f2;position:absolute;left:-.8em;top:50%;transform:translateY(-50%) scaleY(.65);transition:.3s}.elementor-blockquote--button-skin-bubble.elementor-blockquote--align-left .elementor-blockquote__tweet-button:before{right:auto;left:-.8em;border-right-color:#1da1f2;border-left-color:transparent}.elementor-blockquote--button-skin-bubble.elementor-blockquote--align-left .elementor-blockquote__tweet-button:hover:before{border-right-color:#0967a0}.elementor-blockquote--button-skin-bubble.elementor-blockquote--align-right .elementor-blockquote__tweet-button:before{left:auto;right:-.8em;border-right-color:transparent;border-left-color:#1da1f2}.elementor-blockquote--button-skin-bubble.elementor-blockquote--align-right .elementor-blockquote__tweet-button:hover:before{border-left-color:#0967a0}.elementor-blockquote--skin-boxed .elementor-blockquote{background-color:#f9fafa;padding:30px}.elementor-blockquote--skin-border .elementor-blockquote{border-color:#f9fafa;border-left:7px #f9fafa;border-style:solid;padding-left:20px}.elementor-blockquote--skin-quotation .elementor-blockquote:before{content:\"\u201c\";font-size:100px;color:#f9fafa;font-family:Times New Roman,Times,serif;font-weight:900;line-height:1;display:block;height:.6em}.elementor-blockquote--skin-quotation .elementor-blockquote__content{margin-top:15px}.elementor-blockquote--align-left .elementor-blockquote__content{text-align:left}.elementor-blockquote--align-left .elementor-blockquote .e-q-footer{flex-direction:row}.elementor-blockquote--align-right .elementor-blockquote__content{text-align:right}.elementor-blockquote--align-right .elementor-blockquote .e-q-footer{flex-direction:row-reverse}.elementor-blockquote--align-center .elementor-blockquote{text-align:center}.elementor-blockquote--align-center .elementor-blockquote .e-q-footer,.elementor-blockquote--align-center .elementor-blockquote__author{display:block}.elementor-blockquote--align-center .elementor-blockquote__tweet-button{margin-right:auto;margin-left:auto}<\/style>\t\t<blockquote class=\"elementor-blockquote\">\n\t\t\t<p class=\"elementor-blockquote__content\">\n\t\t\t\tLandskap som g\u00f6r staden levande.\t\t\t<\/p>\n\t\t\t\t\t<\/blockquote>\n\t\t\t\t<\/div>\n\t\t\t\t<\/div>\n\t\t\t\t\t<\/div>\n\t\t<\/div>\n\t\t\t\t<div class=\"elementor-column elementor-col-33 elementor-inner-column elementor-element elementor-element-a3332be\" data-id=\"a3332be\" data-element_type=\"column\">\n\t\t\t<div class=\"elementor-widget-wrap\">\n\t\t\t\t\t\t\t<\/div>\n\t\t<\/div>\n\t\t\t\t<div class=\"elementor-column elementor-col-33 elementor-inner-column elementor-element elementor-element-8bfb27d\" data-id=\"8bfb27d\" data-element_type=\"column\">\n\t\t\t<div class=\"elementor-widget-wrap elementor-element-populated\">\n\t\t\t\t\t\t<div class=\"elementor-element elementor-element-fa06554 elementor-widget elementor-widget-text-editor\" data-id=\"fa06554\" data-element_type=\"widget\" data-widget_type=\"text-editor.default\">\n\t\t\t\t<div class=\"elementor-widget-container\">\n\t\t\t<style>\/*! elementor - v3.21.0 - 15-04-2024 *\/\n.elementor-widget-text-editor.elementor-drop-cap-view-stacked .elementor-drop-cap{background-color:#69727d;color:#fff}.elementor-widget-text-editor.elementor-drop-cap-view-framed .elementor-drop-cap{color:#69727d;border:3px solid;background-color:transparent}.elementor-widget-text-editor:not(.elementor-drop-cap-view-default) .elementor-drop-cap{margin-top:8px}.elementor-widget-text-editor:not(.elementor-drop-cap-view-default) .elementor-drop-cap-letter{width:1em;height:1em}.elementor-widget-text-editor .elementor-drop-cap{float:left;text-align:center;line-height:1;font-size:50px}.elementor-widget-text-editor .elementor-drop-cap-letter{display:inline-block}<\/style>\t\t\t\t<p>Valand torg &#8211; Kungsbacka<br \/>Upphovsman: White arkitekter<\/p>\t\t\t\t\t\t<\/div>\n\t\t\t\t<\/div>\n\t\t\t\t\t<\/div>\n\t\t<\/div>\n\t\t\t\t\t<\/div>\n\t\t<\/section>\n\t\t\t\t\t<\/div>\n\t\t<\/div>\n\t\t\t\t\t<\/div>\n\t\t<\/section>\n\t\t\t\t<section class=\"elementor-section elementor-top-section elementor-element elementor-element-a4f4d83 elementor-section-stretched elementor-section-boxed elementor-section-height-default elementor-section-height-default\" data-id=\"a4f4d83\" data-element_type=\"section\" data-settings=\"{&quot;stretch_section&quot;:&quot;section-stretched&quot;}\">\n\t\t\t\t\t\t<div class=\"elementor-container elementor-column-gap-no\">\n\t\t\t\t\t<div class=\"elementor-column elementor-col-50 elementor-top-column elementor-element elementor-element-94ded4e elementor-invisible\" data-id=\"94ded4e\" data-element_type=\"column\" data-settings=\"{&quot;animation&quot;:&quot;fadeIn&quot;,&quot;motion_fx_motion_fx_scrolling&quot;:&quot;yes&quot;,&quot;motion_fx_range&quot;:&quot;viewport&quot;,&quot;animation_delay&quot;:3,&quot;motion_fx_devices&quot;:[&quot;desktop&quot;,&quot;tablet&quot;,&quot;mobile&quot;]}\">\n\t\t\t<div class=\"elementor-widget-wrap elementor-element-populated\">\n\t\t\t\t\t\t<div class=\"elementor-element elementor-element-0feb4d2 elementor-widget elementor-widget-heading\" data-id=\"0feb4d2\" data-element_type=\"widget\" data-widget_type=\"heading.default\">\n\t\t\t\t<div class=\"elementor-widget-container\">\n\t\t\t<style>\/*! elementor - v3.21.0 - 15-04-2024 *\/\n.elementor-heading-title{padding:0;margin:0;line-height:1}.elementor-widget-heading .elementor-heading-title[class*=elementor-size-]>a{color:inherit;font-size:inherit;line-height:inherit}.elementor-widget-heading .elementor-heading-title.elementor-size-small{font-size:15px}.elementor-widget-heading .elementor-heading-title.elementor-size-medium{font-size:19px}.elementor-widget-heading .elementor-heading-title.elementor-size-large{font-size:29px}.elementor-widget-heading .elementor-heading-title.elementor-size-xl{font-size:39px}.elementor-widget-heading .elementor-heading-title.elementor-size-xxl{font-size:59px}<\/style><h1 class=\"elementor-heading-title elementor-size-default\">Utf\u00f6rska stadslanskapet med oss<\/h1>\t\t<\/div>\n\t\t\t\t<\/div>\n\t\t\t\t<div class=\"elementor-element elementor-element-03b4b98 elementor-widget elementor-widget-text-editor\" data-id=\"03b4b98\" data-element_type=\"widget\" data-widget_type=\"text-editor.default\">\n\t\t\t\t<div class=\"elementor-widget-container\">\n\t\t\t\t\t\t\t<div>Som arkitekter och landskapsarkitekter str\u00e4var vi efter att skapa levande och h\u00e5llbara urbana landskap genom att integrera naturen med den byggda milj\u00f6n. Vi gestaltar urbana milj\u00f6er &#8211; parker, gator och torg &#8211; med fokus p\u00e5 att \u00e5stadkomma inkluderande och trygga platser d\u00e4r m\u00e4nniskor kan m\u00f6tas och trivas.\u00a0<\/div><div>\u00a0<\/div><div>Varje design i det urbana landskapet \u00e4r en balansakt mellan naturliga och m\u00e4nskliga faktorer, d\u00e4r vi str\u00e4var efter att skapa milj\u00f6er som \u00e4r estetiskt tilltalande, funktionella och h\u00e5llbara. <\/div><p>\u00a0<\/p>\t\t\t\t\t\t<\/div>\n\t\t\t\t<\/div>\n\t\t\t\t\t<\/div>\n\t\t<\/div>\n\t\t\t\t<div class=\"elementor-column elementor-col-50 elementor-top-column elementor-element elementor-element-69641b5 elementor-invisible\" data-id=\"69641b5\" data-element_type=\"column\" data-settings=\"{&quot;motion_fx_motion_fx_scrolling&quot;:&quot;yes&quot;,&quot;motion_fx_range&quot;:&quot;viewport&quot;,&quot;animation&quot;:&quot;fadeIn&quot;,&quot;animation_delay&quot;:3,&quot;motion_fx_devices&quot;:[&quot;desktop&quot;,&quot;tablet&quot;,&quot;mobile&quot;]}\">\n\t\t\t<div class=\"elementor-widget-wrap elementor-element-populated\">\n\t\t\t\t\t\t<div class=\"elementor-element elementor-element-24c1986 elementor-widget elementor-widget-image\" data-id=\"24c1986\" data-element_type=\"widget\" data-settings=\"{&quot;_animation&quot;:&quot;none&quot;}\" data-widget_type=\"image.default\">\n\t\t\t\t<div class=\"elementor-widget-container\">\n\t\t\t\t\t\t\t\t\t\t\t\t\t<img decoding=\"async\" width=\"800\" height=\"450\" src=\"https:\/\/arkiteka.se\/wp-content\/uploads\/2024\/03\/urbana-landskap-boras-mittpunkt-1-1024x576.png\" class=\"attachment-large size-large wp-image-2979\" alt=\"\" srcset=\"https:\/\/arkiteka.se\/wp-content\/uploads\/2024\/03\/urbana-landskap-boras-mittpunkt-1-1024x576.png 1024w, https:\/\/arkiteka.se\/wp-content\/uploads\/2024\/03\/urbana-landskap-boras-mittpunkt-1-300x169.png 300w, https:\/\/arkiteka.se\/wp-content\/uploads\/2024\/03\/urbana-landskap-boras-mittpunkt-1-768x432.png 768w, https:\/\/arkiteka.se\/wp-content\/uploads\/2024\/03\/urbana-landskap-boras-mittpunkt-1-1536x864.png 1536w, https:\/\/arkiteka.se\/wp-content\/uploads\/2024\/03\/urbana-landskap-boras-mittpunkt-1-18x10.png 18w, https:\/\/arkiteka.se\/wp-content\/uploads\/2024\/03\/urbana-landskap-boras-mittpunkt-1.png 1920w\" sizes=\"(max-width: 800px) 100vw, 800px\" \/>\t\t\t\t\t\t\t\t\t\t\t\t\t<\/div>\n\t\t\t\t<\/div>\n\t\t\t\t<div class=\"elementor-element elementor-element-5a40b23 elementor-widget elementor-widget-text-editor\" data-id=\"5a40b23\" data-element_type=\"widget\" data-widget_type=\"text-editor.default\">\n\t\t\t\t<div class=\"elementor-widget-container\">\n\t\t\t\t\t\t\t<p>Mittpunkten &#8211; Bor\u00e5s<br \/>Upphovsman: White arkitekter<\/p><p>Bor\u00e5s<\/p>\t\t\t\t\t\t<\/div>\n\t\t\t\t<\/div>\n\t\t\t\t\t<\/div>\n\t\t<\/div>\n\t\t\t\t\t<\/div>\n\t\t<\/section>\n\t\t\t\t<section class=\"elementor-section elementor-top-section elementor-element elementor-element-b055d78 elementor-reverse-mobile elementor-section-boxed elementor-section-height-default elementor-section-height-default\" data-id=\"b055d78\" data-element_type=\"section\">\n\t\t\t\t\t\t<div class=\"elementor-container elementor-column-gap-no\">\n\t\t\t\t\t<div class=\"elementor-column elementor-col-50 elementor-top-column elementor-element elementor-element-fb656fc elementor-invisible\" data-id=\"fb656fc\" data-element_type=\"column\" data-settings=\"{&quot;animation&quot;:&quot;fadeIn&quot;,&quot;motion_fx_motion_fx_scrolling&quot;:&quot;yes&quot;,&quot;motion_fx_range&quot;:&quot;viewport&quot;,&quot;animation_delay&quot;:3,&quot;motion_fx_devices&quot;:[&quot;desktop&quot;,&quot;tablet&quot;,&quot;mobile&quot;]}\">\n\t\t\t<div class=\"elementor-widget-wrap elementor-element-populated\">\n\t\t\t\t\t\t<div class=\"elementor-element elementor-element-8b9a413 elementor-widget elementor-widget-image\" data-id=\"8b9a413\" data-element_type=\"widget\" data-settings=\"{&quot;_animation&quot;:&quot;none&quot;}\" data-widget_type=\"image.default\">\n\t\t\t\t<div class=\"elementor-widget-container\">\n\t\t\t\t\t\t\t\t\t\t\t\t\t<img loading=\"lazy\" decoding=\"async\" width=\"800\" height=\"450\" src=\"https:\/\/arkiteka.se\/wp-content\/uploads\/2024\/03\/urbana-landskap-ishallstorget-1-1024x576.png\" class=\"attachment-large size-large wp-image-2984\" alt=\"\" srcset=\"https:\/\/arkiteka.se\/wp-content\/uploads\/2024\/03\/urbana-landskap-ishallstorget-1-1024x576.png 1024w, https:\/\/arkiteka.se\/wp-content\/uploads\/2024\/03\/urbana-landskap-ishallstorget-1-300x169.png 300w, https:\/\/arkiteka.se\/wp-content\/uploads\/2024\/03\/urbana-landskap-ishallstorget-1-768x432.png 768w, https:\/\/arkiteka.se\/wp-content\/uploads\/2024\/03\/urbana-landskap-ishallstorget-1-1536x864.png 1536w, https:\/\/arkiteka.se\/wp-content\/uploads\/2024\/03\/urbana-landskap-ishallstorget-1-18x10.png 18w, https:\/\/arkiteka.se\/wp-content\/uploads\/2024\/03\/urbana-landskap-ishallstorget-1.png 1920w\" sizes=\"(max-width: 800px) 100vw, 800px\" \/>\t\t\t\t\t\t\t\t\t\t\t\t\t<\/div>\n\t\t\t\t<\/div>\n\t\t\t\t<div class=\"elementor-element elementor-element-b010070 elementor-widget elementor-widget-text-editor\" data-id=\"b010070\" data-element_type=\"widget\" data-widget_type=\"text-editor.default\">\n\t\t\t\t<div class=\"elementor-widget-container\">\n\t\t\t\t\t\t\t<p>Aktivitetstorget &#8211; Tyres\u00f6<br \/>Upphovsman: White arkitekter<\/p>\t\t\t\t\t\t<\/div>\n\t\t\t\t<\/div>\n\t\t\t\t\t<\/div>\n\t\t<\/div>\n\t\t\t\t<div class=\"elementor-column elementor-col-50 elementor-top-column elementor-element elementor-element-c4a6831 elementor-invisible\" data-id=\"c4a6831\" data-element_type=\"column\" data-settings=\"{&quot;motion_fx_motion_fx_scrolling&quot;:&quot;yes&quot;,&quot;motion_fx_range&quot;:&quot;viewport&quot;,&quot;animation&quot;:&quot;fadeIn&quot;,&quot;animation_delay&quot;:3,&quot;motion_fx_devices&quot;:[&quot;desktop&quot;,&quot;tablet&quot;,&quot;mobile&quot;]}\">\n\t\t\t<div class=\"elementor-widget-wrap elementor-element-populated\">\n\t\t\t\t\t\t<div class=\"elementor-element elementor-element-8eb8fec elementor-widget elementor-widget-text-editor\" data-id=\"8eb8fec\" data-element_type=\"widget\" data-widget_type=\"text-editor.default\">\n\t\t\t\t<div class=\"elementor-widget-container\">\n\t\t\t\t\t\t\t<div>Medvetenhet om m\u00e4nniskors r\u00f6relsem\u00f6nster \u00f6ver dygnets timmar utg\u00f6r grund f\u00f6r att h\u00e5rdgjorda ytor, sittplatser och belysning \u00e4r skickligt utformade. Samtidigt kan innovativa landskapsl\u00f6sningar, till exempel integrerade regnb\u00e4ddar eller gr\u00f6na tak, bidra till dagvattenhantering. <\/div><p>\u00a0<\/p>\t\t\t\t\t\t<\/div>\n\t\t\t\t<\/div>\n\t\t\t\t\t<\/div>\n\t\t<\/div>\n\t\t\t\t\t<\/div>\n\t\t<\/section>\n\t\t\t\t<section class=\"elementor-section elementor-top-section elementor-element elementor-element-7306498 elementor-section-stretched elementor-section-boxed elementor-section-height-default elementor-section-height-default\" data-id=\"7306498\" data-element_type=\"section\" data-settings=\"{&quot;stretch_section&quot;:&quot;section-stretched&quot;}\">\n\t\t\t\t\t\t<div class=\"elementor-container elementor-column-gap-no\">\n\t\t\t\t\t<div class=\"elementor-column elementor-col-50 elementor-top-column elementor-element elementor-element-b72680a elementor-invisible\" data-id=\"b72680a\" data-element_type=\"column\" data-settings=\"{&quot;animation&quot;:&quot;fadeIn&quot;,&quot;motion_fx_motion_fx_scrolling&quot;:&quot;yes&quot;,&quot;motion_fx_range&quot;:&quot;viewport&quot;,&quot;animation_delay&quot;:3,&quot;motion_fx_devices&quot;:[&quot;desktop&quot;,&quot;tablet&quot;,&quot;mobile&quot;]}\">\n\t\t\t<div class=\"elementor-widget-wrap elementor-element-populated\">\n\t\t\t\t\t\t<div class=\"elementor-element elementor-element-77d02c5 elementor-widget elementor-widget-heading\" data-id=\"77d02c5\" data-element_type=\"widget\" data-widget_type=\"heading.default\">\n\t\t\t\t<div class=\"elementor-widget-container\">\n\t\t\t<h1 class=\"elementor-heading-title elementor-size-default\">Med framtida utmaningar i \u00e5tanke<\/h1>\t\t<\/div>\n\t\t\t\t<\/div>\n\t\t\t\t<div class=\"elementor-element elementor-element-712636a elementor-widget elementor-widget-text-editor\" data-id=\"712636a\" data-element_type=\"widget\" data-widget_type=\"text-editor.default\">\n\t\t\t\t<div class=\"elementor-widget-container\">\n\t\t\t\t\t\t\t<div>Genom att skapa multifunktionella ytor i staden, d\u00e4r olika funktioner och aktiviteter kan samexistera, str\u00e4var vi efter att maximera anv\u00e4ndbarheten och v\u00e4rdet av varje plats. Vi v\u00e4rnar ocks\u00e5 om biologisk m\u00e5ngfald genom att integrera gr\u00f6na omr\u00e5den och habitat f\u00f6r att fr\u00e4mja en h\u00e4lsosam ekosystembalans.\u00a0Naturens ekosystemtj\u00e4nster \u00e4r m\u00e5nga: bin och humlor ser till att pollinera frukttr\u00e4d, tr\u00e4d och gr\u00f6nska renar luften och ger skugga, \u00e5lgr\u00e4s p\u00e5 havsbottnen f\u00f6rb\u00e4ttrar vattenkvalitet och f\u00f6rhindrar stormv\u00e5gor, skogar vid havet skyddar mot \u00f6versv\u00e4mning och erosion, f\u00f6r att n\u00e4mna n\u00e5gra exempel. Tillg\u00e5ng till vacker natur ger ocks\u00e5 m\u00e5nga h\u00e4lsofr\u00e4mjande effekter f\u00f6r b\u00e5de kropp och sinne. <\/div><p>\u00a0<\/p>\t\t\t\t\t\t<\/div>\n\t\t\t\t<\/div>\n\t\t\t\t\t<\/div>\n\t\t<\/div>\n\t\t\t\t<div class=\"elementor-column elementor-col-50 elementor-top-column elementor-element elementor-element-caa906e elementor-invisible\" data-id=\"caa906e\" data-element_type=\"column\" data-settings=\"{&quot;motion_fx_motion_fx_scrolling&quot;:&quot;yes&quot;,&quot;motion_fx_range&quot;:&quot;viewport&quot;,&quot;animation&quot;:&quot;fadeIn&quot;,&quot;animation_delay&quot;:3,&quot;motion_fx_devices&quot;:[&quot;desktop&quot;,&quot;tablet&quot;,&quot;mobile&quot;]}\">\n\t\t\t<div class=\"elementor-widget-wrap elementor-element-populated\">\n\t\t\t\t\t\t<div class=\"elementor-element elementor-element-5f8f763 elementor-widget elementor-widget-image\" data-id=\"5f8f763\" data-element_type=\"widget\" data-settings=\"{&quot;_animation&quot;:&quot;none&quot;}\" data-widget_type=\"image.default\">\n\t\t\t\t<div class=\"elementor-widget-container\">\n\t\t\t\t\t\t\t\t\t\t\t\t\t<img loading=\"lazy\" decoding=\"async\" width=\"800\" height=\"450\" src=\"https:\/\/arkiteka.se\/wp-content\/uploads\/2024\/03\/urbana-landskap-boras-mittpunkt-3-1024x576.png\" class=\"attachment-large size-large wp-image-2982\" alt=\"\" srcset=\"https:\/\/arkiteka.se\/wp-content\/uploads\/2024\/03\/urbana-landskap-boras-mittpunkt-3-1024x576.png 1024w, https:\/\/arkiteka.se\/wp-content\/uploads\/2024\/03\/urbana-landskap-boras-mittpunkt-3-300x169.png 300w, https:\/\/arkiteka.se\/wp-content\/uploads\/2024\/03\/urbana-landskap-boras-mittpunkt-3-768x432.png 768w, https:\/\/arkiteka.se\/wp-content\/uploads\/2024\/03\/urbana-landskap-boras-mittpunkt-3-1536x864.png 1536w, https:\/\/arkiteka.se\/wp-content\/uploads\/2024\/03\/urbana-landskap-boras-mittpunkt-3-18x10.png 18w, https:\/\/arkiteka.se\/wp-content\/uploads\/2024\/03\/urbana-landskap-boras-mittpunkt-3.png 1920w\" sizes=\"(max-width: 800px) 100vw, 800px\" \/>\t\t\t\t\t\t\t\t\t\t\t\t\t<\/div>\n\t\t\t\t<\/div>\n\t\t\t\t<div class=\"elementor-element elementor-element-e3beb0d elementor-widget elementor-widget-text-editor\" data-id=\"e3beb0d\" data-element_type=\"widget\" data-widget_type=\"text-editor.default\">\n\t\t\t\t<div class=\"elementor-widget-container\">\n\t\t\t\t\t\t\t<p>Mittpunkten &#8211; Bor\u00e5s<br \/>Upphovsman: White arkitekter<\/p>\t\t\t\t\t\t<\/div>\n\t\t\t\t<\/div>\n\t\t\t\t\t<\/div>\n\t\t<\/div>\n\t\t\t\t\t<\/div>\n\t\t<\/section>\n\t\t\t\t<section class=\"elementor-section elementor-top-section elementor-element elementor-element-e389072 elementor-reverse-mobile elementor-section-boxed elementor-section-height-default elementor-section-height-default\" data-id=\"e389072\" data-element_type=\"section\">\n\t\t\t\t\t\t<div class=\"elementor-container elementor-column-gap-no\">\n\t\t\t\t\t<div class=\"elementor-column elementor-col-50 elementor-top-column elementor-element elementor-element-0a024d7 elementor-invisible\" data-id=\"0a024d7\" data-element_type=\"column\" data-settings=\"{&quot;animation&quot;:&quot;fadeIn&quot;,&quot;motion_fx_motion_fx_scrolling&quot;:&quot;yes&quot;,&quot;motion_fx_range&quot;:&quot;viewport&quot;,&quot;animation_delay&quot;:3,&quot;motion_fx_devices&quot;:[&quot;desktop&quot;,&quot;tablet&quot;,&quot;mobile&quot;]}\">\n\t\t\t<div class=\"elementor-widget-wrap elementor-element-populated\">\n\t\t\t\t\t\t<div class=\"elementor-element elementor-element-7ef0493 elementor-widget elementor-widget-image\" data-id=\"7ef0493\" data-element_type=\"widget\" data-settings=\"{&quot;_animation&quot;:&quot;none&quot;}\" data-widget_type=\"image.default\">\n\t\t\t\t<div class=\"elementor-widget-container\">\n\t\t\t\t\t\t\t\t\t\t\t\t\t<img loading=\"lazy\" decoding=\"async\" width=\"800\" height=\"450\" src=\"https:\/\/arkiteka.se\/wp-content\/uploads\/2024\/03\/urbana-landskap-valand-5-1024x576.png\" class=\"attachment-large size-large wp-image-2990\" alt=\"\" srcset=\"https:\/\/arkiteka.se\/wp-content\/uploads\/2024\/03\/urbana-landskap-valand-5-1024x576.png 1024w, https:\/\/arkiteka.se\/wp-content\/uploads\/2024\/03\/urbana-landskap-valand-5-300x169.png 300w, https:\/\/arkiteka.se\/wp-content\/uploads\/2024\/03\/urbana-landskap-valand-5-768x432.png 768w, https:\/\/arkiteka.se\/wp-content\/uploads\/2024\/03\/urbana-landskap-valand-5-1536x864.png 1536w, https:\/\/arkiteka.se\/wp-content\/uploads\/2024\/03\/urbana-landskap-valand-5-18x10.png 18w, https:\/\/arkiteka.se\/wp-content\/uploads\/2024\/03\/urbana-landskap-valand-5.png 1920w\" sizes=\"(max-width: 800px) 100vw, 800px\" \/>\t\t\t\t\t\t\t\t\t\t\t\t\t<\/div>\n\t\t\t\t<\/div>\n\t\t\t\t<div class=\"elementor-element elementor-element-bde4d0c elementor-widget elementor-widget-text-editor\" data-id=\"bde4d0c\" data-element_type=\"widget\" data-widget_type=\"text-editor.default\">\n\t\t\t\t<div class=\"elementor-widget-container\">\n\t\t\t\t\t\t\t<p>Valand torg &#8211; Kungsbacka<br \/>Upphovsman: White arkitekter<\/p>\t\t\t\t\t\t<\/div>\n\t\t\t\t<\/div>\n\t\t\t\t\t<\/div>\n\t\t<\/div>\n\t\t\t\t<div class=\"elementor-column elementor-col-50 elementor-top-column elementor-element elementor-element-272ec02 elementor-invisible\" data-id=\"272ec02\" data-element_type=\"column\" data-settings=\"{&quot;motion_fx_motion_fx_scrolling&quot;:&quot;yes&quot;,&quot;motion_fx_range&quot;:&quot;viewport&quot;,&quot;animation&quot;:&quot;fadeIn&quot;,&quot;animation_delay&quot;:3,&quot;motion_fx_devices&quot;:[&quot;desktop&quot;,&quot;tablet&quot;,&quot;mobile&quot;]}\">\n\t\t\t<div class=\"elementor-widget-wrap elementor-element-populated\">\n\t\t\t\t\t\t<div class=\"elementor-element elementor-element-bb70924 elementor-widget elementor-widget-heading\" data-id=\"bb70924\" data-element_type=\"widget\" data-widget_type=\"heading.default\">\n\t\t\t\t<div class=\"elementor-widget-container\">\n\t\t\t<h1 class=\"elementor-heading-title elementor-size-default\">Platser f\u00f6r gemenskap och samverkan<\/h1>\t\t<\/div>\n\t\t\t\t<\/div>\n\t\t\t\t<div class=\"elementor-element elementor-element-cc79861 elementor-widget elementor-widget-text-editor\" data-id=\"cc79861\" data-element_type=\"widget\" data-widget_type=\"text-editor.default\">\n\t\t\t\t<div class=\"elementor-widget-container\">\n\t\t\t\t\t\t\t<div>I projektet Hullkajen\u00a0skapas en stark koppling mellan offentliga byggnader och ett kajstr\u00e5k. Konceptet grundar sig i att tidigare industriella hamnbyggnader f\u00e5r nya funktioner &#8211; som kanotcentral, kallbadhus, eller \u00e5terbruksmarknad &#8211;\u00a0och d\u00e4rmed ges nytt liv. Resultatet blir en unik urban struktur d\u00e4r h\u00e5llbarhet, inkludering och klimatanpassning \u00e4r i fokus. <\/div><p>\u00a0<\/p>\t\t\t\t\t\t<\/div>\n\t\t\t\t<\/div>\n\t\t\t\t\t<\/div>\n\t\t<\/div>\n\t\t\t\t\t<\/div>\n\t\t<\/section>\n\t\t\t\t<section class=\"elementor-section elementor-top-section elementor-element elementor-element-22e5da7 elementor-section-stretched elementor-section-boxed elementor-section-height-default elementor-section-height-default\" data-id=\"22e5da7\" data-element_type=\"section\" data-settings=\"{&quot;stretch_section&quot;:&quot;section-stretched&quot;}\">\n\t\t\t\t\t\t<div class=\"elementor-container elementor-column-gap-no\">\n\t\t\t\t\t<div class=\"elementor-column elementor-col-50 elementor-top-column elementor-element elementor-element-6265c5d elementor-invisible\" data-id=\"6265c5d\" data-element_type=\"column\" data-settings=\"{&quot;animation&quot;:&quot;fadeIn&quot;,&quot;motion_fx_motion_fx_scrolling&quot;:&quot;yes&quot;,&quot;motion_fx_range&quot;:&quot;viewport&quot;,&quot;animation_delay&quot;:3,&quot;motion_fx_devices&quot;:[&quot;desktop&quot;,&quot;tablet&quot;,&quot;mobile&quot;]}\">\n\t\t\t<div class=\"elementor-widget-wrap elementor-element-populated\">\n\t\t\t\t\t\t<div class=\"elementor-element elementor-element-3da69c0 elementor-widget elementor-widget-text-editor\" data-id=\"3da69c0\" data-element_type=\"widget\" data-widget_type=\"text-editor.default\">\n\t\t\t\t<div class=\"elementor-widget-container\">\n\t\t\t\t\t\t\t<div>Vid gestaltningen av urbana landskap tar vi h\u00e4nsyn till den sociala komplexiteten i stadsstrukturen, och vi arbetar f\u00f6r att skapa platser som fr\u00e4mjar social interaktion och gemenskap.\u00a0Nattlandskap \u00e4r en naturligt del av v\u00e5r gestaltningsprocess. M\u00f6rkret \u00e4r viktigt f\u00f6r m\u00e5nga insekter och djur somtidigt som det skapar variation i landskapet och ger emotionella v\u00e4rden. Vi ser ocks\u00e5 till att belysningen hj\u00e4lper till att skapa trygga milj\u00f6er. <\/div><p>\u00a0<\/p>\t\t\t\t\t\t<\/div>\n\t\t\t\t<\/div>\n\t\t\t\t\t<\/div>\n\t\t<\/div>\n\t\t\t\t<div class=\"elementor-column elementor-col-50 elementor-top-column elementor-element elementor-element-b35f7c1 elementor-invisible\" data-id=\"b35f7c1\" data-element_type=\"column\" data-settings=\"{&quot;motion_fx_motion_fx_scrolling&quot;:&quot;yes&quot;,&quot;motion_fx_range&quot;:&quot;viewport&quot;,&quot;animation&quot;:&quot;fadeIn&quot;,&quot;animation_delay&quot;:3,&quot;motion_fx_devices&quot;:[&quot;desktop&quot;,&quot;tablet&quot;,&quot;mobile&quot;]}\">\n\t\t\t<div class=\"elementor-widget-wrap elementor-element-populated\">\n\t\t\t\t\t\t<div class=\"elementor-element elementor-element-7ba329a elementor-widget elementor-widget-image\" data-id=\"7ba329a\" data-element_type=\"widget\" data-settings=\"{&quot;_animation&quot;:&quot;none&quot;}\" data-widget_type=\"image.default\">\n\t\t\t\t<div class=\"elementor-widget-container\">\n\t\t\t\t\t\t\t\t\t\t\t\t\t<img loading=\"lazy\" decoding=\"async\" width=\"800\" height=\"450\" src=\"https:\/\/arkiteka.se\/wp-content\/uploads\/2024\/03\/urbana-landskap-ishallstorget-2-1024x576.png\" class=\"attachment-large size-large wp-image-2985\" alt=\"\" srcset=\"https:\/\/arkiteka.se\/wp-content\/uploads\/2024\/03\/urbana-landskap-ishallstorget-2-1024x576.png 1024w, https:\/\/arkiteka.se\/wp-content\/uploads\/2024\/03\/urbana-landskap-ishallstorget-2-300x169.png 300w, https:\/\/arkiteka.se\/wp-content\/uploads\/2024\/03\/urbana-landskap-ishallstorget-2-768x432.png 768w, https:\/\/arkiteka.se\/wp-content\/uploads\/2024\/03\/urbana-landskap-ishallstorget-2-1536x864.png 1536w, https:\/\/arkiteka.se\/wp-content\/uploads\/2024\/03\/urbana-landskap-ishallstorget-2-18x10.png 18w, https:\/\/arkiteka.se\/wp-content\/uploads\/2024\/03\/urbana-landskap-ishallstorget-2.png 1920w\" sizes=\"(max-width: 800px) 100vw, 800px\" \/>\t\t\t\t\t\t\t\t\t\t\t\t\t<\/div>\n\t\t\t\t<\/div>\n\t\t\t\t<div class=\"elementor-element elementor-element-179a126 elementor-widget elementor-widget-text-editor\" data-id=\"179a126\" data-element_type=\"widget\" data-widget_type=\"text-editor.default\">\n\t\t\t\t<div class=\"elementor-widget-container\">\n\t\t\t\t\t\t\t<p>Aktivitetstorget &#8211; Tyres\u00f6<br \/>Upphovsman: White arkitekter<\/p>\t\t\t\t\t\t<\/div>\n\t\t\t\t<\/div>\n\t\t\t\t\t<\/div>\n\t\t<\/div>\n\t\t\t\t\t<\/div>\n\t\t<\/section>\n\t\t\t\t<section class=\"elementor-section elementor-top-section elementor-element elementor-element-df3861c elementor-section-boxed elementor-section-height-default elementor-section-height-default\" data-id=\"df3861c\" data-element_type=\"section\">\n\t\t\t\t\t\t<div class=\"elementor-container elementor-column-gap-default\">\n\t\t\t\t\t<div class=\"elementor-column elementor-col-100 elementor-top-column elementor-element elementor-element-111e72a\" data-id=\"111e72a\" data-element_type=\"column\">\n\t\t\t<div class=\"elementor-widget-wrap elementor-element-populated\">\n\t\t\t\t\t\t<div class=\"elementor-element elementor-element-3eec5ce elementor-widget elementor-widget-heading\" data-id=\"3eec5ce\" data-element_type=\"widget\" data-widget_type=\"heading.default\">\n\t\t\t\t<div class=\"elementor-widget-container\">\n\t\t\t<h1 class=\"elementor-heading-title elementor-size-default\">V\u00e4rdeskapande f\u00f6r b\u00e5de m\u00e4nniskor och natur<\/h1>\t\t<\/div>\n\t\t\t\t<\/div>\n\t\t\t\t<div class=\"elementor-element elementor-element-4bd8b43 elementor-invisible elementor-widget elementor-widget-text-editor\" data-id=\"4bd8b43\" data-element_type=\"widget\" data-settings=\"{&quot;_animation&quot;:&quot;fadeIn&quot;,&quot;_animation_delay&quot;:1}\" data-widget_type=\"text-editor.default\">\n\t\t\t\t<div class=\"elementor-widget-container\">\n\t\t\t\t\t\t\t<div>Som b\u00e5de arkitekter och landskapsarkitekter ser vi arkitektoniska, kulturella, sociala och biologiska v\u00e4rden som viktiga element att ta h\u00e4nsyn till vid gestaltningen av offentliga platser. Det gr\u00f6na infrastrukturen \u00e4r otroligt viktig b\u00e5de f\u00f6r samh\u00e4llet och m\u00e4nniskans h\u00e4lsa. <\/div><p>\u00a0<\/p>\t\t\t\t\t\t<\/div>\n\t\t\t\t<\/div>\n\t\t\t\t\t<\/div>\n\t\t<\/div>\n\t\t\t\t\t<\/div>\n\t\t<\/section>\n\t\t\t\t<section class=\"elementor-section elementor-top-section elementor-element elementor-element-5b7de91d elementor-section-stretched elementor-section-boxed elementor-section-height-default elementor-section-height-default\" data-id=\"5b7de91d\" data-element_type=\"section\" data-settings=\"{&quot;stretch_section&quot;:&quot;section-stretched&quot;}\">\n\t\t\t\t\t\t<div class=\"elementor-container elementor-column-gap-no\">\n\t\t\t\t\t<div class=\"elementor-column elementor-col-100 elementor-top-column elementor-element elementor-element-de5411 elementor-invisible\" data-id=\"de5411\" data-element_type=\"column\" data-settings=\"{&quot;animation&quot;:&quot;fadeIn&quot;,&quot;motion_fx_motion_fx_scrolling&quot;:&quot;yes&quot;,&quot;motion_fx_range&quot;:&quot;viewport&quot;,&quot;animation_delay&quot;:6,&quot;motion_fx_devices&quot;:[&quot;desktop&quot;,&quot;tablet&quot;,&quot;mobile&quot;]}\">\n\t\t\t<div class=\"elementor-widget-wrap elementor-element-populated\">\n\t\t\t\t\t\t<div class=\"elementor-element elementor-element-507309ea elementor-widget elementor-widget-gallery\" data-id=\"507309ea\" data-element_type=\"widget\" data-settings=\"{&quot;gallery_layout&quot;:&quot;justified&quot;,&quot;ideal_row_height&quot;:{&quot;unit&quot;:&quot;px&quot;,&quot;size&quot;:250,&quot;sizes&quot;:[]},&quot;gap&quot;:{&quot;unit&quot;:&quot;px&quot;,&quot;size&quot;:15,&quot;sizes&quot;:[]},&quot;overlay_title&quot;:&quot;title&quot;,&quot;overlay_description&quot;:&quot;description&quot;,&quot;ideal_row_height_tablet&quot;:{&quot;unit&quot;:&quot;px&quot;,&quot;size&quot;:150,&quot;sizes&quot;:[]},&quot;ideal_row_height_mobile&quot;:{&quot;unit&quot;:&quot;px&quot;,&quot;size&quot;:150,&quot;sizes&quot;:[]},&quot;gap_tablet&quot;:{&quot;unit&quot;:&quot;px&quot;,&quot;size&quot;:10,&quot;sizes&quot;:[]},&quot;gap_mobile&quot;:{&quot;unit&quot;:&quot;px&quot;,&quot;size&quot;:10,&quot;sizes&quot;:[]},&quot;link_to&quot;:&quot;file&quot;,&quot;overlay_background&quot;:&quot;yes&quot;,&quot;content_hover_animation&quot;:&quot;fade-in&quot;}\" data-widget_type=\"gallery.default\">\n\t\t\t\t<div class=\"elementor-widget-container\">\n\t\t\t<style>\/*! elementor-pro - v3.15.0 - 09-08-2023 *\/\n.elementor-gallery__container{min-height:1px}.elementor-gallery-item{position:relative;overflow:hidden;display:block;text-decoration:none;border:solid var(--image-border-width) var(--image-border-color);border-radius:var(--image-border-radius)}.elementor-gallery-item__content,.elementor-gallery-item__overlay{height:100%;width:100%;position:absolute;top:0;left:0}.elementor-gallery-item__overlay{mix-blend-mode:var(--overlay-mix-blend-mode);transition-duration:var(--overlay-transition-duration);transition-property:mix-blend-mode,transform,opacity,background-color}.elementor-gallery-item__image.e-gallery-image{transition-duration:var(--image-transition-duration);transition-property:filter,transform}.elementor-gallery-item__content{display:flex;flex-direction:column;justify-content:var(--content-justify-content,center);align-items:center;text-align:var(--content-text-align);padding:var(--content-padding)}.elementor-gallery-item__content>div{transition-duration:var(--content-transition-duration)}.elementor-gallery-item__content.elementor-gallery--sequenced-animation>div:nth-child(2){transition-delay:calc(var(--content-transition-delay) \/ 3)}.elementor-gallery-item__content.elementor-gallery--sequenced-animation>div:nth-child(3){transition-delay:calc(var(--content-transition-delay) \/ 3 * 2)}.elementor-gallery-item__content.elementor-gallery--sequenced-animation>div:nth-child(4){transition-delay:calc(var(--content-transition-delay) \/ 3 * 3)}.elementor-gallery-item__description{color:var(--description-text-color,#fff);width:100%}.elementor-gallery-item__title{color:var(--title-text-color,#fff);font-weight:700;width:100%}.elementor-gallery__titles-container{display:flex;flex-wrap:wrap;justify-content:var(--titles-container-justify-content,center);margin-bottom:20px}.elementor-gallery__titles-container:not(.e--pointer-framed) .elementor-item:after,.elementor-gallery__titles-container:not(.e--pointer-framed) .elementor-item:before{background-color:var(--galleries-pointer-bg-color-hover)}.elementor-gallery__titles-container:not(.e--pointer-framed) .elementor-item.elementor-item-active:after,.elementor-gallery__titles-container:not(.e--pointer-framed) .elementor-item.elementor-item-active:before{background-color:var(--galleries-pointer-bg-color-active)}.elementor-gallery__titles-container.e--pointer-framed .elementor-item:before{border-color:var(--galleries-pointer-bg-color-hover);border-width:var(--galleries-pointer-border-width)}.elementor-gallery__titles-container.e--pointer-framed .elementor-item:after{border-color:var(--galleries-pointer-bg-color-hover)}.elementor-gallery__titles-container.e--pointer-framed .elementor-item.elementor-item-active:after,.elementor-gallery__titles-container.e--pointer-framed .elementor-item.elementor-item-active:before{border-color:var(--galleries-pointer-bg-color-active)}.elementor-gallery__titles-container.e--pointer-framed.e--animation-draw .elementor-item:before{border-left-width:var(--galleries-pointer-border-width);border-bottom-width:var(--galleries-pointer-border-width);border-right-width:0;border-top-width:0}.elementor-gallery__titles-container.e--pointer-framed.e--animation-draw .elementor-item:after{border-left-width:0;border-bottom-width:0;border-right-width:var(--galleries-pointer-border-width);border-top-width:var(--galleries-pointer-border-width)}.elementor-gallery__titles-container.e--pointer-framed.e--animation-corners .elementor-item:before{border-left-width:var(--galleries-pointer-border-width);border-bottom-width:0;border-right-width:0;border-top-width:var(--galleries-pointer-border-width)}.elementor-gallery__titles-container.e--pointer-framed.e--animation-corners .elementor-item:after{border-left-width:0;border-bottom-width:var(--galleries-pointer-border-width);border-right-width:var(--galleries-pointer-border-width);border-top-width:0}.elementor-gallery__titles-container .e--pointer-double-line .elementor-item:after,.elementor-gallery__titles-container .e--pointer-double-line .elementor-item:before,.elementor-gallery__titles-container .e--pointer-overline .elementor-item:before,.elementor-gallery__titles-container .e--pointer-underline .elementor-item:after{height:var(--galleries-pointer-border-width)}.elementor-gallery-title{--space-between:10px;cursor:pointer;color:#6d7882;font-weight:500;position:relative;padding:7px 14px;transition:all .3s}.elementor-gallery-title--active{color:#495157}.elementor-gallery-title:not(:last-child){margin-right:var(--space-between)}.elementor-gallery-item__title+.elementor-gallery-item__description{margin-top:var(--description-margin-top)}.e-gallery-item.elementor-gallery-item{transition-property:all}.e-gallery-item.elementor-animated-content .elementor-animated-item--enter-from-bottom,.e-gallery-item.elementor-animated-content .elementor-animated-item--enter-from-left,.e-gallery-item.elementor-animated-content .elementor-animated-item--enter-from-right,.e-gallery-item.elementor-animated-content .elementor-animated-item--enter-from-top,.e-gallery-item:focus .elementor-gallery__item-overlay-bg,.e-gallery-item:focus .elementor-gallery__item-overlay-content,.e-gallery-item:focus .elementor-gallery__item-overlay-content__description,.e-gallery-item:focus .elementor-gallery__item-overlay-content__title,.e-gallery-item:hover .elementor-gallery__item-overlay-bg,.e-gallery-item:hover .elementor-gallery__item-overlay-content,.e-gallery-item:hover .elementor-gallery__item-overlay-content__description,.e-gallery-item:hover .elementor-gallery__item-overlay-content__title{opacity:1}a.elementor-item.elementor-gallery-title{color:var(--galleries-title-color-normal)}a.elementor-item.elementor-gallery-title.elementor-item-active,a.elementor-item.elementor-gallery-title.highlighted,a.elementor-item.elementor-gallery-title:focus,a.elementor-item.elementor-gallery-title:hover{color:var(--galleries-title-color-hover)}a.elementor-item.elementor-gallery-title.elementor-item-active{color:var(--gallery-title-color-active)}.e-con-inner>.elementor-widget-gallery,.e-con>.elementor-widget-gallery{width:var(--container-widget-width);--flex-grow:var(--container-widget-flex-grow)}<\/style>\t\t<div class=\"elementor-gallery__container\">\n\t\t\t\t\t\t\t<a class=\"e-gallery-item elementor-gallery-item elementor-animated-content\" href=\"https:\/\/arkiteka.se\/wp-content\/uploads\/2023\/09\/urbana-landskap-valand-5.webp\" data-elementor-open-lightbox=\"yes\" data-elementor-lightbox-slideshow=\"507309ea\" data-elementor-lightbox-title=\"Valand torg - Kungsbacka\" data-elementor-lightbox-description=\"Upphovsman: White arkitekter\" data-e-action-hash=\"#elementor-action%3Aaction%3Dlightbox%26settings%3DeyJpZCI6MjY5NSwidXJsIjoiaHR0cHM6XC9cL2Fya2l0ZWthLnNlXC93cC1jb250ZW50XC91cGxvYWRzXC8yMDIzXC8wOVwvdXJiYW5hLWxhbmRza2FwLXZhbGFuZC01LndlYnAiLCJzbGlkZXNob3ciOiI1MDczMDllYSJ9\">\n\t\t\t\t\t<div class=\"e-gallery-image elementor-gallery-item__image\" data-thumbnail=\"https:\/\/arkiteka.se\/wp-content\/uploads\/2023\/09\/urbana-landskap-valand-5.webp\" data-width=\"1600\" data-height=\"900\" aria-label=\"\" role=\"img\" ><\/div>\n\t\t\t\t\t\t\t\t\t\t\t<div class=\"elementor-gallery-item__overlay\"><\/div>\n\t\t\t\t\t\t\t\t\t\t\t\t\t\t\t<div class=\"elementor-gallery-item__content\">\n\t\t\t\t\t\t\t\t\t\t\t\t\t\t<div class=\"elementor-gallery-item__title\">\n\t\t\t\t\t\t\t\t\t\t\t\t\t\t\t\t\t\tValand torg - Kungsbacka\t\t\t\t\t\t\t\t<\/div>\n\t\t\t\t\t\t\t\t\t\t\t\t\t\t\t<div class=\"elementor-gallery-item__description\">\n\t\t\t\t\t\t\t\t\t\t\t\t\t\t\t\t\t\tUpphovsman: White arkitekter\t\t\t\t\t\t\t\t<\/div>\n\t\t\t\t\t\t\t\t\t\t\t\t<\/div>\n\t\t\t\t\t\t\t\t\t<\/a>\n\t\t\t\t\t\t\t<a class=\"e-gallery-item elementor-gallery-item elementor-animated-content\" href=\"https:\/\/arkiteka.se\/wp-content\/uploads\/2023\/09\/urbana-landskap-valand-4.webp\" data-elementor-open-lightbox=\"yes\" data-elementor-lightbox-slideshow=\"507309ea\" data-elementor-lightbox-title=\"Valand torg - Kungsbacka\" data-elementor-lightbox-description=\"Upphovsman: White arkitekter\" data-e-action-hash=\"#elementor-action%3Aaction%3Dlightbox%26settings%3DeyJpZCI6MjY5NCwidXJsIjoiaHR0cHM6XC9cL2Fya2l0ZWthLnNlXC93cC1jb250ZW50XC91cGxvYWRzXC8yMDIzXC8wOVwvdXJiYW5hLWxhbmRza2FwLXZhbGFuZC00LndlYnAiLCJzbGlkZXNob3ciOiI1MDczMDllYSJ9\">\n\t\t\t\t\t<div class=\"e-gallery-image elementor-gallery-item__image\" data-thumbnail=\"https:\/\/arkiteka.se\/wp-content\/uploads\/2023\/09\/urbana-landskap-valand-4.webp\" data-width=\"1600\" data-height=\"900\" aria-label=\"\" role=\"img\" ><\/div>\n\t\t\t\t\t\t\t\t\t\t\t<div class=\"elementor-gallery-item__overlay\"><\/div>\n\t\t\t\t\t\t\t\t\t\t\t\t\t\t\t<div class=\"elementor-gallery-item__content\">\n\t\t\t\t\t\t\t\t\t\t\t\t\t\t<div class=\"elementor-gallery-item__title\">\n\t\t\t\t\t\t\t\t\t\t\t\t\t\t\t\t\t\tValand torg - Kungsbacka\t\t\t\t\t\t\t\t<\/div>\n\t\t\t\t\t\t\t\t\t\t\t\t\t\t\t<div class=\"elementor-gallery-item__description\">\n\t\t\t\t\t\t\t\t\t\t\t\t\t\t\t\t\t\tUpphovsman: White arkitekter\t\t\t\t\t\t\t\t<\/div>\n\t\t\t\t\t\t\t\t\t\t\t\t<\/div>\n\t\t\t\t\t\t\t\t\t<\/a>\n\t\t\t\t\t\t\t<a class=\"e-gallery-item elementor-gallery-item elementor-animated-content\" href=\"https:\/\/arkiteka.se\/wp-content\/uploads\/2023\/09\/urbana-landskap-valand-2.webp\" data-elementor-open-lightbox=\"yes\" data-elementor-lightbox-slideshow=\"507309ea\" data-elementor-lightbox-title=\"Valand torg - Kungsbacka\" data-elementor-lightbox-description=\"Upphovsman: White arkitekter\" data-e-action-hash=\"#elementor-action%3Aaction%3Dlightbox%26settings%3DeyJpZCI6MjY5MywidXJsIjoiaHR0cHM6XC9cL2Fya2l0ZWthLnNlXC93cC1jb250ZW50XC91cGxvYWRzXC8yMDIzXC8wOVwvdXJiYW5hLWxhbmRza2FwLXZhbGFuZC0yLndlYnAiLCJzbGlkZXNob3ciOiI1MDczMDllYSJ9\">\n\t\t\t\t\t<div class=\"e-gallery-image elementor-gallery-item__image\" data-thumbnail=\"https:\/\/arkiteka.se\/wp-content\/uploads\/2023\/09\/urbana-landskap-valand-2.webp\" data-width=\"1600\" data-height=\"900\" aria-label=\"\" role=\"img\" ><\/div>\n\t\t\t\t\t\t\t\t\t\t\t<div class=\"elementor-gallery-item__overlay\"><\/div>\n\t\t\t\t\t\t\t\t\t\t\t\t\t\t\t<div class=\"elementor-gallery-item__content\">\n\t\t\t\t\t\t\t\t\t\t\t\t\t\t<div class=\"elementor-gallery-item__title\">\n\t\t\t\t\t\t\t\t\t\t\t\t\t\t\t\t\t\tValand torg - Kungsbacka\t\t\t\t\t\t\t\t<\/div>\n\t\t\t\t\t\t\t\t\t\t\t\t\t\t\t<div class=\"elementor-gallery-item__description\">\n\t\t\t\t\t\t\t\t\t\t\t\t\t\t\t\t\t\tUpphovsman: White arkitekter\t\t\t\t\t\t\t\t<\/div>\n\t\t\t\t\t\t\t\t\t\t\t\t<\/div>\n\t\t\t\t\t\t\t\t\t<\/a>\n\t\t\t\t\t\t\t<a class=\"e-gallery-item elementor-gallery-item elementor-animated-content\" href=\"https:\/\/arkiteka.se\/wp-content\/uploads\/2023\/09\/urbana-landskap-boras-mittpunkt-1.webp\" data-elementor-open-lightbox=\"yes\" data-elementor-lightbox-slideshow=\"507309ea\" data-elementor-lightbox-title=\"Bor\u00e5s mittpunkt\" data-elementor-lightbox-description=\"Upphovsman: White arkitekter\" data-e-action-hash=\"#elementor-action%3Aaction%3Dlightbox%26settings%3DeyJpZCI6MjY5MCwidXJsIjoiaHR0cHM6XC9cL2Fya2l0ZWthLnNlXC93cC1jb250ZW50XC91cGxvYWRzXC8yMDIzXC8wOVwvdXJiYW5hLWxhbmRza2FwLWJvcmFzLW1pdHRwdW5rdC0xLndlYnAiLCJzbGlkZXNob3ciOiI1MDczMDllYSJ9\">\n\t\t\t\t\t<div class=\"e-gallery-image elementor-gallery-item__image\" data-thumbnail=\"https:\/\/arkiteka.se\/wp-content\/uploads\/2023\/09\/urbana-landskap-boras-mittpunkt-1.webp\" data-width=\"1600\" data-height=\"900\" aria-label=\"\" role=\"img\" ><\/div>\n\t\t\t\t\t\t\t\t\t\t\t<div class=\"elementor-gallery-item__overlay\"><\/div>\n\t\t\t\t\t\t\t\t\t\t\t\t\t\t\t<div class=\"elementor-gallery-item__content\">\n\t\t\t\t\t\t\t\t\t\t\t\t\t\t<div class=\"elementor-gallery-item__title\">\n\t\t\t\t\t\t\t\t\t\t\t\t\t\t\t\t\t\tBor\u00e5s mittpunkt\t\t\t\t\t\t\t\t<\/div>\n\t\t\t\t\t\t\t\t\t\t\t\t\t\t\t<div class=\"elementor-gallery-item__description\">\n\t\t\t\t\t\t\t\t\t\t\t\t\t\t\t\t\t\tUpphovsman: White arkitekter\t\t\t\t\t\t\t\t<\/div>\n\t\t\t\t\t\t\t\t\t\t\t\t<\/div>\n\t\t\t\t\t\t\t\t\t<\/a>\n\t\t\t\t\t\t\t<a class=\"e-gallery-item elementor-gallery-item elementor-animated-content\" href=\"https:\/\/arkiteka.se\/wp-content\/uploads\/2023\/09\/urbana-landskap-boras-mittpunkt-2.webp\" data-elementor-open-lightbox=\"yes\" data-elementor-lightbox-slideshow=\"507309ea\" data-elementor-lightbox-title=\"Bor\u00e5s mittpunkt\" data-elementor-lightbox-description=\"Upphovsman: White arkitekter\" data-e-action-hash=\"#elementor-action%3Aaction%3Dlightbox%26settings%3DeyJpZCI6MjY5MSwidXJsIjoiaHR0cHM6XC9cL2Fya2l0ZWthLnNlXC93cC1jb250ZW50XC91cGxvYWRzXC8yMDIzXC8wOVwvdXJiYW5hLWxhbmRza2FwLWJvcmFzLW1pdHRwdW5rdC0yLndlYnAiLCJzbGlkZXNob3ciOiI1MDczMDllYSJ9\">\n\t\t\t\t\t<div class=\"e-gallery-image elementor-gallery-item__image\" data-thumbnail=\"https:\/\/arkiteka.se\/wp-content\/uploads\/2023\/09\/urbana-landskap-boras-mittpunkt-2.webp\" data-width=\"1600\" data-height=\"900\" aria-label=\"\" role=\"img\" ><\/div>\n\t\t\t\t\t\t\t\t\t\t\t<div class=\"elementor-gallery-item__overlay\"><\/div>\n\t\t\t\t\t\t\t\t\t\t\t\t\t\t\t<div class=\"elementor-gallery-item__content\">\n\t\t\t\t\t\t\t\t\t\t\t\t\t\t<div class=\"elementor-gallery-item__title\">\n\t\t\t\t\t\t\t\t\t\t\t\t\t\t\t\t\t\tBor\u00e5s mittpunkt\t\t\t\t\t\t\t\t<\/div>\n\t\t\t\t\t\t\t\t\t\t\t\t\t\t\t<div class=\"elementor-gallery-item__description\">\n\t\t\t\t\t\t\t\t\t\t\t\t\t\t\t\t\t\tUpphovsman: White arkitekter\t\t\t\t\t\t\t\t<\/div>\n\t\t\t\t\t\t\t\t\t\t\t\t<\/div>\n\t\t\t\t\t\t\t\t\t<\/a>\n\t\t\t\t\t\t\t<a class=\"e-gallery-item elementor-gallery-item elementor-animated-content\" href=\"https:\/\/arkiteka.se\/wp-content\/uploads\/2023\/09\/urbana-landskap-boras-mittpunkt-3.webp\" data-elementor-open-lightbox=\"yes\" data-elementor-lightbox-slideshow=\"507309ea\" data-elementor-lightbox-title=\"Bor\u00e5s mittpunkt\" data-elementor-lightbox-description=\"Upphovsman: White arkitekter\" data-e-action-hash=\"#elementor-action%3Aaction%3Dlightbox%26settings%3DeyJpZCI6MjY5MiwidXJsIjoiaHR0cHM6XC9cL2Fya2l0ZWthLnNlXC93cC1jb250ZW50XC91cGxvYWRzXC8yMDIzXC8wOVwvdXJiYW5hLWxhbmRza2FwLWJvcmFzLW1pdHRwdW5rdC0zLndlYnAiLCJzbGlkZXNob3ciOiI1MDczMDllYSJ9\">\n\t\t\t\t\t<div class=\"e-gallery-image elementor-gallery-item__image\" data-thumbnail=\"https:\/\/arkiteka.se\/wp-content\/uploads\/2023\/09\/urbana-landskap-boras-mittpunkt-3.webp\" data-width=\"1600\" data-height=\"900\" aria-label=\"\" role=\"img\" ><\/div>\n\t\t\t\t\t\t\t\t\t\t\t<div class=\"elementor-gallery-item__overlay\"><\/div>\n\t\t\t\t\t\t\t\t\t\t\t\t\t\t\t<div class=\"elementor-gallery-item__content\">\n\t\t\t\t\t\t\t\t\t\t\t\t\t\t<div class=\"elementor-gallery-item__title\">\n\t\t\t\t\t\t\t\t\t\t\t\t\t\t\t\t\t\tBor\u00e5s mittpunkt\t\t\t\t\t\t\t\t<\/div>\n\t\t\t\t\t\t\t\t\t\t\t\t\t\t\t<div class=\"elementor-gallery-item__description\">\n\t\t\t\t\t\t\t\t\t\t\t\t\t\t\t\t\t\tUpphovsman: White arkitekter\t\t\t\t\t\t\t\t<\/div>\n\t\t\t\t\t\t\t\t\t\t\t\t<\/div>\n\t\t\t\t\t\t\t\t\t<\/a>\n\t\t\t\t\t\t\t<a class=\"e-gallery-item elementor-gallery-item elementor-animated-content\" href=\"https:\/\/arkiteka.se\/wp-content\/uploads\/2023\/03\/allmann-arkitektur-ishallstorget.webp\" data-elementor-open-lightbox=\"yes\" data-elementor-lightbox-slideshow=\"507309ea\" data-elementor-lightbox-title=\"Tyres\u00f6vallen - Tyres\u00f6\" data-elementor-lightbox-description=\"Upphovsman: White arkitekter\" data-e-action-hash=\"#elementor-action%3Aaction%3Dlightbox%26settings%3DeyJpZCI6MTMxNiwidXJsIjoiaHR0cHM6XC9cL2Fya2l0ZWthLnNlXC93cC1jb250ZW50XC91cGxvYWRzXC8yMDIzXC8wM1wvYWxsbWFubi1hcmtpdGVrdHVyLWlzaGFsbHN0b3JnZXQud2VicCIsInNsaWRlc2hvdyI6IjUwNzMwOWVhIn0%3D\">\n\t\t\t\t\t<div class=\"e-gallery-image elementor-gallery-item__image\" data-thumbnail=\"https:\/\/arkiteka.se\/wp-content\/uploads\/2023\/03\/allmann-arkitektur-ishallstorget.webp\" data-width=\"1920\" data-height=\"1080\" aria-label=\"\" role=\"img\" ><\/div>\n\t\t\t\t\t\t\t\t\t\t\t<div class=\"elementor-gallery-item__overlay\"><\/div>\n\t\t\t\t\t\t\t\t\t\t\t\t\t\t\t<div class=\"elementor-gallery-item__content\">\n\t\t\t\t\t\t\t\t\t\t\t\t\t\t<div class=\"elementor-gallery-item__title\">\n\t\t\t\t\t\t\t\t\t\t\t\t\t\t\t\t\t\tTyres\u00f6vallen - Tyres\u00f6\t\t\t\t\t\t\t\t<\/div>\n\t\t\t\t\t\t\t\t\t\t\t\t\t\t\t<div class=\"elementor-gallery-item__description\">\n\t\t\t\t\t\t\t\t\t\t\t\t\t\t\t\t\t\tUpphovsman: White arkitekter\t\t\t\t\t\t\t\t<\/div>\n\t\t\t\t\t\t\t\t\t\t\t\t<\/div>\n\t\t\t\t\t\t\t\t\t<\/a>\n\t\t\t\t\t\t\t<a class=\"e-gallery-item elementor-gallery-item elementor-animated-content\" href=\"https:\/\/arkiteka.se\/wp-content\/uploads\/2023\/03\/dekorativ-asfaltmalning.webp\" data-elementor-open-lightbox=\"yes\" data-elementor-lightbox-slideshow=\"507309ea\" data-elementor-lightbox-title=\"Tyres\u00f6vallen - Tyres\u00f6\" data-elementor-lightbox-description=\"Upphovsman: White arkitekter\" data-e-action-hash=\"#elementor-action%3Aaction%3Dlightbox%26settings%3DeyJpZCI6MTI2MCwidXJsIjoiaHR0cHM6XC9cL2Fya2l0ZWthLnNlXC93cC1jb250ZW50XC91cGxvYWRzXC8yMDIzXC8wM1wvZGVrb3JhdGl2LWFzZmFsdG1hbG5pbmcud2VicCIsInNsaWRlc2hvdyI6IjUwNzMwOWVhIn0%3D\">\n\t\t\t\t\t<div class=\"e-gallery-image elementor-gallery-item__image\" data-thumbnail=\"https:\/\/arkiteka.se\/wp-content\/uploads\/2023\/03\/dekorativ-asfaltmalning.webp\" data-width=\"1920\" data-height=\"1080\" aria-label=\"\" role=\"img\" ><\/div>\n\t\t\t\t\t\t\t\t\t\t\t<div class=\"elementor-gallery-item__overlay\"><\/div>\n\t\t\t\t\t\t\t\t\t\t\t\t\t\t\t<div class=\"elementor-gallery-item__content\">\n\t\t\t\t\t\t\t\t\t\t\t\t\t\t<div class=\"elementor-gallery-item__title\">\n\t\t\t\t\t\t\t\t\t\t\t\t\t\t\t\t\t\tTyres\u00f6vallen - Tyres\u00f6\t\t\t\t\t\t\t\t<\/div>\n\t\t\t\t\t\t\t\t\t\t\t\t\t\t\t<div class=\"elementor-gallery-item__description\">\n\t\t\t\t\t\t\t\t\t\t\t\t\t\t\t\t\t\tUpphovsman: White arkitekter\t\t\t\t\t\t\t\t<\/div>\n\t\t\t\t\t\t\t\t\t\t\t\t<\/div>\n\t\t\t\t\t\t\t\t\t<\/a>\n\t\t\t\t\t\t\t<a class=\"e-gallery-item elementor-gallery-item elementor-animated-content\" href=\"https:\/\/arkiteka.se\/wp-content\/uploads\/2023\/09\/leklandskap-ishallstorget-3.webp\" data-elementor-open-lightbox=\"yes\" data-elementor-lightbox-slideshow=\"507309ea\" data-elementor-lightbox-title=\"Tyres\u00f6vallen - Tyres\u00f6\" data-elementor-lightbox-description=\"Upphovsman: White arkitekter\" data-e-action-hash=\"#elementor-action%3Aaction%3Dlightbox%26settings%3DeyJpZCI6MjY3NywidXJsIjoiaHR0cHM6XC9cL2Fya2l0ZWthLnNlXC93cC1jb250ZW50XC91cGxvYWRzXC8yMDIzXC8wOVwvbGVrbGFuZHNrYXAtaXNoYWxsc3RvcmdldC0zLndlYnAiLCJzbGlkZXNob3ciOiI1MDczMDllYSJ9\">\n\t\t\t\t\t<div class=\"e-gallery-image elementor-gallery-item__image\" data-thumbnail=\"https:\/\/arkiteka.se\/wp-content\/uploads\/2023\/09\/leklandskap-ishallstorget-3.webp\" data-width=\"1600\" data-height=\"900\" aria-label=\"\" role=\"img\" ><\/div>\n\t\t\t\t\t\t\t\t\t\t\t<div class=\"elementor-gallery-item__overlay\"><\/div>\n\t\t\t\t\t\t\t\t\t\t\t\t\t\t\t<div class=\"elementor-gallery-item__content\">\n\t\t\t\t\t\t\t\t\t\t\t\t\t\t<div class=\"elementor-gallery-item__title\">\n\t\t\t\t\t\t\t\t\t\t\t\t\t\t\t\t\t\tTyres\u00f6vallen - Tyres\u00f6\t\t\t\t\t\t\t\t<\/div>\n\t\t\t\t\t\t\t\t\t\t\t\t\t\t\t<div class=\"elementor-gallery-item__description\">\n\t\t\t\t\t\t\t\t\t\t\t\t\t\t\t\t\t\tUpphovsman: White arkitekter\t\t\t\t\t\t\t\t<\/div>\n\t\t\t\t\t\t\t\t\t\t\t\t<\/div>\n\t\t\t\t\t\t\t\t\t<\/a>\n\t\t\t\t\t<\/div>\n\t\t\t<\/div>\n\t\t\t\t<\/div>\n\t\t\t\t<div class=\"elementor-element elementor-element-3a88d424 elementor-widget elementor-widget-heading\" data-id=\"3a88d424\" data-element_type=\"widget\" data-widget_type=\"heading.default\">\n\t\t\t\t<div class=\"elementor-widget-container\">\n\t\t\t<h1 class=\"elementor-heading-title elementor-size-default\">Projekt som ilya kruglyak har deltagit i:<\/h1>\t\t<\/div>\n\t\t\t\t<\/div>\n\t\t\t\t<div class=\"elementor-element elementor-element-47c8ce0b elementor-widget elementor-widget-text-editor\" data-id=\"47c8ce0b\" data-element_type=\"widget\" data-widget_type=\"text-editor.default\">\n\t\t\t\t<div class=\"elementor-widget-container\">\n\t\t\t\t\t\t\t<p><strong>White arkitekter<\/strong><br \/>Valand<br \/>Ejdern<br \/>Facklan<br \/>Bor\u00e5s Mittpunkt<br \/>Balder Rhodin<br \/>Balder Torslandatorget<br \/>Bor\u00e5s H\u00e5llplats<br \/>Aktivitetstorget &#8211; Tyres\u00f6<br \/>Lumina \/ stationen &#8211; Kungsbacka<br \/>Naturanpassad gestaltning &#8211; \u00c5re<br \/><br \/><strong>WALK<\/strong><br \/>Litteraturcentrum<br \/>Litteraturpark<br \/>Grand Hotel &#8211; Lviv<br \/>Entr\u00e9 till Galiciens Riksdag &#8211; Santiago de Compostella<br \/><br \/><strong>West8<\/strong><br \/>Google campus &#8211; San Jose<br \/>New Holland &#8211; Sankt Peterburg<br \/>Alicante urbanplan &#8211; Alicante<br \/>Voronezh Central Park<br \/>Burns tr\u00e4dg\u00e5rd &#8211; London<br \/>New Holland &#8211; Sankt Peterburg<\/p>\t\t\t\t\t\t<\/div>\n\t\t\t\t<\/div>\n\t\t\t\t\t<\/div>\n\t\t<\/div>\n\t\t\t\t\t<\/div>\n\t\t<\/section>\n\t\t\t\t<\/div>","protected":false},"excerpt":{"rendered":"<p>Projekt Offentlig arkitektur Hus och landskap Urbana landskap Leklandskap Urban m\u00f6beldesign Dekorativ asfaltm\u00e5lning AA LAB Om oss Kontakt Kontaktform info@arkiteka.se +46 72 914 8530 LinkedIn Landskap som g\u00f6r staden levande. Valand torg &#8211; KungsbackaUpphovsman: White arkitekter Utf\u00f6rska stadslanskapet med oss Som arkitekter och landskapsarkitekter str\u00e4var vi efter att skapa levande och h\u00e5llbara urbana landskap genom [&hellip;]<\/p>","protected":false},"author":1,"featured_media":1214,"parent":0,"menu_order":3,"comment_status":"closed","ping_status":"closed","template":"elementor_header_footer","meta":{"footnotes":""},"class_list":["post-298","page","type-page","status-publish","has-post-thumbnail","hentry"],"yoast_head":"<!-- This site is optimized with the Yoast SEO plugin v22.3 - https:\/\/yoast.com\/wordpress\/plugins\/seo\/ -->\n<title>Urbana landskap | arkiteka<\/title>\n<meta name=\"description\" content=\"Urban landskapsdesign f\u00f6r parker, gator och torg i svenska, spanska och belgiska st\u00e4der. Gjorda s\u00e5 att alla ska kunna vara med och ta plats.\" \/>\n<meta name=\"robots\" content=\"index, follow, max-snippet:-1, max-image-preview:large, max-video-preview:-1\" \/>\n<link rel=\"canonical\" href=\"https:\/\/arkiteka.se\/en\/urban-landskapsdesign\/\" \/>\n<meta property=\"og:locale\" content=\"en_GB\" \/>\n<meta property=\"og:type\" content=\"article\" \/>\n<meta property=\"og:title\" content=\"Urbana landskap | arkiteka\" \/>\n<meta property=\"og:description\" content=\"Urban landskapsdesign f\u00f6r parker, gator och torg i svenska, spanska och belgiska st\u00e4der. Gjorda s\u00e5 att alla ska kunna vara med och ta plats.\" \/>\n<meta property=\"og:url\" content=\"https:\/\/arkiteka.se\/en\/urban-landskapsdesign\/\" \/>\n<meta property=\"og:site_name\" content=\"arkiteka\" \/>\n<meta property=\"article:modified_time\" content=\"2024-03-22T09:51:20+00:00\" \/>\n<meta property=\"og:image\" content=\"http:\/\/arkiteka.se\/wp-content\/uploads\/2023\/03\/urban-landskapsdesign-valand.webp\" \/>\n\t<meta property=\"og:image:width\" content=\"1920\" \/>\n\t<meta property=\"og:image:height\" content=\"1080\" \/>\n\t<meta property=\"og:image:type\" content=\"image\/webp\" \/>\n<meta name=\"twitter:card\" content=\"summary_large_image\" \/>\n<meta name=\"twitter:label1\" content=\"Estimated reading time\" \/>\n\t<meta name=\"twitter:data1\" content=\"5 minutes\" \/>\n<script type=\"application\/ld+json\" class=\"yoast-schema-graph\">{\"@context\":\"https:\/\/schema.org\",\"@graph\":[{\"@type\":\"WebPage\",\"@id\":\"https:\/\/arkiteka.se\/urban-landskapsdesign\/\",\"url\":\"https:\/\/arkiteka.se\/urban-landskapsdesign\/\",\"name\":\"Urbana landskap | arkiteka\",\"isPartOf\":{\"@id\":\"https:\/\/arkiteka.se\/#website\"},\"primaryImageOfPage\":{\"@id\":\"https:\/\/arkiteka.se\/urban-landskapsdesign\/#primaryimage\"},\"image\":{\"@id\":\"https:\/\/arkiteka.se\/urban-landskapsdesign\/#primaryimage\"},\"thumbnailUrl\":\"https:\/\/arkiteka.se\/wp-content\/uploads\/2023\/03\/urban-landskapsdesign-valand.webp\",\"datePublished\":\"2023-01-15T21:14:14+00:00\",\"dateModified\":\"2024-03-22T09:51:20+00:00\",\"description\":\"Urban landskapsdesign f\u00f6r parker, gator och torg i svenska, spanska och belgiska st\u00e4der. Gjorda s\u00e5 att alla ska kunna vara med och ta plats.\",\"breadcrumb\":{\"@id\":\"https:\/\/arkiteka.se\/urban-landskapsdesign\/#breadcrumb\"},\"inLanguage\":\"en-GB\",\"potentialAction\":[{\"@type\":\"ReadAction\",\"target\":[\"https:\/\/arkiteka.se\/urban-landskapsdesign\/\"]}]},{\"@type\":\"ImageObject\",\"inLanguage\":\"en-GB\",\"@id\":\"https:\/\/arkiteka.se\/urban-landskapsdesign\/#primaryimage\",\"url\":\"https:\/\/arkiteka.se\/wp-content\/uploads\/2023\/03\/urban-landskapsdesign-valand.webp\",\"contentUrl\":\"https:\/\/arkiteka.se\/wp-content\/uploads\/2023\/03\/urban-landskapsdesign-valand.webp\",\"width\":1920,\"height\":1080},{\"@type\":\"BreadcrumbList\",\"@id\":\"https:\/\/arkiteka.se\/urban-landskapsdesign\/#breadcrumb\",\"itemListElement\":[{\"@type\":\"ListItem\",\"position\":1,\"name\":\"Home\",\"item\":\"https:\/\/arkiteka.se\/\"},{\"@type\":\"ListItem\",\"position\":2,\"name\":\"Urbana landskap\"}]},{\"@type\":\"WebSite\",\"@id\":\"https:\/\/arkiteka.se\/#website\",\"url\":\"https:\/\/arkiteka.se\/\",\"name\":\"arkiteka\",\"description\":\"arkitekt \/ landskapsarkitekt\",\"publisher\":{\"@id\":\"https:\/\/arkiteka.se\/#organization\"},\"potentialAction\":[{\"@type\":\"SearchAction\",\"target\":{\"@type\":\"EntryPoint\",\"urlTemplate\":\"https:\/\/arkiteka.se\/?s={search_term_string}\"},\"query-input\":\"required name=search_term_string\"}],\"inLanguage\":\"en-GB\"},{\"@type\":\"Organization\",\"@id\":\"https:\/\/arkiteka.se\/#organization\",\"name\":\"Arkiteka\",\"url\":\"https:\/\/arkiteka.se\/\",\"logo\":{\"@type\":\"ImageObject\",\"inLanguage\":\"en-GB\",\"@id\":\"https:\/\/arkiteka.se\/#\/schema\/logo\/image\/\",\"url\":\"https:\/\/arkiteka.se\/wp-content\/uploads\/2023\/02\/arkiteka-logo.jpg\",\"contentUrl\":\"https:\/\/arkiteka.se\/wp-content\/uploads\/2023\/02\/arkiteka-logo.jpg\",\"width\":1200,\"height\":675,\"caption\":\"Arkiteka\"},\"image\":{\"@id\":\"https:\/\/arkiteka.se\/#\/schema\/logo\/image\/\"}}]}<\/script>\n<!-- \/ Yoast SEO plugin. -->","yoast_head_json":{"title":"Urbana landskap | arkiteka","description":"Urban landskapsdesign f\u00f6r parker, gator och torg i svenska, spanska och belgiska st\u00e4der. Gjorda s\u00e5 att alla ska kunna vara med och ta plats.","robots":{"index":"index","follow":"follow","max-snippet":"max-snippet:-1","max-image-preview":"max-image-preview:large","max-video-preview":"max-video-preview:-1"},"canonical":"https:\/\/arkiteka.se\/en\/urban-landskapsdesign\/","og_locale":"en_GB","og_type":"article","og_title":"Urbana landskap | arkiteka","og_description":"Urban landskapsdesign f\u00f6r parker, gator och torg i svenska, spanska och belgiska st\u00e4der. Gjorda s\u00e5 att alla ska kunna vara med och ta plats.","og_url":"https:\/\/arkiteka.se\/en\/urban-landskapsdesign\/","og_site_name":"arkiteka","article_modified_time":"2024-03-22T09:51:20+00:00","og_image":[{"width":1920,"height":1080,"url":"http:\/\/arkiteka.se\/wp-content\/uploads\/2023\/03\/urban-landskapsdesign-valand.webp","type":"image\/webp"}],"twitter_card":"summary_large_image","twitter_misc":{"Estimated reading time":"5 minutes"},"schema":{"@context":"https:\/\/schema.org","@graph":[{"@type":"WebPage","@id":"https:\/\/arkiteka.se\/urban-landskapsdesign\/","url":"https:\/\/arkiteka.se\/urban-landskapsdesign\/","name":"Urbana landskap | arkiteka","isPartOf":{"@id":"https:\/\/arkiteka.se\/#website"},"primaryImageOfPage":{"@id":"https:\/\/arkiteka.se\/urban-landskapsdesign\/#primaryimage"},"image":{"@id":"https:\/\/arkiteka.se\/urban-landskapsdesign\/#primaryimage"},"thumbnailUrl":"https:\/\/arkiteka.se\/wp-content\/uploads\/2023\/03\/urban-landskapsdesign-valand.webp","datePublished":"2023-01-15T21:14:14+00:00","dateModified":"2024-03-22T09:51:20+00:00","description":"Urban landskapsdesign f\u00f6r parker, gator och torg i svenska, spanska och belgiska st\u00e4der. Gjorda s\u00e5 att alla ska kunna vara med och ta plats.","breadcrumb":{"@id":"https:\/\/arkiteka.se\/urban-landskapsdesign\/#breadcrumb"},"inLanguage":"en-GB","potentialAction":[{"@type":"ReadAction","target":["https:\/\/arkiteka.se\/urban-landskapsdesign\/"]}]},{"@type":"ImageObject","inLanguage":"en-GB","@id":"https:\/\/arkiteka.se\/urban-landskapsdesign\/#primaryimage","url":"https:\/\/arkiteka.se\/wp-content\/uploads\/2023\/03\/urban-landskapsdesign-valand.webp","contentUrl":"https:\/\/arkiteka.se\/wp-content\/uploads\/2023\/03\/urban-landskapsdesign-valand.webp","width":1920,"height":1080},{"@type":"BreadcrumbList","@id":"https:\/\/arkiteka.se\/urban-landskapsdesign\/#breadcrumb","itemListElement":[{"@type":"ListItem","position":1,"name":"Home","item":"https:\/\/arkiteka.se\/"},{"@type":"ListItem","position":2,"name":"Urbana landskap"}]},{"@type":"WebSite","@id":"https:\/\/arkiteka.se\/#website","url":"https:\/\/arkiteka.se\/","name":"arkiteka","description":"arkitekt \/ landskapsarkitekt","publisher":{"@id":"https:\/\/arkiteka.se\/#organization"},"potentialAction":[{"@type":"SearchAction","target":{"@type":"EntryPoint","urlTemplate":"https:\/\/arkiteka.se\/?s={search_term_string}"},"query-input":"required name=search_term_string"}],"inLanguage":"en-GB"},{"@type":"Organization","@id":"https:\/\/arkiteka.se\/#organization","name":"Arkiteka","url":"https:\/\/arkiteka.se\/","logo":{"@type":"ImageObject","inLanguage":"en-GB","@id":"https:\/\/arkiteka.se\/#\/schema\/logo\/image\/","url":"https:\/\/arkiteka.se\/wp-content\/uploads\/2023\/02\/arkiteka-logo.jpg","contentUrl":"https:\/\/arkiteka.se\/wp-content\/uploads\/2023\/02\/arkiteka-logo.jpg","width":1200,"height":675,"caption":"Arkiteka"},"image":{"@id":"https:\/\/arkiteka.se\/#\/schema\/logo\/image\/"}}]}},"_links":{"self":[{"href":"https:\/\/arkiteka.se\/en\/wp-json\/wp\/v2\/pages\/298","targetHints":{"allow":["GET"]}}],"collection":[{"href":"https:\/\/arkiteka.se\/en\/wp-json\/wp\/v2\/pages"}],"about":[{"href":"https:\/\/arkiteka.se\/en\/wp-json\/wp\/v2\/types\/page"}],"author":[{"embeddable":true,"href":"https:\/\/arkiteka.se\/en\/wp-json\/wp\/v2\/users\/1"}],"replies":[{"embeddable":true,"href":"https:\/\/arkiteka.se\/en\/wp-json\/wp\/v2\/comments?post=298"}],"version-history":[{"count":58,"href":"https:\/\/arkiteka.se\/en\/wp-json\/wp\/v2\/pages\/298\/revisions"}],"predecessor-version":[{"id":3000,"href":"https:\/\/arkiteka.se\/en\/wp-json\/wp\/v2\/pages\/298\/revisions\/3000"}],"wp:featuredmedia":[{"embeddable":true,"href":"https:\/\/arkiteka.se\/en\/wp-json\/wp\/v2\/media\/1214"}],"wp:attachment":[{"href":"https:\/\/arkiteka.se\/en\/wp-json\/wp\/v2\/media?parent=298"}],"curies":[{"name":"wp","href":"https:\/\/api.w.org\/{rel}","templated":true}]}}