{"id":292,"date":"2023-02-15T21:11:29","date_gmt":"2023-02-15T21:11:29","guid":{"rendered":"https:\/\/arkiteka.se\/?page_id=292"},"modified":"2024-03-22T10:05:24","modified_gmt":"2024-03-22T10:05:24","slug":"urban-mobeldesign","status":"publish","type":"page","link":"https:\/\/arkiteka.se\/en\/urban-mobeldesign\/","title":{"rendered":"Urban m\u00f6beldesign"},"content":{"rendered":"<div data-elementor-type=\"wp-page\" data-elementor-id=\"292\" class=\"elementor elementor-292\" data-elementor-post-type=\"page\">\n\t\t\t\t\t\t<section class=\"elementor-section elementor-top-section elementor-element elementor-element-751a0ff elementor-section-full_width elementor-section-content-middle elementor-section-height-default elementor-section-height-default\" data-id=\"751a0ff\" data-element_type=\"section\" data-settings=\"{&quot;background_background&quot;:&quot;classic&quot;,&quot;sticky&quot;:&quot;top&quot;,&quot;sticky_on&quot;:[&quot;desktop&quot;,&quot;tablet&quot;,&quot;mobile&quot;],&quot;sticky_offset&quot;:0,&quot;sticky_effects_offset&quot;:0}\">\n\t\t\t\t\t\t<div class=\"elementor-container elementor-column-gap-extended\">\n\t\t\t\t\t<div class=\"elementor-column elementor-col-100 elementor-top-column elementor-element elementor-element-66b6553\" data-id=\"66b6553\" data-element_type=\"column\">\n\t\t\t<div class=\"elementor-widget-wrap elementor-element-populated\">\n\t\t\t\t\t\t<section class=\"elementor-section elementor-inner-section elementor-element elementor-element-f59a811 elementor-section-content-middle elementor-section-boxed elementor-section-height-default elementor-section-height-default\" data-id=\"f59a811\" data-element_type=\"section\">\n\t\t\t\t\t\t<div class=\"elementor-container elementor-column-gap-no\">\n\t\t\t\t\t<div class=\"elementor-column elementor-col-50 elementor-inner-column elementor-element elementor-element-d24e23e\" data-id=\"d24e23e\" data-element_type=\"column\">\n\t\t\t<div class=\"elementor-widget-wrap elementor-element-populated\">\n\t\t\t\t\t\t<div class=\"elementor-element elementor-element-3b71d35 elementor-widget-mobile__width-inherit elementor-widget elementor-widget-global elementor-global-2047 elementor-widget-image\" data-id=\"3b71d35\" data-element_type=\"widget\" data-widget_type=\"image.default\">\n\t\t\t\t<div class=\"elementor-widget-container\">\n\t\t\t<style>\/*! elementor - v3.21.0 - 15-04-2024 *\/\n.elementor-widget-image{text-align:center}.elementor-widget-image a{display:inline-block}.elementor-widget-image a img[src$=\".svg\"]{width:48px}.elementor-widget-image img{vertical-align:middle;display:inline-block}<\/style>\t\t\t\t\t\t\t\t\t\t\t<a href=\"https:\/\/arkiteka.se\/en\">\n\t\t\t\t\t\t\t<img fetchpriority=\"high\" decoding=\"async\" width=\"600\" height=\"100\" src=\"https:\/\/arkiteka.se\/wp-content\/uploads\/2023\/04\/arkiteka-1-e1680536456634.png\" class=\"attachment-full size-full wp-image-1831\" alt=\"\" srcset=\"https:\/\/arkiteka.se\/wp-content\/uploads\/2023\/04\/arkiteka-1-e1680536456634.png 600w, https:\/\/arkiteka.se\/wp-content\/uploads\/2023\/04\/arkiteka-1-e1680536456634-300x50.png 300w, https:\/\/arkiteka.se\/wp-content\/uploads\/2023\/04\/arkiteka-1-e1680536456634-18x3.png 18w\" sizes=\"(max-width: 600px) 100vw, 600px\" \/>\t\t\t\t\t\t\t\t<\/a>\n\t\t\t\t\t\t\t\t\t\t\t\t\t<\/div>\n\t\t\t\t<\/div>\n\t\t\t\t\t<\/div>\n\t\t<\/div>\n\t\t\t\t<div class=\"elementor-column elementor-col-50 elementor-inner-column elementor-element elementor-element-d6614ff\" data-id=\"d6614ff\" data-element_type=\"column\">\n\t\t\t<div class=\"elementor-widget-wrap elementor-element-populated\">\n\t\t\t\t\t\t<div class=\"elementor-element elementor-element-0634d7c elementor-widget-mobile__width-initial elementor-widget elementor-widget-global elementor-global-1941 elementor-widget-full-screen-menu-for-elementor\" data-id=\"0634d7c\" data-element_type=\"widget\" data-widget_type=\"full-screen-menu-for-elementor.default\">\n\t\t\t\t<div class=\"elementor-widget-container\">\n\t\t\t\t\t<div class=\"fsmfe-wrapper\">\n\t\t\t<input type=\"checkbox\" id=\"menu-toggle-69f2de3f79819\" class=\"menu-toggle\">\n\t\t\t<label for=\"menu-toggle-69f2de3f79819\" class=\"icon-bars\">\n\t\t\t\t<span class=\"icon-bar bar-top\"><\/span>\n\t\t\t\t<span class=\"icon-bar bar-middle\"><\/span>\n\t\t\t\t<span class=\"icon-bar bar-bottom\"><\/span>\n\t\t\t<\/label>\n\t\t\t<div class=\"menu-overlay\">\n\t\t\t\t<div class=\"content-type-menu\">\n\t\t\t\t\t<ul id=\"menu-meny\" class=\"content-type-menu\"><li id=\"menu-item-1987\" class=\"menu-item menu-item-type-custom menu-item-object-custom menu-item-has-children menu-item-1987\"><a href=\"https:\/\/arkiteka.se\/en\/\">Projekt<\/a>\n<ul class=\"sub-menu\">\n\t<li id=\"menu-item-986\" class=\"menu-item menu-item-type-post_type menu-item-object-page menu-item-986\"><a href=\"https:\/\/arkiteka.se\/en\/offentlig-arkitektur\/\">Offentlig arkitektur<\/a><\/li>\n\t<li id=\"menu-item-987\" class=\"menu-item menu-item-type-post_type menu-item-object-page menu-item-987\"><a href=\"https:\/\/arkiteka.se\/en\/hus-och-landskap\/\">Hus och landskap<\/a><\/li>\n\t<li id=\"menu-item-988\" class=\"menu-item menu-item-type-post_type menu-item-object-page menu-item-988\"><a href=\"https:\/\/arkiteka.se\/en\/urban-landskapsdesign\/\">Urbana landskap<\/a><\/li>\n\t<li id=\"menu-item-990\" class=\"menu-item menu-item-type-post_type menu-item-object-page menu-item-990\"><a href=\"https:\/\/arkiteka.se\/en\/leklandskap\/\">Leklandskap<\/a><\/li>\n\t<li id=\"menu-item-991\" class=\"menu-item menu-item-type-post_type menu-item-object-page menu-item-991\"><a href=\"https:\/\/arkiteka.se\/en\/urban-mobeldesign\/\">Urban m\u00f6beldesign<\/a><\/li>\n\t<li id=\"menu-item-992\" class=\"menu-item menu-item-type-post_type menu-item-object-page menu-item-992\"><a href=\"https:\/\/arkiteka.se\/en\/asfaltmalning\/\">Dekorativ asfaltm\u00e5lning<\/a><\/li>\n\t<li id=\"menu-item-989\" class=\"menu-item menu-item-type-post_type menu-item-object-page menu-item-989\"><a href=\"https:\/\/arkiteka.se\/en\/aa-lab\/\">AA LAB<\/a><\/li>\n<\/ul>\n<\/li>\n<li id=\"menu-item-998\" class=\"menu-item menu-item-type-post_type menu-item-object-page menu-item-998\"><a href=\"https:\/\/arkiteka.se\/en\/om-oss\/\">Om oss<\/a><\/li>\n<li id=\"menu-item-997\" class=\"menu-item menu-item-type-post_type menu-item-object-page menu-item-has-children menu-item-997\"><a href=\"https:\/\/arkiteka.se\/en\/om-oss-2\/\">Kontakt<\/a>\n<ul class=\"sub-menu\">\n\t<li id=\"menu-item-1096\" class=\"menu-item menu-item-type-post_type menu-item-object-page menu-item-1096\"><a href=\"https:\/\/arkiteka.se\/en\/om-oss-2\/\">Kontaktform<\/a><\/li>\n\t<li id=\"menu-item-999\" class=\"menu-item menu-item-type-custom menu-item-object-custom menu-item-999\"><a href=\"mailto:info@arkiteka.se\">info@arkiteka.se<\/a><\/li>\n\t<li id=\"menu-item-1000\" class=\"menu-item menu-item-type-custom menu-item-object-custom menu-item-1000\"><a>+46 72 914 8530<\/a><\/li>\n\t<li id=\"menu-item-1095\" class=\"menu-item menu-item-type-custom menu-item-object-custom menu-item-1095\"><a href=\"https:\/\/www.linkedin.com\/in\/ilya-kruglyak\/\">LinkedIn<\/a><\/li>\n<\/ul>\n<\/li>\n<\/ul>\t\t\t\t<\/div>\n\t\t\t<\/div>\n\t\t<\/div>\n\t\t\t\t<\/div>\n\t\t\t\t<\/div>\n\t\t\t\t\t<\/div>\n\t\t<\/div>\n\t\t\t\t\t<\/div>\n\t\t<\/section>\n\t\t\t\t<div class=\"elementor-element elementor-element-eb3fb14 elementor-nav-menu__align-left elementor-hidden-tablet elementor-hidden-mobile elementor-widget__width-auto elementor-nav-menu--dropdown-tablet elementor-nav-menu__text-align-aside elementor-nav-menu--toggle elementor-nav-menu--burger elementor-widget elementor-widget-nav-menu\" data-id=\"eb3fb14\" data-element_type=\"widget\" data-settings=\"{&quot;layout&quot;:&quot;horizontal&quot;,&quot;submenu_icon&quot;:{&quot;value&quot;:&quot;&lt;i class=\\&quot;fas fa-caret-down\\&quot;&gt;&lt;\\\/i&gt;&quot;,&quot;library&quot;:&quot;fa-solid&quot;},&quot;toggle&quot;:&quot;burger&quot;}\" data-widget_type=\"nav-menu.default\">\n\t\t\t\t<div class=\"elementor-widget-container\">\n\t\t\t<link rel=\"stylesheet\" href=\"https:\/\/arkiteka.se\/wp-content\/plugins\/elementor-pro\/assets\/css\/widget-nav-menu.min.css\">\t\t\t<nav class=\"elementor-nav-menu--main elementor-nav-menu__container elementor-nav-menu--layout-horizontal e--pointer-none\">\n\t\t\t\t<ul id=\"menu-1-eb3fb14\" class=\"elementor-nav-menu\"><li class=\"menu-item menu-item-type-post_type menu-item-object-page menu-item-310\"><a href=\"https:\/\/arkiteka.se\/en\/offentlig-arkitektur\/\" class=\"elementor-item\">Offentlig arkitektur<\/a><\/li>\n<li class=\"menu-item menu-item-type-post_type menu-item-object-page menu-item-311\"><a href=\"https:\/\/arkiteka.se\/en\/hus-och-landskap\/\" class=\"elementor-item\">Hus och landskap<\/a><\/li>\n<li class=\"menu-item menu-item-type-post_type menu-item-object-page menu-item-312\"><a href=\"https:\/\/arkiteka.se\/en\/urban-landskapsdesign\/\" class=\"elementor-item\">Urbana landskap<\/a><\/li>\n<li class=\"menu-item menu-item-type-post_type menu-item-object-page menu-item-314\"><a href=\"https:\/\/arkiteka.se\/en\/leklandskap\/\" class=\"elementor-item\">Leklandskap<\/a><\/li>\n<li class=\"menu-item menu-item-type-post_type menu-item-object-page menu-item-315\"><a href=\"https:\/\/arkiteka.se\/en\/urban-mobeldesign\/\" class=\"elementor-item\">Urban m\u00f6beldesign<\/a><\/li>\n<li class=\"menu-item menu-item-type-post_type menu-item-object-page menu-item-317\"><a href=\"https:\/\/arkiteka.se\/en\/asfaltmalning\/\" class=\"elementor-item\">Dekorativ asfaltm\u00e5lning<\/a><\/li>\n<li class=\"menu-item menu-item-type-post_type menu-item-object-page menu-item-313\"><a href=\"https:\/\/arkiteka.se\/en\/aa-lab\/\" class=\"elementor-item\">AA LAB<\/a><\/li>\n<\/ul>\t\t\t<\/nav>\n\t\t\t\t\t<div class=\"elementor-menu-toggle\" role=\"button\" tabindex=\"0\" aria-label=\"Menu Toggle\" aria-expanded=\"false\">\n\t\t\t<i aria-hidden=\"true\" role=\"presentation\" class=\"elementor-menu-toggle__icon--open eicon-menu-bar\"><\/i><i aria-hidden=\"true\" role=\"presentation\" class=\"elementor-menu-toggle__icon--close eicon-close\"><\/i>\t\t\t<span class=\"elementor-screen-only\">Menu<\/span>\n\t\t<\/div>\n\t\t\t\t\t<nav class=\"elementor-nav-menu--dropdown elementor-nav-menu__container\" aria-hidden=\"true\">\n\t\t\t\t<ul id=\"menu-2-eb3fb14\" class=\"elementor-nav-menu\"><li class=\"menu-item menu-item-type-post_type menu-item-object-page menu-item-310\"><a href=\"https:\/\/arkiteka.se\/en\/offentlig-arkitektur\/\" class=\"elementor-item\" tabindex=\"-1\">Offentlig arkitektur<\/a><\/li>\n<li class=\"menu-item menu-item-type-post_type menu-item-object-page menu-item-311\"><a href=\"https:\/\/arkiteka.se\/en\/hus-och-landskap\/\" class=\"elementor-item\" tabindex=\"-1\">Hus och landskap<\/a><\/li>\n<li class=\"menu-item menu-item-type-post_type menu-item-object-page menu-item-312\"><a href=\"https:\/\/arkiteka.se\/en\/urban-landskapsdesign\/\" class=\"elementor-item\" tabindex=\"-1\">Urbana landskap<\/a><\/li>\n<li class=\"menu-item menu-item-type-post_type menu-item-object-page menu-item-314\"><a href=\"https:\/\/arkiteka.se\/en\/leklandskap\/\" class=\"elementor-item\" tabindex=\"-1\">Leklandskap<\/a><\/li>\n<li class=\"menu-item menu-item-type-post_type menu-item-object-page menu-item-315\"><a href=\"https:\/\/arkiteka.se\/en\/urban-mobeldesign\/\" class=\"elementor-item\" tabindex=\"-1\">Urban m\u00f6beldesign<\/a><\/li>\n<li class=\"menu-item menu-item-type-post_type menu-item-object-page menu-item-317\"><a href=\"https:\/\/arkiteka.se\/en\/asfaltmalning\/\" class=\"elementor-item\" tabindex=\"-1\">Dekorativ asfaltm\u00e5lning<\/a><\/li>\n<li class=\"menu-item menu-item-type-post_type menu-item-object-page menu-item-313\"><a href=\"https:\/\/arkiteka.se\/en\/aa-lab\/\" class=\"elementor-item\" tabindex=\"-1\">AA LAB<\/a><\/li>\n<\/ul>\t\t\t<\/nav>\n\t\t\t\t<\/div>\n\t\t\t\t<\/div>\n\t\t\t\t\t<\/div>\n\t\t<\/div>\n\t\t\t\t\t<\/div>\n\t\t<\/section>\n\t\t\t\t<section class=\"elementor-section elementor-top-section elementor-element elementor-element-450c4ad elementor-section-content-top elementor-section-stretched elementor-section-boxed elementor-section-height-default elementor-section-height-default\" data-id=\"450c4ad\" data-element_type=\"section\" data-settings=\"{&quot;stretch_section&quot;:&quot;section-stretched&quot;}\">\n\t\t\t\t\t\t<div class=\"elementor-container elementor-column-gap-no\">\n\t\t\t\t\t<div class=\"elementor-column elementor-col-100 elementor-top-column elementor-element elementor-element-cd957e2\" data-id=\"cd957e2\" data-element_type=\"column\">\n\t\t\t<div class=\"elementor-widget-wrap elementor-element-populated\">\n\t\t\t\t\t\t<div class=\"elementor-element elementor-element-0baca1a elementor-widget elementor-widget-image\" data-id=\"0baca1a\" data-element_type=\"widget\" data-widget_type=\"image.default\">\n\t\t\t\t<div class=\"elementor-widget-container\">\n\t\t\t\t\t\t\t\t\t\t\t\t\t<img decoding=\"async\" width=\"1920\" height=\"1080\" src=\"https:\/\/arkiteka.se\/wp-content\/uploads\/2023\/03\/urbana-mobler-garda-vesta.webp\" class=\"attachment-full size-full wp-image-1233\" alt=\"\" srcset=\"https:\/\/arkiteka.se\/wp-content\/uploads\/2023\/03\/urbana-mobler-garda-vesta.webp 1920w, https:\/\/arkiteka.se\/wp-content\/uploads\/2023\/03\/urbana-mobler-garda-vesta-300x169.webp 300w, https:\/\/arkiteka.se\/wp-content\/uploads\/2023\/03\/urbana-mobler-garda-vesta-1024x576.webp 1024w, https:\/\/arkiteka.se\/wp-content\/uploads\/2023\/03\/urbana-mobler-garda-vesta-768x432.webp 768w, https:\/\/arkiteka.se\/wp-content\/uploads\/2023\/03\/urbana-mobler-garda-vesta-1536x864.webp 1536w\" sizes=\"(max-width: 1920px) 100vw, 1920px\" \/>\t\t\t\t\t\t\t\t\t\t\t\t\t<\/div>\n\t\t\t\t<\/div>\n\t\t\t\t<section class=\"elementor-section elementor-inner-section elementor-element elementor-element-96fadcc elementor-section-content-top elementor-section-boxed elementor-section-height-default elementor-section-height-default\" data-id=\"96fadcc\" data-element_type=\"section\">\n\t\t\t\t\t\t<div class=\"elementor-container elementor-column-gap-no\">\n\t\t\t\t\t<div class=\"elementor-column elementor-col-50 elementor-inner-column elementor-element elementor-element-b91779e\" data-id=\"b91779e\" data-element_type=\"column\">\n\t\t\t<div class=\"elementor-widget-wrap elementor-element-populated\">\n\t\t\t\t\t\t<div class=\"elementor-element elementor-element-c32ed2d elementor-widget__width-initial elementor-widget-mobile__width-initial elementor-blockquote--skin-border elementor-blockquote--button-color-official elementor-widget elementor-widget-blockquote\" data-id=\"c32ed2d\" data-element_type=\"widget\" data-widget_type=\"blockquote.default\">\n\t\t\t\t<div class=\"elementor-widget-container\">\n\t\t\t<style>\/*! elementor-pro - v3.15.0 - 09-08-2023 *\/\n@charset \"UTF-8\";.entry-content blockquote.elementor-blockquote:not(.alignright):not(.alignleft),.entry-summary blockquote.elementor-blockquote{margin-right:0;margin-left:0}.elementor-widget-blockquote blockquote{margin:0;padding:0;outline:0;font-size:100%;vertical-align:baseline;background:transparent;quotes:none;border:0;font-style:normal;color:#3f444b}.elementor-widget-blockquote blockquote .e-q-footer:after,.elementor-widget-blockquote blockquote .e-q-footer:before,.elementor-widget-blockquote blockquote:after,.elementor-widget-blockquote blockquote:before,.elementor-widget-blockquote blockquote cite:after,.elementor-widget-blockquote blockquote cite:before{content:none}.elementor-blockquote{transition:.3s}.elementor-blockquote__author,.elementor-blockquote__content{margin-bottom:0;font-style:normal}.elementor-blockquote__author{font-weight:700}.elementor-blockquote .e-q-footer{margin-top:12px;display:flex;justify-content:space-between}.elementor-blockquote__tweet-button{display:flex;transition:.3s;color:#1da1f2;align-self:flex-end;line-height:1;position:relative;width:-moz-max-content;width:max-content}.elementor-blockquote__tweet-button:hover{color:#0967a0}.elementor-blockquote__tweet-button span{font-weight:600}.elementor-blockquote__tweet-button i,.elementor-blockquote__tweet-button span{vertical-align:middle}.elementor-blockquote__tweet-button i+span,.elementor-blockquote__tweet-button svg+span{margin-left:.5em}.elementor-blockquote__tweet-button svg{fill:#1da1f2;height:1em;width:1em}.elementor-blockquote__tweet-label{white-space:pre-wrap}.elementor-blockquote--button-skin-bubble .elementor-blockquote__tweet-button,.elementor-blockquote--button-skin-classic .elementor-blockquote__tweet-button{padding:.7em 1.2em;border-radius:100em;background-color:#1da1f2;color:#fff;font-size:15px}.elementor-blockquote--button-skin-bubble .elementor-blockquote__tweet-button:hover,.elementor-blockquote--button-skin-classic .elementor-blockquote__tweet-button:hover{background-color:#0967a0;color:#fff}.elementor-blockquote--button-skin-bubble .elementor-blockquote__tweet-button:hover:before,.elementor-blockquote--button-skin-classic .elementor-blockquote__tweet-button:hover:before{border-right-color:#0967a0}.elementor-blockquote--button-skin-bubble .elementor-blockquote__tweet-button svg,.elementor-blockquote--button-skin-classic .elementor-blockquote__tweet-button svg{fill:#fff;height:1em;width:1em}.elementor-blockquote--button-skin-bubble.elementor-blockquote--button-view-icon .elementor-blockquote__tweet-button,.elementor-blockquote--button-skin-classic.elementor-blockquote--button-view-icon .elementor-blockquote__tweet-button{padding:0;width:2em;height:2em}.elementor-blockquote--button-skin-bubble.elementor-blockquote--button-view-icon .elementor-blockquote__tweet-button i,.elementor-blockquote--button-skin-classic.elementor-blockquote--button-view-icon .elementor-blockquote__tweet-button i{position:absolute;left:50%;top:50%;transform:translate(-50%,-50%)}.elementor-blockquote--button-skin-bubble .elementor-blockquote__tweet-button:before{content:\"\";border:.5em solid transparent;border-right-color:#1da1f2;position:absolute;left:-.8em;top:50%;transform:translateY(-50%) scaleY(.65);transition:.3s}.elementor-blockquote--button-skin-bubble.elementor-blockquote--align-left .elementor-blockquote__tweet-button:before{right:auto;left:-.8em;border-right-color:#1da1f2;border-left-color:transparent}.elementor-blockquote--button-skin-bubble.elementor-blockquote--align-left .elementor-blockquote__tweet-button:hover:before{border-right-color:#0967a0}.elementor-blockquote--button-skin-bubble.elementor-blockquote--align-right .elementor-blockquote__tweet-button:before{left:auto;right:-.8em;border-right-color:transparent;border-left-color:#1da1f2}.elementor-blockquote--button-skin-bubble.elementor-blockquote--align-right .elementor-blockquote__tweet-button:hover:before{border-left-color:#0967a0}.elementor-blockquote--skin-boxed .elementor-blockquote{background-color:#f9fafa;padding:30px}.elementor-blockquote--skin-border .elementor-blockquote{border-color:#f9fafa;border-left:7px #f9fafa;border-style:solid;padding-left:20px}.elementor-blockquote--skin-quotation .elementor-blockquote:before{content:\"\u201c\";font-size:100px;color:#f9fafa;font-family:Times New Roman,Times,serif;font-weight:900;line-height:1;display:block;height:.6em}.elementor-blockquote--skin-quotation .elementor-blockquote__content{margin-top:15px}.elementor-blockquote--align-left .elementor-blockquote__content{text-align:left}.elementor-blockquote--align-left .elementor-blockquote .e-q-footer{flex-direction:row}.elementor-blockquote--align-right .elementor-blockquote__content{text-align:right}.elementor-blockquote--align-right .elementor-blockquote .e-q-footer{flex-direction:row-reverse}.elementor-blockquote--align-center .elementor-blockquote{text-align:center}.elementor-blockquote--align-center .elementor-blockquote .e-q-footer,.elementor-blockquote--align-center .elementor-blockquote__author{display:block}.elementor-blockquote--align-center .elementor-blockquote__tweet-button{margin-right:auto;margin-left:auto}<\/style>\t\t<blockquote class=\"elementor-blockquote\">\n\t\t\t<p class=\"elementor-blockquote__content\">\n\t\t\t\tUrban m\u00f6beldesign som \u00e4r \u00f6ppen och l\u00e5ter dig sitta som du vill.\t\t\t<\/p>\n\t\t\t\t\t<\/blockquote>\n\t\t\t\t<\/div>\n\t\t\t\t<\/div>\n\t\t\t\t\t<\/div>\n\t\t<\/div>\n\t\t\t\t<div class=\"elementor-column elementor-col-50 elementor-inner-column elementor-element elementor-element-1715804\" data-id=\"1715804\" data-element_type=\"column\">\n\t\t\t<div class=\"elementor-widget-wrap elementor-element-populated\">\n\t\t\t\t\t\t<div class=\"elementor-element elementor-element-ec51a7a elementor-widget elementor-widget-text-editor\" data-id=\"ec51a7a\" data-element_type=\"widget\" data-widget_type=\"text-editor.default\">\n\t\t\t\t<div class=\"elementor-widget-container\">\n\t\t\t<style>\/*! elementor - v3.21.0 - 15-04-2024 *\/\n.elementor-widget-text-editor.elementor-drop-cap-view-stacked .elementor-drop-cap{background-color:#69727d;color:#fff}.elementor-widget-text-editor.elementor-drop-cap-view-framed .elementor-drop-cap{color:#69727d;border:3px solid;background-color:transparent}.elementor-widget-text-editor:not(.elementor-drop-cap-view-default) .elementor-drop-cap{margin-top:8px}.elementor-widget-text-editor:not(.elementor-drop-cap-view-default) .elementor-drop-cap-letter{width:1em;height:1em}.elementor-widget-text-editor .elementor-drop-cap{float:left;text-align:center;line-height:1;font-size:50px}.elementor-widget-text-editor .elementor-drop-cap-letter{display:inline-block}<\/style>\t\t\t\t<p>G\u00e5rda Vesta b\u00e4nk &#8211; G\u00f6teborg<br>Upphovsman: White arkitekter<\/p>\t\t\t\t\t\t<\/div>\n\t\t\t\t<\/div>\n\t\t\t\t\t<\/div>\n\t\t<\/div>\n\t\t\t\t\t<\/div>\n\t\t<\/section>\n\t\t\t\t\t<\/div>\n\t\t<\/div>\n\t\t\t\t\t<\/div>\n\t\t<\/section>\n\t\t\t\t<section class=\"elementor-section elementor-top-section elementor-element elementor-element-59a20091 elementor-section-boxed elementor-section-height-default elementor-section-height-default\" data-id=\"59a20091\" data-element_type=\"section\">\n\t\t\t\t\t\t<div class=\"elementor-container elementor-column-gap-default\">\n\t\t\t\t\t<div class=\"elementor-column elementor-col-100 elementor-top-column elementor-element elementor-element-5971213c\" data-id=\"5971213c\" data-element_type=\"column\">\n\t\t\t<div class=\"elementor-widget-wrap elementor-element-populated\">\n\t\t\t\t\t\t<div class=\"elementor-element elementor-element-3cc951fd elementor-invisible elementor-widget elementor-widget-text-editor\" data-id=\"3cc951fd\" data-element_type=\"widget\" data-settings=\"{&quot;_animation&quot;:&quot;fadeIn&quot;,&quot;_animation_delay&quot;:1}\" data-widget_type=\"text-editor.default\">\n\t\t\t\t<div class=\"elementor-widget-container\">\n\t\t\t\t\t\t\t<p>Olika \u00e5ldersgrupper beter sig p\u00e5 olika s\u00e4tt i den urbana milj\u00f6n. D\u00e4rf\u00f6r designar vi urbana m\u00f6bler d\u00e4r man k\u00e4nner sig bekv\u00e4m b\u00e5de ensam och i grupp, stillasittande och i r\u00f6relse.<\/p>\t\t\t\t\t\t<\/div>\n\t\t\t\t<\/div>\n\t\t\t\t\t<\/div>\n\t\t<\/div>\n\t\t\t\t\t<\/div>\n\t\t<\/section>\n\t\t\t\t<section class=\"elementor-section elementor-top-section elementor-element elementor-element-2fb33cec elementor-section-stretched elementor-section-boxed elementor-section-height-default elementor-section-height-default\" data-id=\"2fb33cec\" data-element_type=\"section\" data-settings=\"{&quot;stretch_section&quot;:&quot;section-stretched&quot;}\">\n\t\t\t\t\t\t<div class=\"elementor-container elementor-column-gap-no\">\n\t\t\t\t\t<div class=\"elementor-column elementor-col-50 elementor-top-column elementor-element elementor-element-b9d9f9e elementor-invisible\" data-id=\"b9d9f9e\" data-element_type=\"column\" data-settings=\"{&quot;animation&quot;:&quot;fadeIn&quot;,&quot;motion_fx_motion_fx_scrolling&quot;:&quot;yes&quot;,&quot;motion_fx_range&quot;:&quot;viewport&quot;,&quot;animation_delay&quot;:3,&quot;motion_fx_devices&quot;:[&quot;desktop&quot;,&quot;tablet&quot;,&quot;mobile&quot;]}\">\n\t\t\t<div class=\"elementor-widget-wrap elementor-element-populated\">\n\t\t\t\t\t\t<div class=\"elementor-element elementor-element-6259a12 elementor-widget elementor-widget-heading\" data-id=\"6259a12\" data-element_type=\"widget\" data-widget_type=\"heading.default\">\n\t\t\t\t<div class=\"elementor-widget-container\">\n\t\t\t<style>\/*! elementor - v3.21.0 - 15-04-2024 *\/\n.elementor-heading-title{padding:0;margin:0;line-height:1}.elementor-widget-heading .elementor-heading-title[class*=elementor-size-]>a{color:inherit;font-size:inherit;line-height:inherit}.elementor-widget-heading .elementor-heading-title.elementor-size-small{font-size:15px}.elementor-widget-heading .elementor-heading-title.elementor-size-medium{font-size:19px}.elementor-widget-heading .elementor-heading-title.elementor-size-large{font-size:29px}.elementor-widget-heading .elementor-heading-title.elementor-size-xl{font-size:39px}.elementor-widget-heading .elementor-heading-title.elementor-size-xxl{font-size:59px}<\/style><h1 class=\"elementor-heading-title elementor-size-default\">Inkluderande och trygg stadsmilj\u00f6<\/h1>\t\t<\/div>\n\t\t\t\t<\/div>\n\t\t\t\t<div class=\"elementor-element elementor-element-440256e2 elementor-widget elementor-widget-text-editor\" data-id=\"440256e2\" data-element_type=\"widget\" data-widget_type=\"text-editor.default\">\n\t\t\t\t<div class=\"elementor-widget-container\">\n\t\t\t\t\t\t\t<p>F\u00f6r att skapa en inkluderande och trygg stadsmilj\u00f6 \u00e4r det viktigt med genomt\u00e4nkt m\u00f6beldesign som l\u00e5ter m\u00e4nniskor best\u00e4mma sj\u00e4lva hur de vill interagera med platsen. Ett exempel \u00e4r b\u00e4nkarna p\u00e5 Tyres\u00f6 aktivetetstorg. Deras l\u00e4ngd och placering \u00f6ver inspringingsskyddet bjuder in att sitta p\u00e5 olika s\u00e4tt.\u00a0Det g\u00e5r \u00e4ven att balancera p\u00e5 inspringningskyddet mellan b\u00e4nkarna.<\/p>\t\t\t\t\t\t<\/div>\n\t\t\t\t<\/div>\n\t\t\t\t\t<\/div>\n\t\t<\/div>\n\t\t\t\t<div class=\"elementor-column elementor-col-50 elementor-top-column elementor-element elementor-element-1dd872c7 elementor-invisible\" data-id=\"1dd872c7\" data-element_type=\"column\" data-settings=\"{&quot;motion_fx_motion_fx_scrolling&quot;:&quot;yes&quot;,&quot;motion_fx_range&quot;:&quot;viewport&quot;,&quot;animation&quot;:&quot;fadeIn&quot;,&quot;animation_delay&quot;:3,&quot;motion_fx_devices&quot;:[&quot;desktop&quot;,&quot;tablet&quot;,&quot;mobile&quot;]}\">\n\t\t\t<div class=\"elementor-widget-wrap elementor-element-populated\">\n\t\t\t\t\t\t<div class=\"elementor-element elementor-element-41ea2610 elementor-widget elementor-widget-image\" data-id=\"41ea2610\" data-element_type=\"widget\" data-settings=\"{&quot;_animation&quot;:&quot;none&quot;}\" data-widget_type=\"image.default\">\n\t\t\t\t<div class=\"elementor-widget-container\">\n\t\t\t\t\t\t\t\t\t\t\t\t\t<img decoding=\"async\" width=\"800\" height=\"450\" src=\"https:\/\/arkiteka.se\/wp-content\/uploads\/2023\/03\/urbana-mobler-aktivitetstorget-1024x576.webp\" class=\"attachment-large size-large wp-image-1237\" alt=\"\" srcset=\"https:\/\/arkiteka.se\/wp-content\/uploads\/2023\/03\/urbana-mobler-aktivitetstorget-1024x576.webp 1024w, https:\/\/arkiteka.se\/wp-content\/uploads\/2023\/03\/urbana-mobler-aktivitetstorget-300x169.webp 300w, https:\/\/arkiteka.se\/wp-content\/uploads\/2023\/03\/urbana-mobler-aktivitetstorget-768x432.webp 768w, https:\/\/arkiteka.se\/wp-content\/uploads\/2023\/03\/urbana-mobler-aktivitetstorget-1536x864.webp 1536w, https:\/\/arkiteka.se\/wp-content\/uploads\/2023\/03\/urbana-mobler-aktivitetstorget.webp 1920w\" sizes=\"(max-width: 800px) 100vw, 800px\" \/>\t\t\t\t\t\t\t\t\t\t\t\t\t<\/div>\n\t\t\t\t<\/div>\n\t\t\t\t<div class=\"elementor-element elementor-element-1bea9baf elementor-widget elementor-widget-text-editor\" data-id=\"1bea9baf\" data-element_type=\"widget\" data-widget_type=\"text-editor.default\">\n\t\t\t\t<div class=\"elementor-widget-container\">\n\t\t\t\t\t\t\t<p>Aktivitetstorg &#8211; Tyres\u00f6<br \/>Upphovsman: White arkitekter<\/p>\t\t\t\t\t\t<\/div>\n\t\t\t\t<\/div>\n\t\t\t\t\t<\/div>\n\t\t<\/div>\n\t\t\t\t\t<\/div>\n\t\t<\/section>\n\t\t\t\t<section class=\"elementor-section elementor-top-section elementor-element elementor-element-136cc7fc elementor-reverse-mobile elementor-section-boxed elementor-section-height-default elementor-section-height-default\" data-id=\"136cc7fc\" data-element_type=\"section\">\n\t\t\t\t\t\t<div class=\"elementor-container elementor-column-gap-no\">\n\t\t\t\t\t<div class=\"elementor-column elementor-col-50 elementor-top-column elementor-element elementor-element-4fb9aaaa elementor-invisible\" data-id=\"4fb9aaaa\" data-element_type=\"column\" data-settings=\"{&quot;animation&quot;:&quot;fadeIn&quot;,&quot;motion_fx_motion_fx_scrolling&quot;:&quot;yes&quot;,&quot;motion_fx_range&quot;:&quot;viewport&quot;,&quot;animation_delay&quot;:3,&quot;motion_fx_devices&quot;:[&quot;desktop&quot;,&quot;tablet&quot;,&quot;mobile&quot;]}\">\n\t\t\t<div class=\"elementor-widget-wrap elementor-element-populated\">\n\t\t\t\t\t\t<div class=\"elementor-element elementor-element-3f2ce3a9 elementor-widget elementor-widget-image\" data-id=\"3f2ce3a9\" data-element_type=\"widget\" data-settings=\"{&quot;_animation&quot;:&quot;none&quot;}\" data-widget_type=\"image.default\">\n\t\t\t\t<div class=\"elementor-widget-container\">\n\t\t\t\t\t\t\t\t\t\t\t\t\t<img loading=\"lazy\" decoding=\"async\" width=\"576\" height=\"1024\" src=\"https:\/\/arkiteka.se\/wp-content\/uploads\/2023\/03\/urbana-mobler-valand-576x1024.webp\" class=\"attachment-large size-large wp-image-1238\" alt=\"\" srcset=\"https:\/\/arkiteka.se\/wp-content\/uploads\/2023\/03\/urbana-mobler-valand-576x1024.webp 576w, https:\/\/arkiteka.se\/wp-content\/uploads\/2023\/03\/urbana-mobler-valand-169x300.webp 169w, https:\/\/arkiteka.se\/wp-content\/uploads\/2023\/03\/urbana-mobler-valand-768x1365.webp 768w, https:\/\/arkiteka.se\/wp-content\/uploads\/2023\/03\/urbana-mobler-valand-864x1536.webp 864w, https:\/\/arkiteka.se\/wp-content\/uploads\/2023\/03\/urbana-mobler-valand.webp 1080w\" sizes=\"(max-width: 576px) 100vw, 576px\" \/>\t\t\t\t\t\t\t\t\t\t\t\t\t<\/div>\n\t\t\t\t<\/div>\n\t\t\t\t<div class=\"elementor-element elementor-element-70f695da elementor-widget elementor-widget-text-editor\" data-id=\"70f695da\" data-element_type=\"widget\" data-widget_type=\"text-editor.default\">\n\t\t\t\t<div class=\"elementor-widget-container\">\n\t\t\t\t\t\t\t<p>Valand torg &#8211; Kungsbacka<br \/>White arkitekter<\/p>\t\t\t\t\t\t<\/div>\n\t\t\t\t<\/div>\n\t\t\t\t\t<\/div>\n\t\t<\/div>\n\t\t\t\t<div class=\"elementor-column elementor-col-50 elementor-top-column elementor-element elementor-element-22724963 elementor-invisible\" data-id=\"22724963\" data-element_type=\"column\" data-settings=\"{&quot;motion_fx_motion_fx_scrolling&quot;:&quot;yes&quot;,&quot;motion_fx_range&quot;:&quot;viewport&quot;,&quot;animation&quot;:&quot;fadeIn&quot;,&quot;animation_delay&quot;:3,&quot;motion_fx_devices&quot;:[&quot;desktop&quot;,&quot;tablet&quot;,&quot;mobile&quot;]}\">\n\t\t\t<div class=\"elementor-widget-wrap elementor-element-populated\">\n\t\t\t\t\t\t<div class=\"elementor-element elementor-element-18df772a elementor-widget elementor-widget-text-editor\" data-id=\"18df772a\" data-element_type=\"widget\" data-widget_type=\"text-editor.default\">\n\t\t\t\t<div class=\"elementor-widget-container\">\n\t\t\t\t\t\t\t<p>Att ta plats i det offentliga rummet \u00e4r ofta sv\u00e5rast f\u00f6r unga. Studier har visat att framf\u00f6rallt ton\u00e5rstjejer tycker att det ofta \u00e4r lika jobbigt att sitta on-stage &#8211; mitt ibland kompisar, som off-stage tryckt i ett h\u00f6rn. Man vill kanske inte ha allas uppm\u00e4rksamhet men \u00e4nd\u00e5 k\u00e4nna att man \u00e4r med i gruppen. En l\u00f6sning \u00e4r vad man kallar on-stage\/off-stage \u2013 flexibla sittplatser med flera niv\u00e5r som till exempel b\u00e4nk- och v\u00e4xtm\u00f6beln i Valand, Kungsbacka. Eftersom b\u00e4nken \u00e4r djupare \u00e4n normalt och har tv\u00e5 trappsteg bjuds man in till att ta plats b\u00e5de som individ och som grupp.<\/p>\t\t\t\t\t\t<\/div>\n\t\t\t\t<\/div>\n\t\t\t\t\t<\/div>\n\t\t<\/div>\n\t\t\t\t\t<\/div>\n\t\t<\/section>\n\t\t\t\t<section class=\"elementor-section elementor-top-section elementor-element elementor-element-a51e4ea elementor-section-boxed elementor-section-height-default elementor-section-height-default\" data-id=\"a51e4ea\" data-element_type=\"section\">\n\t\t\t\t\t\t<div class=\"elementor-container elementor-column-gap-no\">\n\t\t\t\t\t<div class=\"elementor-column elementor-col-100 elementor-top-column elementor-element elementor-element-1695d5c1 elementor-invisible\" data-id=\"1695d5c1\" data-element_type=\"column\" data-settings=\"{&quot;animation&quot;:&quot;fadeIn&quot;,&quot;motion_fx_motion_fx_scrolling&quot;:&quot;yes&quot;,&quot;motion_fx_range&quot;:&quot;viewport&quot;,&quot;animation_delay&quot;:6,&quot;motion_fx_devices&quot;:[&quot;desktop&quot;,&quot;tablet&quot;,&quot;mobile&quot;]}\">\n\t\t\t<div class=\"elementor-widget-wrap elementor-element-populated\">\n\t\t\t\t\t\t<div class=\"elementor-element elementor-element-1bc36ae7 elementor-widget elementor-widget-heading\" data-id=\"1bc36ae7\" data-element_type=\"widget\" data-widget_type=\"heading.default\">\n\t\t\t\t<div class=\"elementor-widget-container\">\n\t\t\t<h1 class=\"elementor-heading-title elementor-size-default\">Platsspecifik eller anpassad m\u00f6beldesign<\/h1>\t\t<\/div>\n\t\t\t\t<\/div>\n\t\t\t\t<div class=\"elementor-element elementor-element-39a0c9db elementor-widget elementor-widget-text-editor\" data-id=\"39a0c9db\" data-element_type=\"widget\" data-widget_type=\"text-editor.default\">\n\t\t\t\t<div class=\"elementor-widget-container\">\n\t\t\t\t\t\t\t<p>Urban m\u00f6beldesign kan antingen vara designad speciellt f\u00f6r platsen (tillverkade av enterpren\u00f6ren eller av en m\u00f6beltillverkare) eller genom att anpassa befintliga produkter fr\u00e5n till exempel Nola, Kompan eller andra m\u00e4rken.<\/p>\n<p>Om budgeten \u00e4r l\u00e5g kan en befintlig m\u00f6beldesign vara att f\u00f6redra, oavsett om designen anpassas till platsen eller inte. F\u00f6r aktivitetstorget i Tyres\u00f6 anpassade ilya kruglyak ett stort och dyrt kl\u00e4tterelement fr\u00e5n Kompans Corocord till ett mindre och mer kostnadseffektivt alternativ som passade torget v\u00e4l<\/p>\t\t\t\t\t\t<\/div>\n\t\t\t\t<\/div>\n\t\t\t\t\t<\/div>\n\t\t<\/div>\n\t\t\t\t\t<\/div>\n\t\t<\/section>\n\t\t\t\t<section class=\"elementor-section elementor-top-section elementor-element elementor-element-30249b47 elementor-section-stretched elementor-reverse-mobile elementor-section-boxed elementor-section-height-default elementor-section-height-default\" data-id=\"30249b47\" data-element_type=\"section\" data-settings=\"{&quot;stretch_section&quot;:&quot;section-stretched&quot;}\">\n\t\t\t\t\t\t<div class=\"elementor-container elementor-column-gap-no\">\n\t\t\t\t\t<div class=\"elementor-column elementor-col-50 elementor-top-column elementor-element elementor-element-563e5477 elementor-invisible\" data-id=\"563e5477\" data-element_type=\"column\" data-settings=\"{&quot;motion_fx_motion_fx_scrolling&quot;:&quot;yes&quot;,&quot;motion_fx_range&quot;:&quot;viewport&quot;,&quot;animation&quot;:&quot;fadeIn&quot;,&quot;animation_delay&quot;:3,&quot;motion_fx_devices&quot;:[&quot;desktop&quot;,&quot;tablet&quot;,&quot;mobile&quot;]}\">\n\t\t\t<div class=\"elementor-widget-wrap elementor-element-populated\">\n\t\t\t\t\t\t<div class=\"elementor-element elementor-element-54ed4775 elementor-widget elementor-widget-image\" data-id=\"54ed4775\" data-element_type=\"widget\" data-settings=\"{&quot;_animation&quot;:&quot;none&quot;}\" data-widget_type=\"image.default\">\n\t\t\t\t<div class=\"elementor-widget-container\">\n\t\t\t\t\t\t\t\t\t\t\t\t\t<img loading=\"lazy\" decoding=\"async\" width=\"1920\" height=\"1080\" src=\"https:\/\/arkiteka.se\/wp-content\/uploads\/2023\/03\/urbana-mobler-modulsystem.webp\" class=\"attachment-full size-full wp-image-1242\" alt=\"\" srcset=\"https:\/\/arkiteka.se\/wp-content\/uploads\/2023\/03\/urbana-mobler-modulsystem.webp 1920w, https:\/\/arkiteka.se\/wp-content\/uploads\/2023\/03\/urbana-mobler-modulsystem-300x169.webp 300w, https:\/\/arkiteka.se\/wp-content\/uploads\/2023\/03\/urbana-mobler-modulsystem-1024x576.webp 1024w, https:\/\/arkiteka.se\/wp-content\/uploads\/2023\/03\/urbana-mobler-modulsystem-768x432.webp 768w, https:\/\/arkiteka.se\/wp-content\/uploads\/2023\/03\/urbana-mobler-modulsystem-1536x864.webp 1536w\" sizes=\"(max-width: 1920px) 100vw, 1920px\" \/>\t\t\t\t\t\t\t\t\t\t\t\t\t<\/div>\n\t\t\t\t<\/div>\n\t\t\t\t\t<\/div>\n\t\t<\/div>\n\t\t\t\t<div class=\"elementor-column elementor-col-50 elementor-top-column elementor-element elementor-element-63739af elementor-invisible\" data-id=\"63739af\" data-element_type=\"column\" data-settings=\"{&quot;animation&quot;:&quot;fadeIn&quot;,&quot;motion_fx_motion_fx_scrolling&quot;:&quot;yes&quot;,&quot;motion_fx_range&quot;:&quot;viewport&quot;,&quot;animation_delay&quot;:3,&quot;motion_fx_devices&quot;:[&quot;desktop&quot;,&quot;tablet&quot;,&quot;mobile&quot;]}\">\n\t\t\t<div class=\"elementor-widget-wrap elementor-element-populated\">\n\t\t\t\t\t\t<div class=\"elementor-element elementor-element-45d9971a elementor-widget elementor-widget-text-editor\" data-id=\"45d9971a\" data-element_type=\"widget\" data-widget_type=\"text-editor.default\">\n\t\t\t\t<div class=\"elementor-widget-container\">\n\t\t\t\t\t\t\t<p>En platsspecifik m\u00f6beldesign \u00e4r \u00e5 andra sidan att f\u00f6redra om man vill skapa en mer karakt\u00e4ristisk urbanmilj\u00f6, som till exempel f\u00f6r Valandtorget i Kungsbacka.<\/p><p>En annan variant \u00e4r att designa ett modulsystem. Samma b\u00e4nkar kan d\u00e5 bilda olika formgrupper som anv\u00e4nds till olika delar av ett projekt, till exempel som b\u00e4nkarna till v\u00e4nster.<\/p>\t\t\t\t\t\t<\/div>\n\t\t\t\t<\/div>\n\t\t\t\t\t<\/div>\n\t\t<\/div>\n\t\t\t\t\t<\/div>\n\t\t<\/section>\n\t\t\t\t<section class=\"elementor-section elementor-top-section elementor-element elementor-element-48226276 elementor-section-stretched elementor-section-boxed elementor-section-height-default elementor-section-height-default\" data-id=\"48226276\" data-element_type=\"section\" data-settings=\"{&quot;stretch_section&quot;:&quot;section-stretched&quot;}\">\n\t\t\t\t\t\t<div class=\"elementor-container elementor-column-gap-no\">\n\t\t\t\t\t<div class=\"elementor-column elementor-col-100 elementor-top-column elementor-element elementor-element-260b124e elementor-invisible\" data-id=\"260b124e\" data-element_type=\"column\" data-settings=\"{&quot;animation&quot;:&quot;fadeIn&quot;,&quot;motion_fx_motion_fx_scrolling&quot;:&quot;yes&quot;,&quot;motion_fx_range&quot;:&quot;viewport&quot;,&quot;animation_delay&quot;:6,&quot;motion_fx_devices&quot;:[&quot;desktop&quot;,&quot;tablet&quot;,&quot;mobile&quot;]}\">\n\t\t\t<div class=\"elementor-widget-wrap elementor-element-populated\">\n\t\t\t\t\t\t<div class=\"elementor-element elementor-element-2486c70a elementor-widget elementor-widget-heading\" data-id=\"2486c70a\" data-element_type=\"widget\" data-widget_type=\"heading.default\">\n\t\t\t\t<div class=\"elementor-widget-container\">\n\t\t\t<h1 class=\"elementor-heading-title elementor-size-default\">Snygg, fr\u00e4sch och h\u00e5llbar design<\/h1>\t\t<\/div>\n\t\t\t\t<\/div>\n\t\t\t\t\t<\/div>\n\t\t<\/div>\n\t\t\t\t\t<\/div>\n\t\t<\/section>\n\t\t\t\t<section class=\"elementor-section elementor-top-section elementor-element elementor-element-1e70204 elementor-section-stretched elementor-reverse-mobile elementor-section-boxed elementor-section-height-default elementor-section-height-default\" data-id=\"1e70204\" data-element_type=\"section\" data-settings=\"{&quot;stretch_section&quot;:&quot;section-stretched&quot;}\">\n\t\t\t\t\t\t<div class=\"elementor-container elementor-column-gap-no\">\n\t\t\t\t\t<div class=\"elementor-column elementor-col-50 elementor-top-column elementor-element elementor-element-56b9ba71 elementor-invisible\" data-id=\"56b9ba71\" data-element_type=\"column\" data-settings=\"{&quot;motion_fx_motion_fx_scrolling&quot;:&quot;yes&quot;,&quot;motion_fx_range&quot;:&quot;viewport&quot;,&quot;animation&quot;:&quot;fadeIn&quot;,&quot;animation_delay&quot;:5,&quot;motion_fx_devices&quot;:[&quot;desktop&quot;,&quot;tablet&quot;,&quot;mobile&quot;]}\">\n\t\t\t<div class=\"elementor-widget-wrap elementor-element-populated\">\n\t\t\t\t\t\t<div class=\"elementor-element elementor-element-1f589914 elementor-widget elementor-widget-text-editor\" data-id=\"1f589914\" data-element_type=\"widget\" data-widget_type=\"text-editor.default\">\n\t\t\t\t<div class=\"elementor-widget-container\">\n\t\t\t\t\t\t\t<p>F\u00f6r oss p\u00e5 Arkiteka \u00e4r det viktigt att designa h\u00e5llbart. Det g\u00f6r vi genom att \u00e5 ena sidan ta h\u00e4nsyn till olika materials livsl\u00e4ngd, underh\u00e5llskrav och \u00e5terbruksm\u00f6jligheter samt h\u00e5lla en h\u00f6g designkvalit\u00e9. N\u00e4r designen \u00e4r omtyckt av de som ska ta hand om den och av brukarna h\u00e5ller den betydligt l\u00e4ngre.<br \/><br \/>N\u00e4r det kommer till att v\u00e4lja material t\u00e4nker vi p\u00e5 dess milj\u00f6p\u00e5verkan och livstid. St\u00e5l och betong har, till exempel, en h\u00f6gre milj\u00f6p\u00e5verkan men h\u00e5ller i l\u00e4ngden. Tr\u00e4 h\u00e4r l\u00e5g milj\u00f6p\u00e5verkan, men beh\u00f6ver mer underh\u00e5ll f\u00f6r att h\u00e5lla i l\u00e4ngden. <br \/><br \/>Ett annat alternativ \u00e4r att \u00e5teranv\u00e4nda element som till exempel lastpallar. Det gjorde ilya kruglyak p\u00e5 en workshop i Can Batllo, d\u00e4r han designade en lastpallsb\u00e4nk med r\u00f6rlig sittdel.<\/p>\t\t\t\t\t\t<\/div>\n\t\t\t\t<\/div>\n\t\t\t\t\t<\/div>\n\t\t<\/div>\n\t\t\t\t<div class=\"elementor-column elementor-col-50 elementor-top-column elementor-element elementor-element-27ae42c4 elementor-invisible\" data-id=\"27ae42c4\" data-element_type=\"column\" data-settings=\"{&quot;animation&quot;:&quot;fadeIn&quot;,&quot;motion_fx_motion_fx_scrolling&quot;:&quot;yes&quot;,&quot;motion_fx_range&quot;:&quot;viewport&quot;,&quot;animation_delay&quot;:5,&quot;motion_fx_devices&quot;:[&quot;desktop&quot;,&quot;tablet&quot;,&quot;mobile&quot;]}\">\n\t\t\t<div class=\"elementor-widget-wrap elementor-element-populated\">\n\t\t\t\t\t\t<div class=\"elementor-element elementor-element-20d294dc elementor-widget elementor-widget-image\" data-id=\"20d294dc\" data-element_type=\"widget\" data-settings=\"{&quot;_animation&quot;:&quot;none&quot;}\" data-widget_type=\"image.default\">\n\t\t\t\t<div class=\"elementor-widget-container\">\n\t\t\t\t\t\t\t\t\t\t\t\t\t<img loading=\"lazy\" decoding=\"async\" width=\"576\" height=\"1024\" src=\"https:\/\/arkiteka.se\/wp-content\/uploads\/2023\/03\/urbana-mobler-can-battlo-576x1024.webp\" class=\"attachment-large size-large wp-image-1243\" alt=\"\" srcset=\"https:\/\/arkiteka.se\/wp-content\/uploads\/2023\/03\/urbana-mobler-can-battlo-576x1024.webp 576w, https:\/\/arkiteka.se\/wp-content\/uploads\/2023\/03\/urbana-mobler-can-battlo-169x300.webp 169w, https:\/\/arkiteka.se\/wp-content\/uploads\/2023\/03\/urbana-mobler-can-battlo-768x1365.webp 768w, https:\/\/arkiteka.se\/wp-content\/uploads\/2023\/03\/urbana-mobler-can-battlo-864x1536.webp 864w, https:\/\/arkiteka.se\/wp-content\/uploads\/2023\/03\/urbana-mobler-can-battlo.webp 1080w\" sizes=\"(max-width: 576px) 100vw, 576px\" \/>\t\t\t\t\t\t\t\t\t\t\t\t\t<\/div>\n\t\t\t\t<\/div>\n\t\t\t\t<div class=\"elementor-element elementor-element-626e67ad elementor-widget elementor-widget-text-editor\" data-id=\"626e67ad\" data-element_type=\"widget\" data-widget_type=\"text-editor.default\">\n\t\t\t\t<div class=\"elementor-widget-container\">\n\t\t\t\t\t\t\t<p>Workshop Can Batllo<\/p>\t\t\t\t\t\t<\/div>\n\t\t\t\t<\/div>\n\t\t\t\t\t<\/div>\n\t\t<\/div>\n\t\t\t\t\t<\/div>\n\t\t<\/section>\n\t\t\t\t<section class=\"elementor-section elementor-top-section elementor-element elementor-element-6222d705 elementor-section-boxed elementor-section-height-default elementor-section-height-default\" data-id=\"6222d705\" data-element_type=\"section\">\n\t\t\t\t\t\t<div class=\"elementor-container elementor-column-gap-no\">\n\t\t\t\t\t<div class=\"elementor-column elementor-col-100 elementor-top-column elementor-element elementor-element-1599bb12 elementor-invisible\" data-id=\"1599bb12\" data-element_type=\"column\" data-settings=\"{&quot;animation&quot;:&quot;fadeIn&quot;,&quot;motion_fx_motion_fx_scrolling&quot;:&quot;yes&quot;,&quot;motion_fx_range&quot;:&quot;viewport&quot;,&quot;animation_delay&quot;:6,&quot;motion_fx_devices&quot;:[&quot;desktop&quot;,&quot;tablet&quot;,&quot;mobile&quot;]}\">\n\t\t\t<div class=\"elementor-widget-wrap elementor-element-populated\">\n\t\t\t\t\t\t<div class=\"elementor-element elementor-element-1dbf5cc9 elementor-widget elementor-widget-heading\" data-id=\"1dbf5cc9\" data-element_type=\"widget\" data-widget_type=\"heading.default\">\n\t\t\t\t<div class=\"elementor-widget-container\">\n\t\t\t<h1 class=\"elementor-heading-title elementor-size-default\">Design med tillg\u00e4nglighet i \u00e5tanke<\/h1>\t\t<\/div>\n\t\t\t\t<\/div>\n\t\t\t\t<div class=\"elementor-element elementor-element-4b8d562e elementor-widget elementor-widget-text-editor\" data-id=\"4b8d562e\" data-element_type=\"widget\" data-widget_type=\"text-editor.default\">\n\t\t\t\t<div class=\"elementor-widget-container\">\n\t\t\t\t\t\t\t<p>Erfarenhet av att jobba med en tillg\u00e4nglighetskonsult g\u00f6r att alla v\u00e5ra designer uppfyller tillg\u00e4nglighetskrav. H\u00e4r \u00e4r G\u00e5rda V\u00e4stra B\u00e4nk i G\u00f6teborg som ilya kruglyak ritade under sin tid p\u00e5 White arkitekter ett exempel. Designen utgick fr\u00e5n det befintliga horisontella landskapet och behovet att uppn\u00e5 tillg\u00e4nglighetskrav med utplacerade rygg- och armst\u00f6d. <\/p>\t\t\t\t\t\t<\/div>\n\t\t\t\t<\/div>\n\t\t\t\t\t<\/div>\n\t\t<\/div>\n\t\t\t\t\t<\/div>\n\t\t<\/section>\n\t\t\t\t<section class=\"elementor-section elementor-top-section elementor-element elementor-element-d5db800 elementor-section-stretched elementor-section-boxed elementor-section-height-default elementor-section-height-default\" data-id=\"d5db800\" data-element_type=\"section\" data-settings=\"{&quot;stretch_section&quot;:&quot;section-stretched&quot;}\">\n\t\t\t\t\t\t<div class=\"elementor-container elementor-column-gap-no\">\n\t\t\t\t\t<div class=\"elementor-column elementor-col-100 elementor-top-column elementor-element elementor-element-9b901f2 elementor-invisible\" data-id=\"9b901f2\" data-element_type=\"column\" data-settings=\"{&quot;animation&quot;:&quot;fadeIn&quot;,&quot;motion_fx_motion_fx_scrolling&quot;:&quot;yes&quot;,&quot;motion_fx_range&quot;:&quot;viewport&quot;,&quot;animation_delay&quot;:6,&quot;motion_fx_devices&quot;:[&quot;desktop&quot;,&quot;tablet&quot;,&quot;mobile&quot;]}\">\n\t\t\t<div class=\"elementor-widget-wrap elementor-element-populated\">\n\t\t\t\t\t\t<div class=\"elementor-element elementor-element-89ccaf8 elementor-widget elementor-widget-heading\" data-id=\"89ccaf8\" data-element_type=\"widget\" data-widget_type=\"heading.default\">\n\t\t\t\t<div class=\"elementor-widget-container\">\n\t\t\t<h1 class=\"elementor-heading-title elementor-size-default\">Projekt som ilya kruglyak har deltagit i:<\/h1>\t\t<\/div>\n\t\t\t\t<\/div>\n\t\t\t\t<div class=\"elementor-element elementor-element-21a5c45 elementor-widget elementor-widget-text-editor\" data-id=\"21a5c45\" data-element_type=\"widget\" data-widget_type=\"text-editor.default\">\n\t\t\t\t<div class=\"elementor-widget-container\">\n\t\t\t\t\t\t\t<p><strong>White Arkitekter<\/strong><br \/>G\u00e5rda Vesta b\u00e4nk &#8211; G\u00f6teborg<br \/>Aktivitetstorget b\u00e4nk &#8211; Tyres\u00f6<br \/>Valand sittplatser och djurfigurer &#8211; Kungsbacka<br \/>Sitb\u00e4nkmodul och v\u00e4xtl\u00e5da &#8211; Nya Hov\u00e5s<br \/>Fr\u00f6lunda parkb\u00e4nkar &#8211; G\u00f6teborg<\/p><p><strong>West8<\/strong><br \/>Google campus sittb\u00e4nk och pergola &#8211; San Jose<br \/>Olivio f\u00f6r Selux &#8211; gatubelysning<br \/>Coolsingel gatubelysning &#8211; Rotterdam<\/p>\t\t\t\t\t\t<\/div>\n\t\t\t\t<\/div>\n\t\t\t\t\t<\/div>\n\t\t<\/div>\n\t\t\t\t\t<\/div>\n\t\t<\/section>\n\t\t\t\t<\/div>","protected":false},"excerpt":{"rendered":"<p>Projekt Offentlig arkitektur Hus och landskap Urbana landskap Leklandskap Urban m\u00f6beldesign Dekorativ asfaltm\u00e5lning AA LAB Om oss Kontakt Kontaktform info@arkiteka.se +46 72 914 8530 LinkedIn Urban m\u00f6beldesign som \u00e4r \u00f6ppen och l\u00e5ter dig sitta som du vill. G\u00e5rda Vesta b\u00e4nk &#8211; G\u00f6teborgUpphovsman: White arkitekter Olika \u00e5ldersgrupper beter sig p\u00e5 olika s\u00e4tt i den urbana milj\u00f6n. [&hellip;]<\/p>","protected":false},"author":1,"featured_media":1233,"parent":0,"menu_order":5,"comment_status":"closed","ping_status":"closed","template":"elementor_header_footer","meta":{"footnotes":""},"class_list":["post-292","page","type-page","status-publish","has-post-thumbnail","hentry"],"yoast_head":"<!-- This site is optimized with the Yoast SEO plugin v22.3 - https:\/\/yoast.com\/wordpress\/plugins\/seo\/ -->\n<title>Urban m\u00f6beldesign | arkiteka<\/title>\n<meta name=\"description\" content=\"Urban m\u00f6beldesign som \u00e4r \u00f6ppen och l\u00e5ter dig sitta, g\u00e5, leka och umg\u00e5s p\u00e5 dina villkor. Vi designar med m\u00e4nniskan och samh\u00e4llet i \u00e5tanke.\" \/>\n<meta name=\"robots\" content=\"index, follow, max-snippet:-1, max-image-preview:large, max-video-preview:-1\" \/>\n<link rel=\"canonical\" href=\"https:\/\/arkiteka.se\/en\/urban-mobeldesign\/\" \/>\n<meta property=\"og:locale\" content=\"en_GB\" \/>\n<meta property=\"og:type\" content=\"article\" \/>\n<meta property=\"og:title\" content=\"Urban m\u00f6beldesign | arkiteka\" \/>\n<meta property=\"og:description\" content=\"Urban m\u00f6beldesign som \u00e4r \u00f6ppen och l\u00e5ter dig sitta, g\u00e5, leka och umg\u00e5s p\u00e5 dina villkor. Vi designar med m\u00e4nniskan och samh\u00e4llet i \u00e5tanke.\" \/>\n<meta property=\"og:url\" content=\"https:\/\/arkiteka.se\/en\/urban-mobeldesign\/\" \/>\n<meta property=\"og:site_name\" content=\"arkiteka\" \/>\n<meta property=\"article:modified_time\" content=\"2024-03-22T10:05:24+00:00\" \/>\n<meta property=\"og:image\" content=\"http:\/\/arkiteka.se\/wp-content\/uploads\/2023\/03\/urbana-mobler-garda-vesta.webp\" \/>\n\t<meta property=\"og:image:width\" content=\"1920\" \/>\n\t<meta property=\"og:image:height\" content=\"1080\" \/>\n\t<meta property=\"og:image:type\" content=\"image\/webp\" \/>\n<meta name=\"twitter:card\" content=\"summary_large_image\" \/>\n<meta name=\"twitter:label1\" content=\"Estimated reading time\" \/>\n\t<meta name=\"twitter:data1\" content=\"5 minutes\" \/>\n<script type=\"application\/ld+json\" class=\"yoast-schema-graph\">{\"@context\":\"https:\/\/schema.org\",\"@graph\":[{\"@type\":\"WebPage\",\"@id\":\"https:\/\/arkiteka.se\/urban-mobeldesign\/\",\"url\":\"https:\/\/arkiteka.se\/urban-mobeldesign\/\",\"name\":\"Urban m\u00f6beldesign | arkiteka\",\"isPartOf\":{\"@id\":\"https:\/\/arkiteka.se\/#website\"},\"primaryImageOfPage\":{\"@id\":\"https:\/\/arkiteka.se\/urban-mobeldesign\/#primaryimage\"},\"image\":{\"@id\":\"https:\/\/arkiteka.se\/urban-mobeldesign\/#primaryimage\"},\"thumbnailUrl\":\"https:\/\/arkiteka.se\/wp-content\/uploads\/2023\/03\/urbana-mobler-garda-vesta.webp\",\"datePublished\":\"2023-02-15T21:11:29+00:00\",\"dateModified\":\"2024-03-22T10:05:24+00:00\",\"description\":\"Urban m\u00f6beldesign som \u00e4r \u00f6ppen och l\u00e5ter dig sitta, g\u00e5, leka och umg\u00e5s p\u00e5 dina villkor. Vi designar med m\u00e4nniskan och samh\u00e4llet i \u00e5tanke.\",\"breadcrumb\":{\"@id\":\"https:\/\/arkiteka.se\/urban-mobeldesign\/#breadcrumb\"},\"inLanguage\":\"en-GB\",\"potentialAction\":[{\"@type\":\"ReadAction\",\"target\":[\"https:\/\/arkiteka.se\/urban-mobeldesign\/\"]}]},{\"@type\":\"ImageObject\",\"inLanguage\":\"en-GB\",\"@id\":\"https:\/\/arkiteka.se\/urban-mobeldesign\/#primaryimage\",\"url\":\"https:\/\/arkiteka.se\/wp-content\/uploads\/2023\/03\/urbana-mobler-garda-vesta.webp\",\"contentUrl\":\"https:\/\/arkiteka.se\/wp-content\/uploads\/2023\/03\/urbana-mobler-garda-vesta.webp\",\"width\":1920,\"height\":1080},{\"@type\":\"BreadcrumbList\",\"@id\":\"https:\/\/arkiteka.se\/urban-mobeldesign\/#breadcrumb\",\"itemListElement\":[{\"@type\":\"ListItem\",\"position\":1,\"name\":\"Home\",\"item\":\"https:\/\/arkiteka.se\/\"},{\"@type\":\"ListItem\",\"position\":2,\"name\":\"Urban m\u00f6beldesign\"}]},{\"@type\":\"WebSite\",\"@id\":\"https:\/\/arkiteka.se\/#website\",\"url\":\"https:\/\/arkiteka.se\/\",\"name\":\"arkiteka\",\"description\":\"arkitekt \/ landskapsarkitekt\",\"publisher\":{\"@id\":\"https:\/\/arkiteka.se\/#organization\"},\"potentialAction\":[{\"@type\":\"SearchAction\",\"target\":{\"@type\":\"EntryPoint\",\"urlTemplate\":\"https:\/\/arkiteka.se\/?s={search_term_string}\"},\"query-input\":\"required name=search_term_string\"}],\"inLanguage\":\"en-GB\"},{\"@type\":\"Organization\",\"@id\":\"https:\/\/arkiteka.se\/#organization\",\"name\":\"Arkiteka\",\"url\":\"https:\/\/arkiteka.se\/\",\"logo\":{\"@type\":\"ImageObject\",\"inLanguage\":\"en-GB\",\"@id\":\"https:\/\/arkiteka.se\/#\/schema\/logo\/image\/\",\"url\":\"https:\/\/arkiteka.se\/wp-content\/uploads\/2023\/02\/arkiteka-logo.jpg\",\"contentUrl\":\"https:\/\/arkiteka.se\/wp-content\/uploads\/2023\/02\/arkiteka-logo.jpg\",\"width\":1200,\"height\":675,\"caption\":\"Arkiteka\"},\"image\":{\"@id\":\"https:\/\/arkiteka.se\/#\/schema\/logo\/image\/\"}}]}<\/script>\n<!-- \/ Yoast SEO plugin. -->","yoast_head_json":{"title":"Urban m\u00f6beldesign | arkiteka","description":"Urban m\u00f6beldesign som \u00e4r \u00f6ppen och l\u00e5ter dig sitta, g\u00e5, leka och umg\u00e5s p\u00e5 dina villkor. Vi designar med m\u00e4nniskan och samh\u00e4llet i \u00e5tanke.","robots":{"index":"index","follow":"follow","max-snippet":"max-snippet:-1","max-image-preview":"max-image-preview:large","max-video-preview":"max-video-preview:-1"},"canonical":"https:\/\/arkiteka.se\/en\/urban-mobeldesign\/","og_locale":"en_GB","og_type":"article","og_title":"Urban m\u00f6beldesign | arkiteka","og_description":"Urban m\u00f6beldesign som \u00e4r \u00f6ppen och l\u00e5ter dig sitta, g\u00e5, leka och umg\u00e5s p\u00e5 dina villkor. Vi designar med m\u00e4nniskan och samh\u00e4llet i \u00e5tanke.","og_url":"https:\/\/arkiteka.se\/en\/urban-mobeldesign\/","og_site_name":"arkiteka","article_modified_time":"2024-03-22T10:05:24+00:00","og_image":[{"width":1920,"height":1080,"url":"http:\/\/arkiteka.se\/wp-content\/uploads\/2023\/03\/urbana-mobler-garda-vesta.webp","type":"image\/webp"}],"twitter_card":"summary_large_image","twitter_misc":{"Estimated reading time":"5 minutes"},"schema":{"@context":"https:\/\/schema.org","@graph":[{"@type":"WebPage","@id":"https:\/\/arkiteka.se\/urban-mobeldesign\/","url":"https:\/\/arkiteka.se\/urban-mobeldesign\/","name":"Urban m\u00f6beldesign | arkiteka","isPartOf":{"@id":"https:\/\/arkiteka.se\/#website"},"primaryImageOfPage":{"@id":"https:\/\/arkiteka.se\/urban-mobeldesign\/#primaryimage"},"image":{"@id":"https:\/\/arkiteka.se\/urban-mobeldesign\/#primaryimage"},"thumbnailUrl":"https:\/\/arkiteka.se\/wp-content\/uploads\/2023\/03\/urbana-mobler-garda-vesta.webp","datePublished":"2023-02-15T21:11:29+00:00","dateModified":"2024-03-22T10:05:24+00:00","description":"Urban m\u00f6beldesign som \u00e4r \u00f6ppen och l\u00e5ter dig sitta, g\u00e5, leka och umg\u00e5s p\u00e5 dina villkor. Vi designar med m\u00e4nniskan och samh\u00e4llet i \u00e5tanke.","breadcrumb":{"@id":"https:\/\/arkiteka.se\/urban-mobeldesign\/#breadcrumb"},"inLanguage":"en-GB","potentialAction":[{"@type":"ReadAction","target":["https:\/\/arkiteka.se\/urban-mobeldesign\/"]}]},{"@type":"ImageObject","inLanguage":"en-GB","@id":"https:\/\/arkiteka.se\/urban-mobeldesign\/#primaryimage","url":"https:\/\/arkiteka.se\/wp-content\/uploads\/2023\/03\/urbana-mobler-garda-vesta.webp","contentUrl":"https:\/\/arkiteka.se\/wp-content\/uploads\/2023\/03\/urbana-mobler-garda-vesta.webp","width":1920,"height":1080},{"@type":"BreadcrumbList","@id":"https:\/\/arkiteka.se\/urban-mobeldesign\/#breadcrumb","itemListElement":[{"@type":"ListItem","position":1,"name":"Home","item":"https:\/\/arkiteka.se\/"},{"@type":"ListItem","position":2,"name":"Urban m\u00f6beldesign"}]},{"@type":"WebSite","@id":"https:\/\/arkiteka.se\/#website","url":"https:\/\/arkiteka.se\/","name":"arkiteka","description":"arkitekt \/ landskapsarkitekt","publisher":{"@id":"https:\/\/arkiteka.se\/#organization"},"potentialAction":[{"@type":"SearchAction","target":{"@type":"EntryPoint","urlTemplate":"https:\/\/arkiteka.se\/?s={search_term_string}"},"query-input":"required name=search_term_string"}],"inLanguage":"en-GB"},{"@type":"Organization","@id":"https:\/\/arkiteka.se\/#organization","name":"Arkiteka","url":"https:\/\/arkiteka.se\/","logo":{"@type":"ImageObject","inLanguage":"en-GB","@id":"https:\/\/arkiteka.se\/#\/schema\/logo\/image\/","url":"https:\/\/arkiteka.se\/wp-content\/uploads\/2023\/02\/arkiteka-logo.jpg","contentUrl":"https:\/\/arkiteka.se\/wp-content\/uploads\/2023\/02\/arkiteka-logo.jpg","width":1200,"height":675,"caption":"Arkiteka"},"image":{"@id":"https:\/\/arkiteka.se\/#\/schema\/logo\/image\/"}}]}},"_links":{"self":[{"href":"https:\/\/arkiteka.se\/en\/wp-json\/wp\/v2\/pages\/292","targetHints":{"allow":["GET"]}}],"collection":[{"href":"https:\/\/arkiteka.se\/en\/wp-json\/wp\/v2\/pages"}],"about":[{"href":"https:\/\/arkiteka.se\/en\/wp-json\/wp\/v2\/types\/page"}],"author":[{"embeddable":true,"href":"https:\/\/arkiteka.se\/en\/wp-json\/wp\/v2\/users\/1"}],"replies":[{"embeddable":true,"href":"https:\/\/arkiteka.se\/en\/wp-json\/wp\/v2\/comments?post=292"}],"version-history":[{"count":64,"href":"https:\/\/arkiteka.se\/en\/wp-json\/wp\/v2\/pages\/292\/revisions"}],"predecessor-version":[{"id":3021,"href":"https:\/\/arkiteka.se\/en\/wp-json\/wp\/v2\/pages\/292\/revisions\/3021"}],"wp:featuredmedia":[{"embeddable":true,"href":"https:\/\/arkiteka.se\/en\/wp-json\/wp\/v2\/media\/1233"}],"wp:attachment":[{"href":"https:\/\/arkiteka.se\/en\/wp-json\/wp\/v2\/media?parent=292"}],"curies":[{"name":"wp","href":"https:\/\/api.w.org\/{rel}","templated":true}]}}