{"id":2344,"date":"2023-04-12T19:52:13","date_gmt":"2023-04-12T19:52:13","guid":{"rendered":"https:\/\/arkiteka.se\/?page_id=2344"},"modified":"2024-03-21T11:47:28","modified_gmt":"2024-03-21T11:47:28","slug":"hem","status":"publish","type":"page","link":"https:\/\/arkiteka.se\/en\/","title":{"rendered":"Hemsida"},"content":{"rendered":"<div data-elementor-type=\"wp-page\" data-elementor-id=\"2344\" class=\"elementor elementor-2344\" data-elementor-post-type=\"page\">\n\t\t\t\t\t\t<section class=\"elementor-section elementor-top-section elementor-element elementor-element-6bedd523 elementor-section-full_width elementor-section-content-middle elementor-section-height-default elementor-section-height-default\" data-id=\"6bedd523\" data-element_type=\"section\" data-settings=\"{&quot;background_background&quot;:&quot;classic&quot;,&quot;sticky&quot;:&quot;top&quot;,&quot;sticky_on&quot;:[&quot;desktop&quot;,&quot;tablet&quot;,&quot;mobile&quot;],&quot;sticky_offset&quot;:0,&quot;sticky_effects_offset&quot;:0}\">\n\t\t\t\t\t\t<div class=\"elementor-container elementor-column-gap-extended\">\n\t\t\t\t\t<div class=\"elementor-column elementor-col-100 elementor-top-column elementor-element elementor-element-57d6e9ee\" data-id=\"57d6e9ee\" data-element_type=\"column\">\n\t\t\t<div class=\"elementor-widget-wrap elementor-element-populated\">\n\t\t\t\t\t\t<section class=\"elementor-section elementor-inner-section elementor-element elementor-element-9c0986 elementor-section-content-middle elementor-section-boxed elementor-section-height-default elementor-section-height-default\" data-id=\"9c0986\" data-element_type=\"section\">\n\t\t\t\t\t\t<div class=\"elementor-container elementor-column-gap-no\">\n\t\t\t\t\t<div class=\"elementor-column elementor-col-50 elementor-inner-column elementor-element elementor-element-3e1af5e7\" data-id=\"3e1af5e7\" data-element_type=\"column\">\n\t\t\t<div class=\"elementor-widget-wrap elementor-element-populated\">\n\t\t\t\t\t\t<div class=\"elementor-element elementor-element-18c08b9b elementor-widget elementor-widget-image\" data-id=\"18c08b9b\" data-element_type=\"widget\" data-widget_type=\"image.default\">\n\t\t\t\t<div class=\"elementor-widget-container\">\n\t\t\t<style>\/*! elementor - v3.21.0 - 15-04-2024 *\/\n.elementor-widget-image{text-align:center}.elementor-widget-image a{display:inline-block}.elementor-widget-image a img[src$=\".svg\"]{width:48px}.elementor-widget-image img{vertical-align:middle;display:inline-block}<\/style>\t\t\t\t\t\t\t\t\t\t\t<a href=\"https:\/\/arkiteka.se\/en\">\n\t\t\t\t\t\t\t<img fetchpriority=\"high\" decoding=\"async\" width=\"600\" height=\"100\" src=\"https:\/\/arkiteka.se\/wp-content\/uploads\/2023\/04\/arkiteka-1-e1680536456634.png\" class=\"attachment-full size-full wp-image-1831\" alt=\"\" srcset=\"https:\/\/arkiteka.se\/wp-content\/uploads\/2023\/04\/arkiteka-1-e1680536456634.png 600w, https:\/\/arkiteka.se\/wp-content\/uploads\/2023\/04\/arkiteka-1-e1680536456634-300x50.png 300w, https:\/\/arkiteka.se\/wp-content\/uploads\/2023\/04\/arkiteka-1-e1680536456634-18x3.png 18w\" sizes=\"(max-width: 600px) 100vw, 600px\" \/>\t\t\t\t\t\t\t\t<\/a>\n\t\t\t\t\t\t\t\t\t\t\t\t\t<\/div>\n\t\t\t\t<\/div>\n\t\t\t\t\t<\/div>\n\t\t<\/div>\n\t\t\t\t<div class=\"elementor-column elementor-col-50 elementor-inner-column elementor-element elementor-element-539663ed\" data-id=\"539663ed\" data-element_type=\"column\">\n\t\t\t<div class=\"elementor-widget-wrap elementor-element-populated\">\n\t\t\t\t\t\t<div class=\"elementor-element elementor-element-6418d1a5 elementor-widget-mobile__width-initial elementor-widget elementor-widget-global elementor-global-1941 elementor-widget-full-screen-menu-for-elementor\" data-id=\"6418d1a5\" data-element_type=\"widget\" data-widget_type=\"full-screen-menu-for-elementor.default\">\n\t\t\t\t<div class=\"elementor-widget-container\">\n\t\t\t\t\t<div class=\"fsmfe-wrapper\">\n\t\t\t<input type=\"checkbox\" id=\"menu-toggle-69f2de6450f77\" class=\"menu-toggle\">\n\t\t\t<label for=\"menu-toggle-69f2de6450f77\" class=\"icon-bars\">\n\t\t\t\t<span class=\"icon-bar bar-top\"><\/span>\n\t\t\t\t<span class=\"icon-bar bar-middle\"><\/span>\n\t\t\t\t<span class=\"icon-bar bar-bottom\"><\/span>\n\t\t\t<\/label>\n\t\t\t<div class=\"menu-overlay\">\n\t\t\t\t<div class=\"content-type-menu\">\n\t\t\t\t\t<ul id=\"menu-meny\" class=\"content-type-menu\"><li id=\"menu-item-1987\" class=\"menu-item menu-item-type-custom menu-item-object-custom menu-item-has-children menu-item-1987\"><a href=\"https:\/\/arkiteka.se\/en\/\">Projekt<\/a>\n<ul class=\"sub-menu\">\n\t<li id=\"menu-item-986\" class=\"menu-item menu-item-type-post_type menu-item-object-page menu-item-986\"><a href=\"https:\/\/arkiteka.se\/en\/offentlig-arkitektur\/\">Offentlig arkitektur<\/a><\/li>\n\t<li id=\"menu-item-987\" class=\"menu-item menu-item-type-post_type menu-item-object-page menu-item-987\"><a href=\"https:\/\/arkiteka.se\/en\/hus-och-landskap\/\">Hus och landskap<\/a><\/li>\n\t<li id=\"menu-item-988\" class=\"menu-item menu-item-type-post_type menu-item-object-page menu-item-988\"><a href=\"https:\/\/arkiteka.se\/en\/urban-landskapsdesign\/\">Urbana landskap<\/a><\/li>\n\t<li id=\"menu-item-990\" class=\"menu-item menu-item-type-post_type menu-item-object-page menu-item-990\"><a href=\"https:\/\/arkiteka.se\/en\/leklandskap\/\">Leklandskap<\/a><\/li>\n\t<li id=\"menu-item-991\" class=\"menu-item menu-item-type-post_type menu-item-object-page menu-item-991\"><a href=\"https:\/\/arkiteka.se\/en\/urban-mobeldesign\/\">Urban m\u00f6beldesign<\/a><\/li>\n\t<li id=\"menu-item-992\" class=\"menu-item menu-item-type-post_type menu-item-object-page menu-item-992\"><a href=\"https:\/\/arkiteka.se\/en\/asfaltmalning\/\">Dekorativ asfaltm\u00e5lning<\/a><\/li>\n\t<li id=\"menu-item-989\" class=\"menu-item menu-item-type-post_type menu-item-object-page menu-item-989\"><a href=\"https:\/\/arkiteka.se\/en\/aa-lab\/\">AA LAB<\/a><\/li>\n<\/ul>\n<\/li>\n<li id=\"menu-item-998\" class=\"menu-item menu-item-type-post_type menu-item-object-page menu-item-998\"><a href=\"https:\/\/arkiteka.se\/en\/om-oss\/\">Om oss<\/a><\/li>\n<li id=\"menu-item-997\" class=\"menu-item menu-item-type-post_type menu-item-object-page menu-item-has-children menu-item-997\"><a href=\"https:\/\/arkiteka.se\/en\/om-oss-2\/\">Kontakt<\/a>\n<ul class=\"sub-menu\">\n\t<li id=\"menu-item-1096\" class=\"menu-item menu-item-type-post_type menu-item-object-page menu-item-1096\"><a href=\"https:\/\/arkiteka.se\/en\/om-oss-2\/\">Kontaktform<\/a><\/li>\n\t<li id=\"menu-item-999\" class=\"menu-item menu-item-type-custom menu-item-object-custom menu-item-999\"><a href=\"mailto:info@arkiteka.se\">info@arkiteka.se<\/a><\/li>\n\t<li id=\"menu-item-1000\" class=\"menu-item menu-item-type-custom menu-item-object-custom menu-item-1000\"><a>+46 72 914 8530<\/a><\/li>\n\t<li id=\"menu-item-1095\" class=\"menu-item menu-item-type-custom menu-item-object-custom menu-item-1095\"><a href=\"https:\/\/www.linkedin.com\/in\/ilya-kruglyak\/\">LinkedIn<\/a><\/li>\n<\/ul>\n<\/li>\n<\/ul>\t\t\t\t<\/div>\n\t\t\t<\/div>\n\t\t<\/div>\n\t\t\t\t<\/div>\n\t\t\t\t<\/div>\n\t\t\t\t\t<\/div>\n\t\t<\/div>\n\t\t\t\t\t<\/div>\n\t\t<\/section>\n\t\t\t\t<div class=\"elementor-element elementor-element-68b29571 elementor-nav-menu__align-left elementor-hidden-tablet elementor-hidden-mobile elementor-widget__width-auto elementor-nav-menu--dropdown-tablet elementor-nav-menu__text-align-aside elementor-nav-menu--toggle elementor-nav-menu--burger elementor-widget elementor-widget-nav-menu\" data-id=\"68b29571\" data-element_type=\"widget\" data-settings=\"{&quot;layout&quot;:&quot;horizontal&quot;,&quot;submenu_icon&quot;:{&quot;value&quot;:&quot;&lt;i class=\\&quot;fas fa-caret-down\\&quot;&gt;&lt;\\\/i&gt;&quot;,&quot;library&quot;:&quot;fa-solid&quot;},&quot;toggle&quot;:&quot;burger&quot;}\" data-widget_type=\"nav-menu.default\">\n\t\t\t\t<div class=\"elementor-widget-container\">\n\t\t\t<link rel=\"stylesheet\" href=\"https:\/\/arkiteka.se\/wp-content\/plugins\/elementor-pro\/assets\/css\/widget-nav-menu.min.css\">\t\t\t<nav class=\"elementor-nav-menu--main elementor-nav-menu__container elementor-nav-menu--layout-horizontal e--pointer-none\">\n\t\t\t\t<ul id=\"menu-1-68b29571\" class=\"elementor-nav-menu\"><li class=\"menu-item menu-item-type-post_type menu-item-object-page menu-item-310\"><a href=\"https:\/\/arkiteka.se\/en\/offentlig-arkitektur\/\" class=\"elementor-item\">Offentlig arkitektur<\/a><\/li>\n<li class=\"menu-item menu-item-type-post_type menu-item-object-page menu-item-311\"><a href=\"https:\/\/arkiteka.se\/en\/hus-och-landskap\/\" class=\"elementor-item\">Hus och landskap<\/a><\/li>\n<li class=\"menu-item menu-item-type-post_type menu-item-object-page menu-item-312\"><a href=\"https:\/\/arkiteka.se\/en\/urban-landskapsdesign\/\" class=\"elementor-item\">Urbana landskap<\/a><\/li>\n<li class=\"menu-item menu-item-type-post_type menu-item-object-page menu-item-314\"><a href=\"https:\/\/arkiteka.se\/en\/leklandskap\/\" class=\"elementor-item\">Leklandskap<\/a><\/li>\n<li class=\"menu-item menu-item-type-post_type menu-item-object-page menu-item-315\"><a href=\"https:\/\/arkiteka.se\/en\/urban-mobeldesign\/\" class=\"elementor-item\">Urban m\u00f6beldesign<\/a><\/li>\n<li class=\"menu-item menu-item-type-post_type menu-item-object-page menu-item-317\"><a href=\"https:\/\/arkiteka.se\/en\/asfaltmalning\/\" class=\"elementor-item\">Dekorativ asfaltm\u00e5lning<\/a><\/li>\n<li class=\"menu-item menu-item-type-post_type menu-item-object-page menu-item-313\"><a href=\"https:\/\/arkiteka.se\/en\/aa-lab\/\" class=\"elementor-item\">AA LAB<\/a><\/li>\n<\/ul>\t\t\t<\/nav>\n\t\t\t\t\t<div class=\"elementor-menu-toggle\" role=\"button\" tabindex=\"0\" aria-label=\"Menu Toggle\" aria-expanded=\"false\">\n\t\t\t<i aria-hidden=\"true\" role=\"presentation\" class=\"elementor-menu-toggle__icon--open eicon-menu-bar\"><\/i><i aria-hidden=\"true\" role=\"presentation\" class=\"elementor-menu-toggle__icon--close eicon-close\"><\/i>\t\t\t<span class=\"elementor-screen-only\">Menu<\/span>\n\t\t<\/div>\n\t\t\t\t\t<nav class=\"elementor-nav-menu--dropdown elementor-nav-menu__container\" aria-hidden=\"true\">\n\t\t\t\t<ul id=\"menu-2-68b29571\" class=\"elementor-nav-menu\"><li class=\"menu-item menu-item-type-post_type menu-item-object-page menu-item-310\"><a href=\"https:\/\/arkiteka.se\/en\/offentlig-arkitektur\/\" class=\"elementor-item\" tabindex=\"-1\">Offentlig arkitektur<\/a><\/li>\n<li class=\"menu-item menu-item-type-post_type menu-item-object-page menu-item-311\"><a href=\"https:\/\/arkiteka.se\/en\/hus-och-landskap\/\" class=\"elementor-item\" tabindex=\"-1\">Hus och landskap<\/a><\/li>\n<li class=\"menu-item menu-item-type-post_type menu-item-object-page menu-item-312\"><a href=\"https:\/\/arkiteka.se\/en\/urban-landskapsdesign\/\" class=\"elementor-item\" tabindex=\"-1\">Urbana landskap<\/a><\/li>\n<li class=\"menu-item menu-item-type-post_type menu-item-object-page menu-item-314\"><a href=\"https:\/\/arkiteka.se\/en\/leklandskap\/\" class=\"elementor-item\" tabindex=\"-1\">Leklandskap<\/a><\/li>\n<li class=\"menu-item menu-item-type-post_type menu-item-object-page menu-item-315\"><a href=\"https:\/\/arkiteka.se\/en\/urban-mobeldesign\/\" class=\"elementor-item\" tabindex=\"-1\">Urban m\u00f6beldesign<\/a><\/li>\n<li class=\"menu-item menu-item-type-post_type menu-item-object-page menu-item-317\"><a href=\"https:\/\/arkiteka.se\/en\/asfaltmalning\/\" class=\"elementor-item\" tabindex=\"-1\">Dekorativ asfaltm\u00e5lning<\/a><\/li>\n<li class=\"menu-item menu-item-type-post_type menu-item-object-page menu-item-313\"><a href=\"https:\/\/arkiteka.se\/en\/aa-lab\/\" class=\"elementor-item\" tabindex=\"-1\">AA LAB<\/a><\/li>\n<\/ul>\t\t\t<\/nav>\n\t\t\t\t<\/div>\n\t\t\t\t<\/div>\n\t\t\t\t\t<\/div>\n\t\t<\/div>\n\t\t\t\t\t<\/div>\n\t\t<\/section>\n\t\t\t\t<section class=\"elementor-section elementor-top-section elementor-element elementor-element-1bc5c96b elementor-section-boxed elementor-section-height-default elementor-section-height-default\" data-id=\"1bc5c96b\" data-element_type=\"section\">\n\t\t\t\t\t\t<div class=\"elementor-container elementor-column-gap-default\">\n\t\t\t\t\t<div class=\"elementor-column elementor-col-100 elementor-top-column elementor-element elementor-element-65b22e6 elementor-invisible\" data-id=\"65b22e6\" data-element_type=\"column\" data-settings=\"{&quot;motion_fx_motion_fx_scrolling&quot;:&quot;yes&quot;,&quot;motion_fx_range&quot;:&quot;viewport&quot;,&quot;animation&quot;:&quot;fadeIn&quot;,&quot;animation_delay&quot;:3,&quot;motion_fx_devices&quot;:[&quot;desktop&quot;,&quot;tablet&quot;,&quot;mobile&quot;]}\">\n\t\t\t<div class=\"elementor-widget-wrap elementor-element-populated\">\n\t\t\t\t\t\t<div class=\"elementor-element elementor-element-ebc2e40 elementor-widget elementor-widget-heading\" data-id=\"ebc2e40\" data-element_type=\"widget\" data-widget_type=\"heading.default\">\n\t\t\t\t<div class=\"elementor-widget-container\">\n\t\t\t<style>\/*! elementor - v3.21.0 - 15-04-2024 *\/\n.elementor-heading-title{padding:0;margin:0;line-height:1}.elementor-widget-heading .elementor-heading-title[class*=elementor-size-]>a{color:inherit;font-size:inherit;line-height:inherit}.elementor-widget-heading .elementor-heading-title.elementor-size-small{font-size:15px}.elementor-widget-heading .elementor-heading-title.elementor-size-medium{font-size:19px}.elementor-widget-heading .elementor-heading-title.elementor-size-large{font-size:29px}.elementor-widget-heading .elementor-heading-title.elementor-size-xl{font-size:39px}.elementor-widget-heading .elementor-heading-title.elementor-size-xxl{font-size:59px}<\/style><h1 class=\"elementor-heading-title elementor-size-default\">V\u00e4lkommen till ARKITEKA - en arkitektur, landskapsarkitektur och design studio.<\/h1>\t\t<\/div>\n\t\t\t\t<\/div>\n\t\t\t\t<div class=\"elementor-element elementor-element-d6d0e3a elementor-widget elementor-widget-heading\" data-id=\"d6d0e3a\" data-element_type=\"widget\" data-widget_type=\"heading.default\">\n\t\t\t\t<div class=\"elementor-widget-container\">\n\t\t\t<h1 class=\"elementor-heading-title elementor-size-default\">V\u00e5ra projekt skapar en helhet av den byggda milj\u00f6n och landskapet d\u00e4r b\u00e5de m\u00e4nniska och natur trivs.<\/h1>\t\t<\/div>\n\t\t\t\t<\/div>\n\t\t\t\t<section class=\"elementor-section elementor-inner-section elementor-element elementor-element-ac22172 elementor-section-boxed elementor-section-height-default elementor-section-height-default\" data-id=\"ac22172\" data-element_type=\"section\">\n\t\t\t\t\t\t<div class=\"elementor-container elementor-column-gap-default\">\n\t\t\t\t\t<div class=\"elementor-column elementor-col-50 elementor-inner-column elementor-element elementor-element-aa46fbc\" data-id=\"aa46fbc\" data-element_type=\"column\">\n\t\t\t<div class=\"elementor-widget-wrap\">\n\t\t\t\t\t\t\t<\/div>\n\t\t<\/div>\n\t\t\t\t<div class=\"elementor-column elementor-col-50 elementor-inner-column elementor-element elementor-element-136b0e7\" data-id=\"136b0e7\" data-element_type=\"column\">\n\t\t\t<div class=\"elementor-widget-wrap\">\n\t\t\t\t\t\t\t<\/div>\n\t\t<\/div>\n\t\t\t\t\t<\/div>\n\t\t<\/section>\n\t\t\t\t<div class=\"elementor-element elementor-element-4f2551e elementor-grid-tablet-3 elementor-grid-3 elementor-grid-mobile-1 elementor-widget elementor-widget-portfolio\" data-id=\"4f2551e\" data-element_type=\"widget\" data-settings=\"{&quot;row_gap&quot;:{&quot;unit&quot;:&quot;px&quot;,&quot;size&quot;:15,&quot;sizes&quot;:[]},&quot;columns_tablet&quot;:&quot;3&quot;,&quot;item_ratio&quot;:{&quot;unit&quot;:&quot;px&quot;,&quot;size&quot;:&quot;&quot;,&quot;sizes&quot;:[]},&quot;columns&quot;:&quot;3&quot;,&quot;columns_mobile&quot;:&quot;1&quot;,&quot;item_gap&quot;:{&quot;unit&quot;:&quot;px&quot;,&quot;size&quot;:&quot;&quot;,&quot;sizes&quot;:[]}}\" data-widget_type=\"portfolio.default\">\n\t\t\t\t<div class=\"elementor-widget-container\">\n\t\t\t<link rel=\"stylesheet\" href=\"https:\/\/arkiteka.se\/wp-content\/plugins\/elementor-pro\/assets\/css\/widget-posts.min.css\">\t\t<div class=\"elementor-portfolio elementor-grid elementor-posts-container\">\n\t\t\t\t<article class=\"elementor-portfolio-item elementor-post  post-307 page type-page status-publish has-post-thumbnail hentry\">\n\t\t\t<a class=\"elementor-post__thumbnail__link\" href=\"https:\/\/arkiteka.se\/en\/offentlig-arkitektur\/\">\n\t\t\t\t<div class=\"elementor-portfolio-item__img elementor-post__thumbnail\">\n\t\t\t<img decoding=\"async\" width=\"768\" height=\"432\" src=\"https:\/\/arkiteka.se\/wp-content\/uploads\/2023\/03\/allmann-arkitektur-ishallstorget-768x432.webp\" class=\"attachment-medium_large size-medium_large wp-image-1316\" alt=\"\" srcset=\"https:\/\/arkiteka.se\/wp-content\/uploads\/2023\/03\/allmann-arkitektur-ishallstorget-768x432.webp 768w, https:\/\/arkiteka.se\/wp-content\/uploads\/2023\/03\/allmann-arkitektur-ishallstorget-300x169.webp 300w, https:\/\/arkiteka.se\/wp-content\/uploads\/2023\/03\/allmann-arkitektur-ishallstorget-1024x576.webp 1024w, https:\/\/arkiteka.se\/wp-content\/uploads\/2023\/03\/allmann-arkitektur-ishallstorget-1536x864.webp 1536w, https:\/\/arkiteka.se\/wp-content\/uploads\/2023\/03\/allmann-arkitektur-ishallstorget.webp 1920w\" sizes=\"(max-width: 768px) 100vw, 768px\" \/>\t\t<\/div>\n\t\t\t\t<div class=\"elementor-portfolio-item__overlay\">\n\t\t\t\t<h3 class=\"elementor-portfolio-item__title\">\n\t\tOffentlig arkitektur\t\t<\/h3>\n\t\t\t\t<\/div>\n\t\t\t\t<\/a>\n\t\t<\/article>\n\t\t\t\t<article class=\"elementor-portfolio-item elementor-post  post-301 page type-page status-publish has-post-thumbnail hentry\">\n\t\t\t<a class=\"elementor-post__thumbnail__link\" href=\"https:\/\/arkiteka.se\/en\/hus-och-landskap\/\">\n\t\t\t\t<div class=\"elementor-portfolio-item__img elementor-post__thumbnail\">\n\t\t\t<img decoding=\"async\" width=\"768\" height=\"432\" src=\"https:\/\/arkiteka.se\/wp-content\/uploads\/2023\/03\/privat-arkitektur-pyramid-768x432.webp\" class=\"attachment-medium_large size-medium_large wp-image-1215\" alt=\"\" srcset=\"https:\/\/arkiteka.se\/wp-content\/uploads\/2023\/03\/privat-arkitektur-pyramid-768x432.webp 768w, https:\/\/arkiteka.se\/wp-content\/uploads\/2023\/03\/privat-arkitektur-pyramid-300x169.webp 300w, https:\/\/arkiteka.se\/wp-content\/uploads\/2023\/03\/privat-arkitektur-pyramid-1024x576.webp 1024w, https:\/\/arkiteka.se\/wp-content\/uploads\/2023\/03\/privat-arkitektur-pyramid-1536x864.webp 1536w, https:\/\/arkiteka.se\/wp-content\/uploads\/2023\/03\/privat-arkitektur-pyramid.webp 1920w\" sizes=\"(max-width: 768px) 100vw, 768px\" \/>\t\t<\/div>\n\t\t\t\t<div class=\"elementor-portfolio-item__overlay\">\n\t\t\t\t<h3 class=\"elementor-portfolio-item__title\">\n\t\tHus och landskap\t\t<\/h3>\n\t\t\t\t<\/div>\n\t\t\t\t<\/a>\n\t\t<\/article>\n\t\t\t\t<article class=\"elementor-portfolio-item elementor-post  post-298 page type-page status-publish has-post-thumbnail hentry\">\n\t\t\t<a class=\"elementor-post__thumbnail__link\" href=\"https:\/\/arkiteka.se\/en\/urban-landskapsdesign\/\">\n\t\t\t\t<div class=\"elementor-portfolio-item__img elementor-post__thumbnail\">\n\t\t\t<img loading=\"lazy\" decoding=\"async\" width=\"768\" height=\"432\" src=\"https:\/\/arkiteka.se\/wp-content\/uploads\/2023\/03\/urban-landskapsdesign-valand-768x432.webp\" class=\"attachment-medium_large size-medium_large wp-image-1214\" alt=\"\" srcset=\"https:\/\/arkiteka.se\/wp-content\/uploads\/2023\/03\/urban-landskapsdesign-valand-768x432.webp 768w, https:\/\/arkiteka.se\/wp-content\/uploads\/2023\/03\/urban-landskapsdesign-valand-300x169.webp 300w, https:\/\/arkiteka.se\/wp-content\/uploads\/2023\/03\/urban-landskapsdesign-valand-1024x576.webp 1024w, https:\/\/arkiteka.se\/wp-content\/uploads\/2023\/03\/urban-landskapsdesign-valand-1536x864.webp 1536w, https:\/\/arkiteka.se\/wp-content\/uploads\/2023\/03\/urban-landskapsdesign-valand.webp 1920w\" sizes=\"(max-width: 768px) 100vw, 768px\" \/>\t\t<\/div>\n\t\t\t\t<div class=\"elementor-portfolio-item__overlay\">\n\t\t\t\t<h3 class=\"elementor-portfolio-item__title\">\n\t\tUrbana landskap\t\t<\/h3>\n\t\t\t\t<\/div>\n\t\t\t\t<\/a>\n\t\t<\/article>\n\t\t\t\t<article class=\"elementor-portfolio-item elementor-post  post-294 page type-page status-publish has-post-thumbnail hentry\">\n\t\t\t<a class=\"elementor-post__thumbnail__link\" href=\"https:\/\/arkiteka.se\/en\/leklandskap\/\">\n\t\t\t\t<div class=\"elementor-portfolio-item__img elementor-post__thumbnail\">\n\t\t\t<img loading=\"lazy\" decoding=\"async\" width=\"768\" height=\"432\" src=\"https:\/\/arkiteka.se\/wp-content\/uploads\/2023\/03\/leklandskap-skola-forskola-landskap-768x432.webp\" class=\"attachment-medium_large size-medium_large wp-image-1267\" alt=\"\" srcset=\"https:\/\/arkiteka.se\/wp-content\/uploads\/2023\/03\/leklandskap-skola-forskola-landskap-768x432.webp 768w, https:\/\/arkiteka.se\/wp-content\/uploads\/2023\/03\/leklandskap-skola-forskola-landskap-300x169.webp 300w, https:\/\/arkiteka.se\/wp-content\/uploads\/2023\/03\/leklandskap-skola-forskola-landskap-1024x576.webp 1024w, https:\/\/arkiteka.se\/wp-content\/uploads\/2023\/03\/leklandskap-skola-forskola-landskap-1536x864.webp 1536w, https:\/\/arkiteka.se\/wp-content\/uploads\/2023\/03\/leklandskap-skola-forskola-landskap.webp 1920w\" sizes=\"(max-width: 768px) 100vw, 768px\" \/>\t\t<\/div>\n\t\t\t\t<div class=\"elementor-portfolio-item__overlay\">\n\t\t\t\t<h3 class=\"elementor-portfolio-item__title\">\n\t\tLeklandskap\t\t<\/h3>\n\t\t\t\t<\/div>\n\t\t\t\t<\/a>\n\t\t<\/article>\n\t\t\t\t<article class=\"elementor-portfolio-item elementor-post  post-292 page type-page status-publish has-post-thumbnail hentry\">\n\t\t\t<a class=\"elementor-post__thumbnail__link\" href=\"https:\/\/arkiteka.se\/en\/urban-mobeldesign\/\">\n\t\t\t\t<div class=\"elementor-portfolio-item__img elementor-post__thumbnail\">\n\t\t\t<img loading=\"lazy\" decoding=\"async\" width=\"768\" height=\"432\" src=\"https:\/\/arkiteka.se\/wp-content\/uploads\/2023\/03\/urbana-mobler-garda-vesta-768x432.webp\" class=\"attachment-medium_large size-medium_large wp-image-1233\" alt=\"\" srcset=\"https:\/\/arkiteka.se\/wp-content\/uploads\/2023\/03\/urbana-mobler-garda-vesta-768x432.webp 768w, https:\/\/arkiteka.se\/wp-content\/uploads\/2023\/03\/urbana-mobler-garda-vesta-300x169.webp 300w, https:\/\/arkiteka.se\/wp-content\/uploads\/2023\/03\/urbana-mobler-garda-vesta-1024x576.webp 1024w, https:\/\/arkiteka.se\/wp-content\/uploads\/2023\/03\/urbana-mobler-garda-vesta-1536x864.webp 1536w, https:\/\/arkiteka.se\/wp-content\/uploads\/2023\/03\/urbana-mobler-garda-vesta.webp 1920w\" sizes=\"(max-width: 768px) 100vw, 768px\" \/>\t\t<\/div>\n\t\t\t\t<div class=\"elementor-portfolio-item__overlay\">\n\t\t\t\t<h3 class=\"elementor-portfolio-item__title\">\n\t\tUrban m\u00f6beldesign\t\t<\/h3>\n\t\t\t\t<\/div>\n\t\t\t\t<\/a>\n\t\t<\/article>\n\t\t\t\t<article class=\"elementor-portfolio-item elementor-post  post-280 page type-page status-publish has-post-thumbnail hentry\">\n\t\t\t<a class=\"elementor-post__thumbnail__link\" href=\"https:\/\/arkiteka.se\/en\/asfaltmalning\/\">\n\t\t\t\t<div class=\"elementor-portfolio-item__img elementor-post__thumbnail\">\n\t\t\t<img loading=\"lazy\" decoding=\"async\" width=\"768\" height=\"432\" src=\"https:\/\/arkiteka.se\/wp-content\/uploads\/2023\/03\/dekorativ-asfaltmalning-768x432.webp\" class=\"attachment-medium_large size-medium_large wp-image-1260\" alt=\"\" srcset=\"https:\/\/arkiteka.se\/wp-content\/uploads\/2023\/03\/dekorativ-asfaltmalning-768x432.webp 768w, https:\/\/arkiteka.se\/wp-content\/uploads\/2023\/03\/dekorativ-asfaltmalning-300x169.webp 300w, https:\/\/arkiteka.se\/wp-content\/uploads\/2023\/03\/dekorativ-asfaltmalning-1024x576.webp 1024w, https:\/\/arkiteka.se\/wp-content\/uploads\/2023\/03\/dekorativ-asfaltmalning-1536x864.webp 1536w, https:\/\/arkiteka.se\/wp-content\/uploads\/2023\/03\/dekorativ-asfaltmalning.webp 1920w\" sizes=\"(max-width: 768px) 100vw, 768px\" \/>\t\t<\/div>\n\t\t\t\t<div class=\"elementor-portfolio-item__overlay\">\n\t\t\t\t<h3 class=\"elementor-portfolio-item__title\">\n\t\tDekorativ asfaltm\u00e5lning\t\t<\/h3>\n\t\t\t\t<\/div>\n\t\t\t\t<\/a>\n\t\t<\/article>\n\t\t\t\t<article class=\"elementor-portfolio-item elementor-post  post-296 page type-page status-publish has-post-thumbnail hentry\">\n\t\t\t<a class=\"elementor-post__thumbnail__link\" href=\"https:\/\/arkiteka.se\/en\/aa-lab\/\">\n\t\t\t\t<div class=\"elementor-portfolio-item__img elementor-post__thumbnail\">\n\t\t\t<img loading=\"lazy\" decoding=\"async\" width=\"600\" height=\"338\" src=\"https:\/\/arkiteka.se\/wp-content\/uploads\/2024\/02\/AA-LAB.png\" class=\"attachment-medium_large size-medium_large wp-image-2855\" alt=\"\" srcset=\"https:\/\/arkiteka.se\/wp-content\/uploads\/2024\/02\/AA-LAB.png 600w, https:\/\/arkiteka.se\/wp-content\/uploads\/2024\/02\/AA-LAB-300x169.png 300w, https:\/\/arkiteka.se\/wp-content\/uploads\/2024\/02\/AA-LAB-18x10.png 18w\" sizes=\"(max-width: 600px) 100vw, 600px\" \/>\t\t<\/div>\n\t\t\t\t<div class=\"elementor-portfolio-item__overlay\">\n\t\t\t\t<h3 class=\"elementor-portfolio-item__title\">\n\t\tAA LAB\t\t<\/h3>\n\t\t\t\t<\/div>\n\t\t\t\t<\/a>\n\t\t<\/article>\n\t\t\t\t<article class=\"elementor-portfolio-item elementor-post  post-290 page type-page status-publish has-post-thumbnail hentry\">\n\t\t\t<a class=\"elementor-post__thumbnail__link\" href=\"https:\/\/arkiteka.se\/en\/om-oss\/\">\n\t\t\t\t<div class=\"elementor-portfolio-item__img elementor-post__thumbnail\">\n\t\t\t<img loading=\"lazy\" decoding=\"async\" width=\"600\" height=\"338\" src=\"https:\/\/arkiteka.se\/wp-content\/uploads\/2024\/02\/Om-oss.png\" class=\"attachment-medium_large size-medium_large wp-image-2857\" alt=\"\" srcset=\"https:\/\/arkiteka.se\/wp-content\/uploads\/2024\/02\/Om-oss.png 600w, https:\/\/arkiteka.se\/wp-content\/uploads\/2024\/02\/Om-oss-300x169.png 300w, https:\/\/arkiteka.se\/wp-content\/uploads\/2024\/02\/Om-oss-18x10.png 18w\" sizes=\"(max-width: 600px) 100vw, 600px\" \/>\t\t<\/div>\n\t\t\t\t<div class=\"elementor-portfolio-item__overlay\">\n\t\t\t\t<h3 class=\"elementor-portfolio-item__title\">\n\t\tOm oss\t\t<\/h3>\n\t\t\t\t<\/div>\n\t\t\t\t<\/a>\n\t\t<\/article>\n\t\t\t\t<article class=\"elementor-portfolio-item elementor-post  post-995 page type-page status-publish has-post-thumbnail hentry\">\n\t\t\t<a class=\"elementor-post__thumbnail__link\" href=\"https:\/\/arkiteka.se\/en\/om-oss-2\/\">\n\t\t\t\t<div class=\"elementor-portfolio-item__img elementor-post__thumbnail\">\n\t\t\t<img loading=\"lazy\" decoding=\"async\" width=\"600\" height=\"338\" src=\"https:\/\/arkiteka.se\/wp-content\/uploads\/2024\/02\/Kontakt.png\" class=\"attachment-medium_large size-medium_large wp-image-2856\" alt=\"\" srcset=\"https:\/\/arkiteka.se\/wp-content\/uploads\/2024\/02\/Kontakt.png 600w, https:\/\/arkiteka.se\/wp-content\/uploads\/2024\/02\/Kontakt-300x169.png 300w, https:\/\/arkiteka.se\/wp-content\/uploads\/2024\/02\/Kontakt-18x10.png 18w\" sizes=\"(max-width: 600px) 100vw, 600px\" \/>\t\t<\/div>\n\t\t\t\t<div class=\"elementor-portfolio-item__overlay\">\n\t\t\t\t<h3 class=\"elementor-portfolio-item__title\">\n\t\tKontakt\t\t<\/h3>\n\t\t\t\t<\/div>\n\t\t\t\t<\/a>\n\t\t<\/article>\n\t\t\t\t<\/div>\n\t\t\t\t<\/div>\n\t\t\t\t<\/div>\n\t\t\t\t\t<\/div>\n\t\t<\/div>\n\t\t\t\t\t<\/div>\n\t\t<\/section>\n\t\t\t\t<\/div>","protected":false},"excerpt":{"rendered":"<p>V\u00e4lkommen till ARKITEKA, en arkitektur, landskapsarkitektur och design studio baserat i Stockholm. \u200b<\/p>","protected":false},"author":1,"featured_media":284,"parent":0,"menu_order":0,"comment_status":"closed","ping_status":"closed","template":"elementor_header_footer","meta":{"footnotes":""},"class_list":["post-2344","page","type-page","status-publish","has-post-thumbnail","hentry"],"yoast_head":"<!-- This site is optimized with the Yoast SEO plugin v22.3 - https:\/\/yoast.com\/wordpress\/plugins\/seo\/ -->\n<title>Hemsida | arkiteka<\/title>\n<meta name=\"description\" content=\"ARKITEKA \u00e4r en arkitektur &amp; landskapsarkitektur studio som sammankopplar den byggda milj\u00f6n &amp; landskapet f\u00f6r m\u00e4nniskans och naturens trivsel.\" \/>\n<meta name=\"robots\" content=\"index, follow, max-snippet:-1, max-image-preview:large, max-video-preview:-1\" \/>\n<link rel=\"canonical\" href=\"https:\/\/arkiteka.se\/en\/\" \/>\n<meta property=\"og:locale\" content=\"en_GB\" \/>\n<meta property=\"og:type\" content=\"article\" \/>\n<meta property=\"og:title\" content=\"Hemsida | arkiteka\" \/>\n<meta property=\"og:description\" content=\"ARKITEKA \u00e4r en arkitektur &amp; landskapsarkitektur studio som sammankopplar den byggda milj\u00f6n &amp; landskapet f\u00f6r m\u00e4nniskans och naturens trivsel.\" \/>\n<meta property=\"og:url\" content=\"https:\/\/arkiteka.se\/en\/\" \/>\n<meta property=\"og:site_name\" content=\"arkiteka\" \/>\n<meta property=\"article:modified_time\" content=\"2024-03-21T11:47:28+00:00\" \/>\n<meta property=\"og:image\" content=\"http:\/\/arkiteka.se\/wp-content\/uploads\/2023\/03\/cropped-arkiteka-logo-e1678397308318.png\" \/>\n\t<meta property=\"og:image:width\" content=\"150\" \/>\n\t<meta property=\"og:image:height\" content=\"150\" \/>\n\t<meta property=\"og:image:type\" content=\"image\/png\" \/>\n<meta name=\"twitter:card\" content=\"summary_large_image\" \/>\n<meta name=\"twitter:label1\" content=\"Estimated reading time\" \/>\n\t<meta name=\"twitter:data1\" content=\"3 minutes\" \/>\n<script type=\"application\/ld+json\" class=\"yoast-schema-graph\">{\"@context\":\"https:\/\/schema.org\",\"@graph\":[{\"@type\":\"WebPage\",\"@id\":\"https:\/\/arkiteka.se\/\",\"url\":\"https:\/\/arkiteka.se\/\",\"name\":\"Hemsida | arkiteka\",\"isPartOf\":{\"@id\":\"https:\/\/arkiteka.se\/#website\"},\"primaryImageOfPage\":{\"@id\":\"https:\/\/arkiteka.se\/#primaryimage\"},\"image\":{\"@id\":\"https:\/\/arkiteka.se\/#primaryimage\"},\"thumbnailUrl\":\"https:\/\/arkiteka.se\/wp-content\/uploads\/2023\/03\/cropped-arkiteka-logo-e1678397308318.png\",\"datePublished\":\"2023-04-12T19:52:13+00:00\",\"dateModified\":\"2024-03-21T11:47:28+00:00\",\"description\":\"ARKITEKA \u00e4r en arkitektur & landskapsarkitektur studio som sammankopplar den byggda milj\u00f6n & landskapet f\u00f6r m\u00e4nniskans och naturens trivsel.\",\"breadcrumb\":{\"@id\":\"https:\/\/arkiteka.se\/#breadcrumb\"},\"inLanguage\":\"en-GB\",\"potentialAction\":[{\"@type\":\"ReadAction\",\"target\":[\"https:\/\/arkiteka.se\/\"]}]},{\"@type\":\"ImageObject\",\"inLanguage\":\"en-GB\",\"@id\":\"https:\/\/arkiteka.se\/#primaryimage\",\"url\":\"https:\/\/arkiteka.se\/wp-content\/uploads\/2023\/03\/cropped-arkiteka-logo-e1678397308318.png\",\"contentUrl\":\"https:\/\/arkiteka.se\/wp-content\/uploads\/2023\/03\/cropped-arkiteka-logo-e1678397308318.png\",\"width\":150,\"height\":150},{\"@type\":\"BreadcrumbList\",\"@id\":\"https:\/\/arkiteka.se\/#breadcrumb\",\"itemListElement\":[{\"@type\":\"ListItem\",\"position\":1,\"name\":\"Home\",\"item\":\"https:\/\/arkiteka.se\/\"},{\"@type\":\"ListItem\",\"position\":2,\"name\":\"Hemsida\"}]},{\"@type\":\"WebSite\",\"@id\":\"https:\/\/arkiteka.se\/#website\",\"url\":\"https:\/\/arkiteka.se\/\",\"name\":\"arkiteka\",\"description\":\"arkitekt \/ landskapsarkitekt\",\"publisher\":{\"@id\":\"https:\/\/arkiteka.se\/#organization\"},\"potentialAction\":[{\"@type\":\"SearchAction\",\"target\":{\"@type\":\"EntryPoint\",\"urlTemplate\":\"https:\/\/arkiteka.se\/?s={search_term_string}\"},\"query-input\":\"required name=search_term_string\"}],\"inLanguage\":\"en-GB\"},{\"@type\":\"Organization\",\"@id\":\"https:\/\/arkiteka.se\/#organization\",\"name\":\"Arkiteka\",\"url\":\"https:\/\/arkiteka.se\/\",\"logo\":{\"@type\":\"ImageObject\",\"inLanguage\":\"en-GB\",\"@id\":\"https:\/\/arkiteka.se\/#\/schema\/logo\/image\/\",\"url\":\"https:\/\/arkiteka.se\/wp-content\/uploads\/2023\/02\/arkiteka-logo.jpg\",\"contentUrl\":\"https:\/\/arkiteka.se\/wp-content\/uploads\/2023\/02\/arkiteka-logo.jpg\",\"width\":1200,\"height\":675,\"caption\":\"Arkiteka\"},\"image\":{\"@id\":\"https:\/\/arkiteka.se\/#\/schema\/logo\/image\/\"}}]}<\/script>\n<!-- \/ Yoast SEO plugin. -->","yoast_head_json":{"title":"Hemsida | arkiteka","description":"ARKITEKA \u00e4r en arkitektur & landskapsarkitektur studio som sammankopplar den byggda milj\u00f6n & landskapet f\u00f6r m\u00e4nniskans och naturens trivsel.","robots":{"index":"index","follow":"follow","max-snippet":"max-snippet:-1","max-image-preview":"max-image-preview:large","max-video-preview":"max-video-preview:-1"},"canonical":"https:\/\/arkiteka.se\/en\/","og_locale":"en_GB","og_type":"article","og_title":"Hemsida | arkiteka","og_description":"ARKITEKA \u00e4r en arkitektur & landskapsarkitektur studio som sammankopplar den byggda milj\u00f6n & landskapet f\u00f6r m\u00e4nniskans och naturens trivsel.","og_url":"https:\/\/arkiteka.se\/en\/","og_site_name":"arkiteka","article_modified_time":"2024-03-21T11:47:28+00:00","og_image":[{"width":150,"height":150,"url":"http:\/\/arkiteka.se\/wp-content\/uploads\/2023\/03\/cropped-arkiteka-logo-e1678397308318.png","type":"image\/png"}],"twitter_card":"summary_large_image","twitter_misc":{"Estimated reading time":"3 minutes"},"schema":{"@context":"https:\/\/schema.org","@graph":[{"@type":"WebPage","@id":"https:\/\/arkiteka.se\/","url":"https:\/\/arkiteka.se\/","name":"Hemsida | arkiteka","isPartOf":{"@id":"https:\/\/arkiteka.se\/#website"},"primaryImageOfPage":{"@id":"https:\/\/arkiteka.se\/#primaryimage"},"image":{"@id":"https:\/\/arkiteka.se\/#primaryimage"},"thumbnailUrl":"https:\/\/arkiteka.se\/wp-content\/uploads\/2023\/03\/cropped-arkiteka-logo-e1678397308318.png","datePublished":"2023-04-12T19:52:13+00:00","dateModified":"2024-03-21T11:47:28+00:00","description":"ARKITEKA \u00e4r en arkitektur & landskapsarkitektur studio som sammankopplar den byggda milj\u00f6n & landskapet f\u00f6r m\u00e4nniskans och naturens trivsel.","breadcrumb":{"@id":"https:\/\/arkiteka.se\/#breadcrumb"},"inLanguage":"en-GB","potentialAction":[{"@type":"ReadAction","target":["https:\/\/arkiteka.se\/"]}]},{"@type":"ImageObject","inLanguage":"en-GB","@id":"https:\/\/arkiteka.se\/#primaryimage","url":"https:\/\/arkiteka.se\/wp-content\/uploads\/2023\/03\/cropped-arkiteka-logo-e1678397308318.png","contentUrl":"https:\/\/arkiteka.se\/wp-content\/uploads\/2023\/03\/cropped-arkiteka-logo-e1678397308318.png","width":150,"height":150},{"@type":"BreadcrumbList","@id":"https:\/\/arkiteka.se\/#breadcrumb","itemListElement":[{"@type":"ListItem","position":1,"name":"Home","item":"https:\/\/arkiteka.se\/"},{"@type":"ListItem","position":2,"name":"Hemsida"}]},{"@type":"WebSite","@id":"https:\/\/arkiteka.se\/#website","url":"https:\/\/arkiteka.se\/","name":"arkiteka","description":"arkitekt \/ landskapsarkitekt","publisher":{"@id":"https:\/\/arkiteka.se\/#organization"},"potentialAction":[{"@type":"SearchAction","target":{"@type":"EntryPoint","urlTemplate":"https:\/\/arkiteka.se\/?s={search_term_string}"},"query-input":"required name=search_term_string"}],"inLanguage":"en-GB"},{"@type":"Organization","@id":"https:\/\/arkiteka.se\/#organization","name":"Arkiteka","url":"https:\/\/arkiteka.se\/","logo":{"@type":"ImageObject","inLanguage":"en-GB","@id":"https:\/\/arkiteka.se\/#\/schema\/logo\/image\/","url":"https:\/\/arkiteka.se\/wp-content\/uploads\/2023\/02\/arkiteka-logo.jpg","contentUrl":"https:\/\/arkiteka.se\/wp-content\/uploads\/2023\/02\/arkiteka-logo.jpg","width":1200,"height":675,"caption":"Arkiteka"},"image":{"@id":"https:\/\/arkiteka.se\/#\/schema\/logo\/image\/"}}]}},"_links":{"self":[{"href":"https:\/\/arkiteka.se\/en\/wp-json\/wp\/v2\/pages\/2344","targetHints":{"allow":["GET"]}}],"collection":[{"href":"https:\/\/arkiteka.se\/en\/wp-json\/wp\/v2\/pages"}],"about":[{"href":"https:\/\/arkiteka.se\/en\/wp-json\/wp\/v2\/types\/page"}],"author":[{"embeddable":true,"href":"https:\/\/arkiteka.se\/en\/wp-json\/wp\/v2\/users\/1"}],"replies":[{"embeddable":true,"href":"https:\/\/arkiteka.se\/en\/wp-json\/wp\/v2\/comments?post=2344"}],"version-history":[{"count":81,"href":"https:\/\/arkiteka.se\/en\/wp-json\/wp\/v2\/pages\/2344\/revisions"}],"predecessor-version":[{"id":2946,"href":"https:\/\/arkiteka.se\/en\/wp-json\/wp\/v2\/pages\/2344\/revisions\/2946"}],"wp:featuredmedia":[{"embeddable":true,"href":"https:\/\/arkiteka.se\/en\/wp-json\/wp\/v2\/media\/284"}],"wp:attachment":[{"href":"https:\/\/arkiteka.se\/en\/wp-json\/wp\/v2\/media?parent=2344"}],"curies":[{"name":"wp","href":"https:\/\/api.w.org\/{rel}","templated":true}]}}